{"id":2918,"date":"2024-03-21T11:27:46","date_gmt":"2024-03-21T11:27:46","guid":{"rendered":"https:\/\/arquivo.cineeco.pt\/?page_id=2918"},"modified":"2024-04-29T14:39:48","modified_gmt":"2024-04-29T14:39:48","slug":"2021-selecao-oficial","status":"publish","type":"page","link":"https:\/\/arquivo.cineeco.pt\/en\/2021-selecao-oficial\/","title":{"rendered":"2021-selecao-oficial"},"content":{"rendered":"<div style=\"height:35px\" aria-hidden=\"true\" class=\"wp-block-spacer\"><\/div>\n\n\n\n<p><a name=\"top\"><\/a><\/p>\n\n\n\n<div class=\"wp-block-buttons has-custom-font-size is-horizontal is-content-justification-center is-layout-flex wp-container-core-buttons-is-layout-a85bcc9b wp-block-buttons-is-layout-flex\" style=\"font-size:10px\">\n<div class=\"wp-block-button has-custom-font-size is-style-fill\" style=\"font-size:11px\"><a class=\"wp-block-button__link has-text-align-center wp-element-button\" href=\"https:\/\/arquivo.cineeco.pt\/en\/2021-selecao-oficial\/#top\" style=\"border-radius:10px\">OFFICIAL SELECTION<\/a><\/div>\n\n\n\n<div class=\"wp-block-button has-custom-font-size is-style-outline is-style-outline--1\" style=\"font-size:11px\"><a class=\"wp-block-button__link has-text-align-center wp-element-button\" href=\"https:\/\/arquivo.cineeco.pt\/en\/2021-sessoes\/#top\" style=\"border-radius:10px\">SPECIAL SESSIONS<\/a><\/div>\n\n\n\n<div class=\"wp-block-button has-custom-font-size is-style-outline is-style-outline--2\" style=\"font-size:11px\"><a class=\"wp-block-button__link has-text-align-center wp-element-button\" href=\"https:\/\/arquivo.cineeco.pt\/en\/2021-atividades\/#top\" style=\"border-radius:10px\">PARALLEL ACTIVITIES<\/a><\/div>\n\n\n\n<div class=\"wp-block-button has-custom-font-size is-style-outline is-style-outline--3\" style=\"font-size:11px\"><a class=\"wp-block-button__link has-text-align-center wp-element-button\" href=\"https:\/\/arquivo.cineeco.pt\/wp-content\/uploads\/2024\/03\/programa.pdf\" style=\"border-radius:10px\">PROGRAM<\/a><\/div>\n\n\n\n<div class=\"wp-block-button has-custom-font-size is-style-outline is-style-outline--4\" style=\"font-size:11px\"><a class=\"wp-block-button__link has-text-align-center wp-element-button\" href=\"https:\/\/arquivo.cineeco.pt\/wp-content\/uploads\/2024\/03\/catalogo.pdf\" style=\"border-radius:10px\">CATALOGUE<\/a><\/div>\n\n\n\n<div class=\"wp-block-button has-custom-font-size is-style-outline is-style-outline--5\" style=\"font-size:11px\"><a class=\"wp-block-button__link has-text-align-center wp-element-button\" href=\"https:\/\/arquivo.cineeco.pt\/en\/2021-juri\/#top\" style=\"border-radius:10px\">JURY<\/a><\/div>\n<\/div>\n\n\n\n<div style=\"height:35px\" aria-hidden=\"true\" class=\"wp-block-spacer\"><\/div>\n\n\n\n<h2 class=\"wp-block-heading has-text-color has-link-color wp-elements-7310743311fee56c6cd99f86ab181525\" style=\"color:#ab9431\"><strong><br>OFFICIAL SELECTION 27th CINE ECO<\/strong><\/h2>\n\n\n\n<p style=\"font-size:15px\"><strong>Seia, 09 _ 16 october 2021<\/strong><\/p>\n\n\n\n<p style=\"font-size:15px\"><img decoding=\"async\" style=\"height:173px; width:252px\" src=\"https:\/\/arquivo.cineeco.pt\/wp-content\/uploads\/2024\/03\/2021-official-selection.png\"><\/p>\n\n\n\n<p class=\"has-text-color has-link-color wp-elements-189394469f9d8c5b4b1acb1f142f25bd\" style=\"color:#ab9431;font-size:18px\">&gt;&gt; INTERNATIONAL FEATURE FILM COMPETITION<\/p>\n\n\n<style>#sp-ea-2924 .spcollapsing { height: 0; overflow: hidden; transition-property: height;transition-duration: 300ms;}#sp-ea-2924.sp-easy-accordion>.sp-ea-single {margin-bottom: 10px; border: 1px solid #e2e2e2; }#sp-ea-2924.sp-easy-accordion>.sp-ea-single>.ea-header a {color: #444;}#sp-ea-2924.sp-easy-accordion>.sp-ea-single>.sp-collapse>.ea-body {background: #fff; color: #444;}#sp-ea-2924.sp-easy-accordion>.sp-ea-single {background: #f2f2f2;}#sp-ea-2924.sp-easy-accordion>.sp-ea-single>.ea-header a .ea-expand-icon { float: left; color: #444;font-size: 16px;}<\/style><div id=\"sp_easy_accordion-1708093300\">\n<div id=\"sp-ea-2924\" class=\"sp-ea-one sp-easy-accordion\" data-ex-icon=\"minus\" data-col-icon=\"plus\" data-ea-active=\"ea-click\" data-ea-mode=\"vertical\" data-preloader=\"\" data-scroll-active-item=\"1\" data-offset-to-scroll=\"0\">\n\t<!-- Start accordion card div. -->\n\t<div class=\"ea-card  sp-ea-single\">\n\t\t<!-- Start accordion header. -->\n\t\t<h3 class=\"ea-header\">\n\t\t\t<!-- Add anchor tag for header. -->\n\t\t\t<a class=\"collapsed\" id=\"ea-header-29240\" data-sptoggle=\"spcollapse\" data-sptarget=\"#collapse29240\" aria-controls=\"collapse29240\" href=\"#\"  aria-expanded=\"false\" tabindex=\"0\">\n\t\t\t<i class=\"ea-expand-icon ea-icon-expand-plus\"><\/i> UNE FOIS QUE TU SAIS\t\t\t<\/a> <!-- Close anchor tag for header. -->\n\t\t<\/h3>\t<!-- Close header tag. -->\n\t\t<!-- Start collapsible content div. -->\n\t\t<div class=\"sp-collapse spcollapse spcollapse\" id=\"collapse29240\" data-parent=\"#sp-ea-2924\" role=\"region\" aria-labelledby=\"ea-header-29240\">  <!-- Content div. -->\n\t\t\t<div class=\"ea-body\">\n\t\t\t<p><strong><em>(ONCE YOU KNOW)<\/em><\/strong><br \/>\nEmmanuel Cappellin, France, Documentary, 2020, 104\u2019<\/p>\n<p>&nbsp;<\/p>\n<div class=\"eventoforum\"><a href=\"https:\/\/arquivo.cineeco.pt\/wp-content\/uploads\/2024\/03\/une-fois.jpg\" target=\"_blank\" rel=\"noopener\"><img decoding=\"async\" src=\"https:\/\/www.cineeco.pt\/2021\/imagens\/filmes\/01-longas-internacionais\/une-fois-prev.jpg\" \/><\/a><\/div>\n<div class=\"eventoforum2\">\n<p class=\"rtejustify\">\n<\/div>\n<div class=\"eventos\">\n<p>&nbsp;<\/p>\n<p class=\"rtejustify\">ONCE YOU KNOW is the intimate journey of director Emmanuel Cappellin across the abyss of a world at the edge of climate-induced collapse. His voyage into this uncharted territory is that of a whole generation turning to climate scientists, local democracy, grassroots initiatives, and mass rebellion in a courageous search for an exit.<\/p>\n<p>Trailer: https:\/\/vimeo.com\/510678372<\/p>\n<p>web: https:\/\/www.facebook.com\/OnceYouKnowTheFilm\/<\/p>\n<p>Instagram https:\/\/www.instagram.com\/_onceyouknow\/<\/p>\n<\/div>\n\t\t\t<\/div> <!-- Close content div. -->\n\t\t<\/div> <!-- Close collapse div. -->\n\t<\/div> <!-- Close card div. -->\n\t\t<!-- Start accordion card div. -->\n\t<div class=\"ea-card  sp-ea-single\">\n\t\t<!-- Start accordion header. -->\n\t\t<h3 class=\"ea-header\">\n\t\t\t<!-- Add anchor tag for header. -->\n\t\t\t<a class=\"collapsed\" id=\"ea-header-29241\" data-sptoggle=\"spcollapse\" data-sptarget=\"#collapse29241\" aria-controls=\"collapse29241\" href=\"#\"  aria-expanded=\"false\" tabindex=\"0\">\n\t\t\t<i class=\"ea-expand-icon ea-icon-expand-plus\"><\/i> OSTROV - LOST ISLAND\t\t\t<\/a> <!-- Close anchor tag for header. -->\n\t\t<\/h3>\t<!-- Close header tag. -->\n\t\t<!-- Start collapsible content div. -->\n\t\t<div class=\"sp-collapse spcollapse spcollapse\" id=\"collapse29241\" data-parent=\"#sp-ea-2924\" role=\"region\" aria-labelledby=\"ea-header-29241\">  <!-- Content div. -->\n\t\t\t<div class=\"ea-body\">\n\t\t\t<p><strong><em>(OSTROV - LOST ISLAND)<\/em><\/strong><br \/>\nSvetlana Rodina, Switzerland, Documentary, 2021, 93\u2019<\/p>\n<p>&nbsp;<\/p>\n<div class=\"eventoforum\"><a href=\"https:\/\/arquivo.cineeco.pt\/wp-content\/uploads\/2024\/03\/ostrov.jpg\" target=\"_blank\" rel=\"noopener\"><img decoding=\"async\" src=\"https:\/\/www.cineeco.pt\/2021\/imagens\/filmes\/01-longas-internacionais\/ostrov-prev.jpg\" \/><\/a><\/div>\n<div class=\"eventoforum2\">\n<p class=\"rtejustify\">\n<\/div>\n<div class=\"eventos\">\n<p>&nbsp;<\/p>\n<p class=\"rtejustify\">On the island of Ostrov, in the Caspian Sea the inhabitants, left alone by the Russian state after the collapse of the Soviet Union, survive through poaching. Ivan regularly goes out to sea risking his life and freedom. In addition to the political aspect, the film's empathetic view also paints a touching family portrait of its protagonists, who cling to a sense of hope in their family and community. The strong audiovisual approach capturing the rough natural beauty of the island underlines the cinematic potential of the film.<\/p>\n<p class=\"rtejustify\">\n<p>Trailer https:\/\/vimeo.com\/542075901<\/p>\n<\/div>\n\t\t\t<\/div> <!-- Close content div. -->\n\t\t<\/div> <!-- Close collapse div. -->\n\t<\/div> <!-- Close card div. -->\n\t\t<!-- Start accordion card div. -->\n\t<div class=\"ea-card  sp-ea-single\">\n\t\t<!-- Start accordion header. -->\n\t\t<h3 class=\"ea-header\">\n\t\t\t<!-- Add anchor tag for header. -->\n\t\t\t<a class=\"collapsed\" id=\"ea-header-29242\" data-sptoggle=\"spcollapse\" data-sptarget=\"#collapse29242\" aria-controls=\"collapse29242\" href=\"#\"  aria-expanded=\"false\" tabindex=\"0\">\n\t\t\t<i class=\"ea-expand-icon ea-icon-expand-plus\"><\/i> LEGACY\t\t\t<\/a> <!-- Close anchor tag for header. -->\n\t\t<\/h3>\t<!-- Close header tag. -->\n\t\t<!-- Start collapsible content div. -->\n\t\t<div class=\"sp-collapse spcollapse spcollapse\" id=\"collapse29242\" data-parent=\"#sp-ea-2924\" role=\"region\" aria-labelledby=\"ea-header-29242\">  <!-- Content div. -->\n\t\t\t<div class=\"ea-body\">\n\t\t\t<p><strong><em>(NOTRE H\u00c9RITAGE)<\/em><\/strong><br \/>\nYann Arthus-Bertrand, France, Documentary, 2021, 101\u2019<\/p>\n<p>&nbsp;<\/p>\n<div class=\"eventoforum\"><a href=\"https:\/\/arquivo.cineeco.pt\/wp-content\/uploads\/2024\/03\/legacy.jpg\" target=\"_blank\" rel=\"noopener\"><img decoding=\"async\" src=\"https:\/\/www.cineeco.pt\/2021\/imagens\/filmes\/01-longas-internacionais\/legacy-prev.jpg\" \/><\/a><\/div>\n<div class=\"eventoforum2\">\n<p class=\"rtejustify\">\n<\/div>\n<div class=\"eventos\">\n<p>&nbsp;<\/p>\n<p class=\"rtejustify\">Ten years after the film Home (2009), Yann Arthus-Bertrand looks back, with Legacy, on his life of fifty years of commitment. It's his most personal film. The photographer and director tells the story of nature and man. He also reveals a suffering planet and the ecological damage caused by man. He finally invites us to reconcile with nature and proposes several solutions.<\/p>\n<p class=\"rtejustify\">\n<p>Trailer: https:\/\/www.youtube.com\/watch?v=k9JlXNQILpA<\/p>\n<\/div>\n\t\t\t<\/div> <!-- Close content div. -->\n\t\t<\/div> <!-- Close collapse div. -->\n\t<\/div> <!-- Close card div. -->\n\t\t<!-- Start accordion card div. -->\n\t<div class=\"ea-card  sp-ea-single\">\n\t\t<!-- Start accordion header. -->\n\t\t<h3 class=\"ea-header\">\n\t\t\t<!-- Add anchor tag for header. -->\n\t\t\t<a class=\"collapsed\" id=\"ea-header-29243\" data-sptoggle=\"spcollapse\" data-sptarget=\"#collapse29243\" aria-controls=\"collapse29243\" href=\"#\"  aria-expanded=\"false\" tabindex=\"0\">\n\t\t\t<i class=\"ea-expand-icon ea-icon-expand-plus\"><\/i> LIVING WATER\t\t\t<\/a> <!-- Close anchor tag for header. -->\n\t\t<\/h3>\t<!-- Close header tag. -->\n\t\t<!-- Start collapsible content div. -->\n\t\t<div class=\"sp-collapse spcollapse spcollapse\" id=\"collapse29243\" data-parent=\"#sp-ea-2924\" role=\"region\" aria-labelledby=\"ea-header-29243\">  <!-- Content div. -->\n\t\t\t<div class=\"ea-body\">\n\t\t\t<p><strong><em>(LIVING WATER)<\/em><\/strong><br \/>\nPavel Boreck\u00fd, Switzerland, Czech Republic and Jordan, Documentary, 2020, 77\u2019<\/p>\n<p>&nbsp;<\/p>\n<div class=\"eventoforum\"><a href=\"https:\/\/arquivo.cineeco.pt\/wp-content\/uploads\/2024\/03\/living-water.jpg\" target=\"_blank\" rel=\"noopener\"><img decoding=\"async\" src=\"https:\/\/www.cineeco.pt\/2021\/imagens\/filmes\/01-longas-internacionais\/living-water-prev.jpg\" \/><\/a><\/div>\n<div class=\"eventoforum2\">\n<p class=\"rtejustify\">\n<\/div>\n<div class=\"eventos\">\n<p>&nbsp;<\/p>\n<p class=\"rtejustify\">MAKING THE DESERT BLOOM? The vibration of machines echoes across the desert. Ever since Jordanian nomads settled in the spectacular landscape of Wadi Rum, they grew dependent on complex water infrastructure. The source is right below their feet, yet they struggle to meet basic needs. In the meantime, deep water extraction feeds private large-scale farms, animates visionary development and secures growing urban population. Bedouins, farmers and city dwellers: they all expect to have a fair share, but digging for \u201cblue gold\u201d unleashes environmental timebomb.<\/p>\n<p>Trailer: https:\/\/vimeo.com\/528431160<br \/>\nMore Information: https:\/\/www.antipode-sales.biz\/movies\/living-water\/\n<\/p><\/div>\n\t\t\t<\/div> <!-- Close content div. -->\n\t\t<\/div> <!-- Close collapse div. -->\n\t<\/div> <!-- Close card div. -->\n\t\t<!-- Start accordion card div. -->\n\t<div class=\"ea-card  sp-ea-single\">\n\t\t<!-- Start accordion header. -->\n\t\t<h3 class=\"ea-header\">\n\t\t\t<!-- Add anchor tag for header. -->\n\t\t\t<a class=\"collapsed\" id=\"ea-header-29244\" data-sptoggle=\"spcollapse\" data-sptarget=\"#collapse29244\" aria-controls=\"collapse29244\" href=\"#\"  aria-expanded=\"false\" tabindex=\"0\">\n\t\t\t<i class=\"ea-expand-icon ea-icon-expand-plus\"><\/i> DOUCE FRANCE\t\t\t<\/a> <!-- Close anchor tag for header. -->\n\t\t<\/h3>\t<!-- Close header tag. -->\n\t\t<!-- Start collapsible content div. -->\n\t\t<div class=\"sp-collapse spcollapse spcollapse\" id=\"collapse29244\" data-parent=\"#sp-ea-2924\" role=\"region\" aria-labelledby=\"ea-header-29244\">  <!-- Content div. -->\n\t\t\t<div class=\"ea-body\">\n\t\t\t<p><strong><em>(DOUCE FRANCE)<\/em><\/strong><br \/>\nGeoffrey Couanon, France, Documentary, 2020, 96\u2019<\/p>\n<p>&nbsp;<\/p>\n<div class=\"eventoforum\"><a href=\"https:\/\/arquivo.cineeco.pt\/wp-content\/uploads\/2024\/03\/douce-france.jpg\" target=\"_blank\" rel=\"noopener\"><img decoding=\"async\" src=\"https:\/\/www.cineeco.pt\/2021\/imagens\/filmes\/01-longas-internacionais\/douce-france-prev.jpg\" \/><\/a><\/div>\n<div class=\"eventoforum2\">\n<p class=\"rtejustify\">\n<\/div>\n<div class=\"eventos\">\n<p>&nbsp;<\/p>\n<p class=\"rtejustify\">Amina, Sami and Jennyfer are high school students in the Parisian suburbs. With their class, they embark on an unexpected investigation into a gigantic leisure park project that involves the urbanisation of farmland near their home. But do you have the power to act on your territory when you are 17 years old? Funny and intrepid, these young citizens take us to meet local residents, property developers, farmers and even elected members of the National Assembly. A delightful quest that challenges preconceived ideas and revives our connection to the land!<\/p>\n<p>Trailer: https:\/\/vimeo.com\/545958573<\/p>\n<p>Website https:\/\/doucefrance-lefilm.fr\/<\/p>\n<\/div>\n\t\t\t<\/div> <!-- Close content div. -->\n\t\t<\/div> <!-- Close collapse div. -->\n\t<\/div> <!-- Close card div. -->\n\t\t<!-- Start accordion card div. -->\n\t<div class=\"ea-card  sp-ea-single\">\n\t\t<!-- Start accordion header. -->\n\t\t<h3 class=\"ea-header\">\n\t\t\t<!-- Add anchor tag for header. -->\n\t\t\t<a class=\"collapsed\" id=\"ea-header-29245\" data-sptoggle=\"spcollapse\" data-sptarget=\"#collapse29245\" aria-controls=\"collapse29245\" href=\"#\"  aria-expanded=\"false\" tabindex=\"0\">\n\t\t\t<i class=\"ea-expand-icon ea-icon-expand-plus\"><\/i> LAST DAYS AT SEA\t\t\t<\/a> <!-- Close anchor tag for header. -->\n\t\t<\/h3>\t<!-- Close header tag. -->\n\t\t<!-- Start collapsible content div. -->\n\t\t<div class=\"sp-collapse spcollapse spcollapse\" id=\"collapse29245\" data-parent=\"#sp-ea-2924\" role=\"region\" aria-labelledby=\"ea-header-29245\">  <!-- Content div. -->\n\t\t\t<div class=\"ea-body\">\n\t\t\t<p><strong><em>(LAST DAYS AT SEA)<\/em><\/strong><br \/>\nVenice Atienza, Philippines and Taiwan, Documentary, 2021, 75\u2019<\/p>\n<p>&nbsp;<\/p>\n<div class=\"eventoforum\"><a href=\"https:\/\/www.cineeco.pt\/2021\/imagens\/filmes\/01-longas-internacionais\/last-days.jpg\" target=\"_blank\" rel=\"noopener\"><img decoding=\"async\" src=\"https:\/\/www.cineeco.pt\/2021\/imagens\/filmes\/01-longas-internacionais\/last-days-prev.jpg\" \/><\/a><\/div>\n<div class=\"eventoforum2\">\n<p class=\"rtejustify\">\n<\/div>\n<div class=\"eventos\">\n<p>&nbsp;<\/p>\n<p class=\"rtejustify\">Before 12-year-old Reyboy leaves the isolated fishing village where he grew up to attend high school in the city, director Venice Atienza joins him during his last days at sea, before the precious fleeting moments of his childhood turn into memory.<\/p>\n<p>Trailer: https:\/\/vimeo.com\/512818199<\/p>\n<\/div>\n\t\t\t<\/div> <!-- Close content div. -->\n\t\t<\/div> <!-- Close collapse div. -->\n\t<\/div> <!-- Close card div. -->\n\t\t<!-- Start accordion card div. -->\n\t<div class=\"ea-card  sp-ea-single\">\n\t\t<!-- Start accordion header. -->\n\t\t<h3 class=\"ea-header\">\n\t\t\t<!-- Add anchor tag for header. -->\n\t\t\t<a class=\"collapsed\" id=\"ea-header-29246\" data-sptoggle=\"spcollapse\" data-sptarget=\"#collapse29246\" aria-controls=\"collapse29246\" href=\"#\"  aria-expanded=\"false\" tabindex=\"0\">\n\t\t\t<i class=\"ea-expand-icon ea-icon-expand-plus\"><\/i> THE LAST HILLBILLY\t\t\t<\/a> <!-- Close anchor tag for header. -->\n\t\t<\/h3>\t<!-- Close header tag. -->\n\t\t<!-- Start collapsible content div. -->\n\t\t<div class=\"sp-collapse spcollapse spcollapse\" id=\"collapse29246\" data-parent=\"#sp-ea-2924\" role=\"region\" aria-labelledby=\"ea-header-29246\">  <!-- Content div. -->\n\t\t\t<div class=\"ea-body\">\n\t\t\t<p><strong><em>(THE LAST HILLBILLY)<\/em><\/strong><br \/>\nDiane Sara Bouzgarrou and Thomas Jenko, France \nand Qatar, Documentary, 2020, 80\u2019<\/p>\n<p>&nbsp;<\/p>\n<div class=\"eventoforum\"><a href=\"https:\/\/www.cineeco.pt\/2021\/imagens\/filmes\/01-longas-internacionais\/hillbilly.jpg\" target=\"_blank\" rel=\"noopener\"><img decoding=\"async\" src=\"https:\/\/www.cineeco.pt\/2021\/imagens\/filmes\/01-longas-internacionais\/hillbilly-prev.jpg\" \/><\/a><\/div>\n<div class=\"eventoforum2\">\n<p class=\"rtejustify\">\n<\/div>\n<div class=\"eventos\">\n<p class=\"rtejustify\">Kentucky. For decades, Brian Ritchie\u2019s family has been living in the heart of the Appalachians. However, the mines have been shut down, with nothing to replace them. Caught between a mythical past and an indiscernible future, Brian is one of the last witnesses of a vanishing world that inspires his poetry.<\/p>\n<p class=\"rtejustify\">\n<p>Trailer: www.youtube.com\/watch?v=wNT3vLfDMtc<\/p>\n<\/div>\n\t\t\t<\/div> <!-- Close content div. -->\n\t\t<\/div> <!-- Close collapse div. -->\n\t<\/div> <!-- Close card div. -->\n\t\t<!-- Start accordion card div. -->\n\t<div class=\"ea-card  sp-ea-single\">\n\t\t<!-- Start accordion header. -->\n\t\t<h3 class=\"ea-header\">\n\t\t\t<!-- Add anchor tag for header. -->\n\t\t\t<a class=\"collapsed\" id=\"ea-header-29247\" data-sptoggle=\"spcollapse\" data-sptarget=\"#collapse29247\" aria-controls=\"collapse29247\" href=\"#\"  aria-expanded=\"false\" tabindex=\"0\">\n\t\t\t<i class=\"ea-expand-icon ea-icon-expand-plus\"><\/i> OPHIR\t\t\t<\/a> <!-- Close anchor tag for header. -->\n\t\t<\/h3>\t<!-- Close header tag. -->\n\t\t<!-- Start collapsible content div. -->\n\t\t<div class=\"sp-collapse spcollapse spcollapse\" id=\"collapse29247\" data-parent=\"#sp-ea-2924\" role=\"region\" aria-labelledby=\"ea-header-29247\">  <!-- Content div. -->\n\t\t\t<div class=\"ea-body\">\n\t\t\t<p><strong><em>(OPHIR)<\/em><\/strong><br \/>\nAlexandre Berman and Olivier Pollet, France and UK, Documentary, 2020, 97\u2019<\/p>\n<p>&nbsp;<\/p>\n<div class=\"eventoforum\"><a href=\"https:\/\/www.cineeco.pt\/2021\/imagens\/filmes\/01-longas-internacionais\/ophir.jpg\" target=\"_blank\" rel=\"noopener\"><img decoding=\"async\" src=\"https:\/\/www.cineeco.pt\/2021\/imagens\/filmes\/01-longas-internacionais\/ophir-prev.jpg\" \/><\/a><\/div>\n<div class=\"eventoforum2\">\n<p class=\"rtejustify\">\n<\/div>\n<div class=\"eventos\">\n<p>&nbsp;<\/p>\n<p class=\"rtejustify\">Ophir tells the story of an extraordinary indigenous revolution for life, land and culture, leading up to the potential creation of the world\u2019s newest nation in Bougainville, Papua New Guinea. A poetic yet dramatic ode to the indelible thirst for freedom, culture and sovereignty; the film sheds light on the biggest conflict of the Pacific since WWII, revealing the visible and invisible chains of colonisation and its enduring cycles of physical and psychological warfare.<\/p>\n<p class=\"rtejustify\">\n<p>Trailer: https:\/\/vimeo.com\/360571958<\/p>\n<\/div>\n\t\t\t<\/div> <!-- Close content div. -->\n\t\t<\/div> <!-- Close collapse div. -->\n\t<\/div> <!-- Close card div. -->\n\t\t<!-- Start accordion card div. -->\n\t<div class=\"ea-card  sp-ea-single\">\n\t\t<!-- Start accordion header. -->\n\t\t<h3 class=\"ea-header\">\n\t\t\t<!-- Add anchor tag for header. -->\n\t\t\t<a class=\"collapsed\" id=\"ea-header-29248\" data-sptoggle=\"spcollapse\" data-sptarget=\"#collapse29248\" aria-controls=\"collapse29248\" href=\"#\"  aria-expanded=\"false\" tabindex=\"0\">\n\t\t\t<i class=\"ea-expand-icon ea-icon-expand-plus\"><\/i> MOM, I BEFRIENDED GHOSTS\t\t\t<\/a> <!-- Close anchor tag for header. -->\n\t\t<\/h3>\t<!-- Close header tag. -->\n\t\t<!-- Start collapsible content div. -->\n\t\t<div class=\"sp-collapse spcollapse spcollapse\" id=\"collapse29248\" data-parent=\"#sp-ea-2924\" role=\"region\" aria-labelledby=\"ea-header-29248\">  <!-- Content div. -->\n\t\t\t<div class=\"ea-body\">\n\t\t\t<p><strong><em>(MOM, I BEFRIENDED GHOSTS)<\/em><\/strong><br \/>\nShasha Voronov, Russia, Documentary, 2020, 66\u2019<\/p>\n<p>&nbsp;<\/p>\n<div class=\"eventoforum\"><a href=\"https:\/\/www.cineeco.pt\/2021\/imagens\/filmes\/01-longas-internacionais\/mom.jpg\" target=\"_blank\" rel=\"noopener\"><img decoding=\"async\" src=\"https:\/\/www.cineeco.pt\/2021\/imagens\/filmes\/01-longas-internacionais\/mom-prev.jpg\" \/><\/a><\/div>\n<div class=\"eventoforum2\">\n<p class=\"rtejustify\">\n<\/div>\n<div class=\"eventos\">\n<p>&nbsp;<\/p>\n<p class=\"rtejustify\">A small town in Siberia is trapped for many months of quarantine. People die from a mysterious disease, whose origin comes from water. Survivors hide in their flats - but the running water is just as poisoned. Self-defense groups are moving along the empty streets and desperate loners are hunting for their fellows.<\/p>\n<p class=\"rtejustify\">\n<p>Trailer: https:\/\/www.youtube.com\/watch?v=JkhtWPoZ3_k<\/p>\n<\/div>\n\t\t\t<\/div> <!-- Close content div. -->\n\t\t<\/div> <!-- Close collapse div. -->\n\t<\/div> <!-- Close card div. -->\n\t\t<!-- Start accordion card div. -->\n\t<div class=\"ea-card  sp-ea-single\">\n\t\t<!-- Start accordion header. -->\n\t\t<h3 class=\"ea-header\">\n\t\t\t<!-- Add anchor tag for header. -->\n\t\t\t<a class=\"collapsed\" id=\"ea-header-29249\" data-sptoggle=\"spcollapse\" data-sptarget=\"#collapse29249\" aria-controls=\"collapse29249\" href=\"#\"  aria-expanded=\"false\" tabindex=\"0\">\n\t\t\t<i class=\"ea-expand-icon ea-icon-expand-plus\"><\/i> ARICA\t\t\t<\/a> <!-- Close anchor tag for header. -->\n\t\t<\/h3>\t<!-- Close header tag. -->\n\t\t<!-- Start collapsible content div. -->\n\t\t<div class=\"sp-collapse spcollapse spcollapse\" id=\"collapse29249\" data-parent=\"#sp-ea-2924\" role=\"region\" aria-labelledby=\"ea-header-29249\">  <!-- Content div. -->\n\t\t\t<div class=\"ea-body\">\n\t\t\t<p><strong><em>(ARICA)<\/em><\/strong><br \/>\nLars Edman and William Johansson Kal\u00e9n, Sweden, Chile, Norway, Belgium and UK, Documentary, 2020, 95\u2019<\/p>\n<p>&nbsp;<\/p>\n<div class=\"eventoforum\"><a href=\"https:\/\/www.cineeco.pt\/2021\/imagens\/filmes\/01-longas-internacionais\/arica.jpg\" target=\"_blank\" rel=\"noopener\"><img decoding=\"async\" src=\"https:\/\/www.cineeco.pt\/2021\/imagens\/filmes\/01-longas-internacionais\/arica-prev.jpg\" \/><\/a><\/div>\n<div class=\"eventoforum2\">\n<p class=\"rtejustify\">\n<\/div>\n<div class=\"eventos\">\n<p>&nbsp;<\/p>\n<p class=\"rtejustify\">Toxic Colonialism \u2013 the export of waste material from rich to poor countries \u2013 is on trial. A Swedish mining company exports 20,000 tonnes of toxic waste to the Chilean desert town of Arica. Thousands of people become sick, many die from cancer. ARICA plunges us into the groundbreaking corporate accountability trial which begins after Lars Edman \u2013 born in Chile and raised in Boliden \u2013 exposes the scandal. Alongside his co-director William Johansson, Lars follows the story for 15 years, exposing how decisions made decades ago in Europe continue to affect people in South America.<\/p>\n<p class=\"rtejustify\">\n<p>Trailer: https:\/\/vimeo.com\/472952272<\/p>\n<\/div>\n\t\t\t<\/div> <!-- Close content div. -->\n\t\t<\/div> <!-- Close collapse div. -->\n\t<\/div> <!-- Close card div. -->\n\t<\/div>\n<\/div>\n\n\n\n\n<div style=\"height:90px\" aria-hidden=\"true\" class=\"wp-block-spacer\"><\/div>\n\n\n\n<p class=\"has-text-color has-link-color wp-elements-063dc1986ade8b2da02c56a1457fac1b\" style=\"color:#ab9431;font-size:18px\">&gt;&gt; INTERNATIONAL SHORT FILM COMPETITION<\/p>\n\n\n<style>#sp-ea-2937 .spcollapsing { height: 0; overflow: hidden; transition-property: height;transition-duration: 300ms;}#sp-ea-2937.sp-easy-accordion>.sp-ea-single {margin-bottom: 10px; border: 1px solid #e2e2e2; }#sp-ea-2937.sp-easy-accordion>.sp-ea-single>.ea-header a {color: #444;}#sp-ea-2937.sp-easy-accordion>.sp-ea-single>.sp-collapse>.ea-body {background: #fff; color: #444;}#sp-ea-2937.sp-easy-accordion>.sp-ea-single {background: #f2f2f2;}#sp-ea-2937.sp-easy-accordion>.sp-ea-single>.ea-header a .ea-expand-icon { float: left; color: #444;font-size: 16px;}<\/style><div id=\"sp_easy_accordion-1708093300\">\n<div id=\"sp-ea-2937\" class=\"sp-ea-one sp-easy-accordion\" data-ex-icon=\"minus\" data-col-icon=\"plus\" data-ea-active=\"ea-click\" data-ea-mode=\"vertical\" data-preloader=\"\" data-scroll-active-item=\"1\" data-offset-to-scroll=\"0\">\n\t<!-- Start accordion card div. -->\n\t<div class=\"ea-card  sp-ea-single\">\n\t\t<!-- Start accordion header. -->\n\t\t<h3 class=\"ea-header\">\n\t\t\t<!-- Add anchor tag for header. -->\n\t\t\t<a class=\"collapsed\" id=\"ea-header-29370\" data-sptoggle=\"spcollapse\" data-sptarget=\"#collapse29370\" aria-controls=\"collapse29370\" href=\"#\"  aria-expanded=\"false\" tabindex=\"0\">\n\t\t\t<i class=\"ea-expand-icon ea-icon-expand-plus\"><\/i> PLAVA GRANICA\t\t\t<\/a> <!-- Close anchor tag for header. -->\n\t\t<\/h3>\t<!-- Close header tag. -->\n\t\t<!-- Start collapsible content div. -->\n\t\t<div class=\"sp-collapse spcollapse spcollapse\" id=\"collapse29370\" data-parent=\"#sp-ea-2937\" role=\"region\" aria-labelledby=\"ea-header-29370\">  <!-- Content div. -->\n\t\t\t<div class=\"ea-body\">\n\t\t\t<p><strong><em>(BLUE FRONTIER)<\/em><\/strong><br \/>\nIvan Milosavljevi\u0107, Serbia, Documentary, 2020, 20\u2019<\/p>\n<p>&nbsp;<\/p>\n<div class=\"eventoforum\"><a href=\"https:\/\/arquivo.cineeco.pt\/wp-content\/uploads\/2024\/03\/plava.jpg\" target=\"_blank\" rel=\"noopener\"><img decoding=\"async\" src=\"https:\/\/www.cineeco.pt\/2021\/imagens\/filmes\/02-curtas-internacionais\/plava-prev.jpg\" \/><\/a><\/div>\n<div class=\"eventoforum2\">\n<p class=\"rtejustify\">\n<\/div>\n<div class=\"eventos\">\n<p>&nbsp;<\/p>\n<p class=\"rtejustify\">The man from the border has spent his entire life searching for the biggest fish that the blue Danube hides. Every sunrise sees the old fisherman attempt to lure the river giant in an ancient fishing way by clapping on the river surface with a hand-carved piece of wood. Two rivals - one on the surface of the water and the other concealed within the depths of the mighty river are waiting to finally meet.<\/p>\n<p class=\"rtejustify\">\n<p>Trailer: https:\/\/vimeo.com\/432065064<\/p>\n<\/div>\n\t\t\t<\/div> <!-- Close content div. -->\n\t\t<\/div> <!-- Close collapse div. -->\n\t<\/div> <!-- Close card div. -->\n\t\t<!-- Start accordion card div. -->\n\t<div class=\"ea-card  sp-ea-single\">\n\t\t<!-- Start accordion header. -->\n\t\t<h3 class=\"ea-header\">\n\t\t\t<!-- Add anchor tag for header. -->\n\t\t\t<a class=\"collapsed\" id=\"ea-header-29371\" data-sptoggle=\"spcollapse\" data-sptarget=\"#collapse29371\" aria-controls=\"collapse29371\" href=\"#\"  aria-expanded=\"false\" tabindex=\"0\">\n\t\t\t<i class=\"ea-expand-icon ea-icon-expand-plus\"><\/i> NAYA - DER WALT HAT TAUSEND AUGEN\t\t\t<\/a> <!-- Close anchor tag for header. -->\n\t\t<\/h3>\t<!-- Close header tag. -->\n\t\t<!-- Start collapsible content div. -->\n\t\t<div class=\"sp-collapse spcollapse spcollapse\" id=\"collapse29371\" data-parent=\"#sp-ea-2937\" role=\"region\" aria-labelledby=\"ea-header-29371\">  <!-- Content div. -->\n\t\t\t<div class=\"ea-body\">\n\t\t\t<p><strong><em>(NAYA - DER WALT HAT TAUSEND AUGEN)<\/em><\/strong><br \/>\nSebastian Mulder, Netherlands, Documentary, 2021, 24\u2019<\/p>\n<p>&nbsp;<\/p>\n<div class=\"eventoforum\"><a href=\"https:\/\/arquivo.cineeco.pt\/wp-content\/uploads\/2024\/03\/naya.jpg\" target=\"_blank\" rel=\"noopener\"><img decoding=\"async\" src=\"https:\/\/www.cineeco.pt\/2021\/imagens\/filmes\/02-curtas-internacionais\/naya-prev.jpg\" \/><\/a><\/div>\n<div class=\"eventoforum2\">\n<p class=\"rtejustify\">\n<\/div>\n<div class=\"eventos\">\n<p>&nbsp;<\/p>\n<p class=\"rtejustify\">She-wolf Naya, monitored on her journey from her birthplace in Germany through the Netherlands to Belgium, becomes more and more famous and visible \u2013 until it endangers not just her wildness, but her existence.<\/p>\n<p class=\"rtejustify\">\n<p>Trailer: https:\/\/vimeo.com\/519034504<\/p>\n<\/div>\n\t\t\t<\/div> <!-- Close content div. -->\n\t\t<\/div> <!-- Close collapse div. -->\n\t<\/div> <!-- Close card div. -->\n\t\t<!-- Start accordion card div. -->\n\t<div class=\"ea-card  sp-ea-single\">\n\t\t<!-- Start accordion header. -->\n\t\t<h3 class=\"ea-header\">\n\t\t\t<!-- Add anchor tag for header. -->\n\t\t\t<a class=\"collapsed\" id=\"ea-header-29372\" data-sptoggle=\"spcollapse\" data-sptarget=\"#collapse29372\" aria-controls=\"collapse29372\" href=\"#\"  aria-expanded=\"false\" tabindex=\"0\">\n\t\t\t<i class=\"ea-expand-icon ea-icon-expand-plus\"><\/i> MIGRANTS\t\t\t<\/a> <!-- Close anchor tag for header. -->\n\t\t<\/h3>\t<!-- Close header tag. -->\n\t\t<!-- Start collapsible content div. -->\n\t\t<div class=\"sp-collapse spcollapse spcollapse\" id=\"collapse29372\" data-parent=\"#sp-ea-2937\" role=\"region\" aria-labelledby=\"ea-header-29372\">  <!-- Content div. -->\n\t\t\t<div class=\"ea-body\">\n\t\t\t<p><strong><em>(MIGRANTS)<\/em><\/strong><br \/>\nHugo Caby, Antoine Dupriez, Aubin Kubiak, Lucas Lermytte and Zo\u00e9 Devise, France, Animation, 2020, 8\u2019<\/p>\n<p>&nbsp;<\/p>\n<div class=\"eventoforum\"><a href=\"https:\/\/arquivo.cineeco.pt\/wp-content\/uploads\/2024\/03\/migrants.jpg\" target=\"_blank\" rel=\"noopener\"><img decoding=\"async\" src=\"https:\/\/www.cineeco.pt\/2021\/imagens\/filmes\/02-curtas-internacionais\/migrants-prev.jpg\" \/><\/a><\/div>\n<div class=\"eventoforum2\">\n<p class=\"rtejustify\">\n<\/div>\n<div class=\"eventos\">\n<p>&nbsp;<\/p>\n<p class=\"rtejustify\">Two polar bears are driven into exile due to global warming. They will encounter brown bears along their journey, with whom they will try to cohabitate.<\/p>\n<p class=\"rtejustify\">\n<p>Trailer: https:\/\/vimeo.com\/457795794<\/p>\n<\/div>\n\t\t\t<\/div> <!-- Close content div. -->\n\t\t<\/div> <!-- Close collapse div. -->\n\t<\/div> <!-- Close card div. -->\n\t\t<!-- Start accordion card div. -->\n\t<div class=\"ea-card  sp-ea-single\">\n\t\t<!-- Start accordion header. -->\n\t\t<h3 class=\"ea-header\">\n\t\t\t<!-- Add anchor tag for header. -->\n\t\t\t<a class=\"collapsed\" id=\"ea-header-29373\" data-sptoggle=\"spcollapse\" data-sptarget=\"#collapse29373\" aria-controls=\"collapse29373\" href=\"#\"  aria-expanded=\"false\" tabindex=\"0\">\n\t\t\t<i class=\"ea-expand-icon ea-icon-expand-plus\"><\/i> LI PARADISI\t\t\t<\/a> <!-- Close anchor tag for header. -->\n\t\t<\/h3>\t<!-- Close header tag. -->\n\t\t<!-- Start collapsible content div. -->\n\t\t<div class=\"sp-collapse spcollapse spcollapse\" id=\"collapse29373\" data-parent=\"#sp-ea-2937\" role=\"region\" aria-labelledby=\"ea-header-29373\">  <!-- Content div. -->\n\t\t\t<div class=\"ea-body\">\n\t\t\t<p><strong><em>(THE HEAVENS)<\/em><\/strong><br \/>\nManuel Marini, Italy, Fiction, 2020, 16\u2019<\/p>\n<p>&nbsp;<\/p>\n<div class=\"eventoforum\"><a href=\"https:\/\/arquivo.cineeco.pt\/wp-content\/uploads\/2024\/03\/li-paradis.jpg\" target=\"_blank\" rel=\"noopener\"><img decoding=\"async\" src=\"https:\/\/www.cineeco.pt\/2021\/imagens\/filmes\/02-curtas-internacionais\/li-paradis-prev.jpg\" \/><\/a><\/div>\n<div class=\"eventoforum2\">\n<p class=\"rtejustify\">\n<\/div>\n<div class=\"eventos\">\n<p>&nbsp;<\/p>\n<p class=\"rtejustify\">Lucia owns a family olive grove together with her brother Donato, but her trees have stopped producing as they once did because of a parasite that caused most of the trees to dry out. In a difficult process of acceptance, Lucia embarks on a journey between the present and the past where her identity as a human being is at stake.<\/p>\n<p class=\"rtejustify\">\n<p>Trailer: https:\/\/www.youtube.com\/watch?v=mjm-xRkDan8<\/p>\n<\/div>\n\t\t\t<\/div> <!-- Close content div. -->\n\t\t<\/div> <!-- Close collapse div. -->\n\t<\/div> <!-- Close card div. -->\n\t\t<!-- Start accordion card div. -->\n\t<div class=\"ea-card  sp-ea-single\">\n\t\t<!-- Start accordion header. -->\n\t\t<h3 class=\"ea-header\">\n\t\t\t<!-- Add anchor tag for header. -->\n\t\t\t<a class=\"collapsed\" id=\"ea-header-29374\" data-sptoggle=\"spcollapse\" data-sptarget=\"#collapse29374\" aria-controls=\"collapse29374\" href=\"#\"  aria-expanded=\"false\" tabindex=\"0\">\n\t\t\t<i class=\"ea-expand-icon ea-icon-expand-plus\"><\/i> BALLY PEAK OUTLOOK\t\t\t<\/a> <!-- Close anchor tag for header. -->\n\t\t<\/h3>\t<!-- Close header tag. -->\n\t\t<!-- Start collapsible content div. -->\n\t\t<div class=\"sp-collapse spcollapse spcollapse\" id=\"collapse29374\" data-parent=\"#sp-ea-2937\" role=\"region\" aria-labelledby=\"ea-header-29374\">  <!-- Content div. -->\n\t\t\t<div class=\"ea-body\">\n\t\t\t<p><strong><em>(BALLY PEAK OUTLOOK)<\/em><\/strong><br \/>\nSamir Jung Thapa, Italy, Documentary, 2020, 3\u2019<\/p>\n<p>&nbsp;<\/p>\n<div class=\"eventoforum\"><a href=\"https:\/\/arquivo.cineeco.pt\/wp-content\/uploads\/2024\/03\/bally-peak.jpg\" target=\"_blank\" rel=\"noopener\"><img decoding=\"async\" src=\"https:\/\/www.cineeco.pt\/2021\/imagens\/filmes\/02-curtas-internacionais\/bally-peak-prev.jpg\" \/><\/a><\/div>\n<div class=\"eventoforum2\">\n<p class=\"rtejustify\">\n<\/div>\n<div class=\"eventos\">\n<p>&nbsp;<\/p>\n<p class=\"rtejustify\">\"Last fall, in conjunction with the Bally Peak Outlook Foundation, an expedition team embarked on the first phase of the \u201c8x8000 m\u201d program to clean up the base camps of Nepal\u2019s eight 8,000-meter mountains. During these months of lockdown, the 47-day cleanup, led by environmental activist and mountaineer Dawa Steven Sherpa, removed 2.2 tons of waste from the base camps of Cho Oyu (8,188m), Everest (8,848.86m), Lhotse (8,516m) and Makalu (8,485m).<\/p>\n<\/div>\n\t\t\t<\/div> <!-- Close content div. -->\n\t\t<\/div> <!-- Close collapse div. -->\n\t<\/div> <!-- Close card div. -->\n\t\t<!-- Start accordion card div. -->\n\t<div class=\"ea-card  sp-ea-single\">\n\t\t<!-- Start accordion header. -->\n\t\t<h3 class=\"ea-header\">\n\t\t\t<!-- Add anchor tag for header. -->\n\t\t\t<a class=\"collapsed\" id=\"ea-header-29375\" data-sptoggle=\"spcollapse\" data-sptarget=\"#collapse29375\" aria-controls=\"collapse29375\" href=\"#\"  aria-expanded=\"false\" tabindex=\"0\">\n\t\t\t<i class=\"ea-expand-icon ea-icon-expand-plus\"><\/i> HOPE\t\t\t<\/a> <!-- Close anchor tag for header. -->\n\t\t<\/h3>\t<!-- Close header tag. -->\n\t\t<!-- Start collapsible content div. -->\n\t\t<div class=\"sp-collapse spcollapse spcollapse\" id=\"collapse29375\" data-parent=\"#sp-ea-2937\" role=\"region\" aria-labelledby=\"ea-header-29375\">  <!-- Content div. -->\n\t\t\t<div class=\"ea-body\">\n\t\t\t<p><strong><em>(ESPERAN\u00c7A)<\/em><\/strong><br \/>\nPaulo Ferreira, Portugal, Documentary, 2021, 3\u2019<\/p>\n<p>&nbsp;<\/p>\n<div class=\"eventoforum\"><a href=\"https:\/\/arquivo.cineeco.pt\/wp-content\/uploads\/2024\/03\/hope.jpg\" target=\"_blank\" rel=\"noopener\"><img decoding=\"async\" src=\"https:\/\/www.cineeco.pt\/2021\/imagens\/filmes\/02-curtas-internacionais\/hope-prev.jpg\" \/><\/a><\/div>\n<div class=\"eventoforum2\">\n<p class=\"rtejustify\">\n<\/div>\n<div class=\"eventos\">\n<p>&nbsp;<\/p>\n<p class=\"rtejustify\">A cloud descended upon the world. For the first time in our hectic global civilisation, we all stopped. Although it continues to be incredibly challenging for all of us, there is a certain beauty in this quietness. And, while parts of our world rage in the flames of a bygone time, those who remain have plenty to choose from. An opportunity, not to go back to the past, but to dream and act and create what will be ahead.<\/p>\n<\/div>\n\t\t\t<\/div> <!-- Close content div. -->\n\t\t<\/div> <!-- Close collapse div. -->\n\t<\/div> <!-- Close card div. -->\n\t\t<!-- Start accordion card div. -->\n\t<div class=\"ea-card  sp-ea-single\">\n\t\t<!-- Start accordion header. -->\n\t\t<h3 class=\"ea-header\">\n\t\t\t<!-- Add anchor tag for header. -->\n\t\t\t<a class=\"collapsed\" id=\"ea-header-29376\" data-sptoggle=\"spcollapse\" data-sptarget=\"#collapse29376\" aria-controls=\"collapse29376\" href=\"#\"  aria-expanded=\"false\" tabindex=\"0\">\n\t\t\t<i class=\"ea-expand-icon ea-icon-expand-plus\"><\/i> LOUSAS CONTRA O CEO\t\t\t<\/a> <!-- Close anchor tag for header. -->\n\t\t<\/h3>\t<!-- Close header tag. -->\n\t\t<!-- Start collapsible content div. -->\n\t\t<div class=\"sp-collapse spcollapse spcollapse\" id=\"collapse29376\" data-parent=\"#sp-ea-2937\" role=\"region\" aria-labelledby=\"ea-header-29376\">  <!-- Content div. -->\n\t\t\t<div class=\"ea-body\">\n\t\t\t<p><strong><em>(SLATES AGAINST THE SKY)<\/em><\/strong><br \/>\nXacobe Mel\u00e9ndrez Fassbender, Spain, Experimental, 2021, 3\u2019<\/p>\n<p>&nbsp;<\/p>\n<div class=\"eventoforum\"><a href=\"https:\/\/arquivo.cineeco.pt\/wp-content\/uploads\/2024\/03\/lousas.jpg\" target=\"_blank\" rel=\"noopener\"><img decoding=\"async\" src=\"https:\/\/www.cineeco.pt\/2021\/imagens\/filmes\/02-curtas-internacionais\/lousas-prev.jpg\" \/><\/a><\/div>\n<div class=\"eventoforum2\">\n<p class=\"rtejustify\">\n<\/div>\n<div class=\"eventos\">\n<p>&nbsp;<\/p>\n<p class=\"rtejustify\">An emotional contribution for the visible violence scarring the landscape. This short experimental film brings light to the damage caused by the open-cast mining of construction flagstones in Galicia.<\/p>\n<\/div>\n\t\t\t<\/div> <!-- Close content div. -->\n\t\t<\/div> <!-- Close collapse div. -->\n\t<\/div> <!-- Close card div. -->\n\t\t<!-- Start accordion card div. -->\n\t<div class=\"ea-card  sp-ea-single\">\n\t\t<!-- Start accordion header. -->\n\t\t<h3 class=\"ea-header\">\n\t\t\t<!-- Add anchor tag for header. -->\n\t\t\t<a class=\"collapsed\" id=\"ea-header-29377\" data-sptoggle=\"spcollapse\" data-sptarget=\"#collapse29377\" aria-controls=\"collapse29377\" href=\"#\"  aria-expanded=\"false\" tabindex=\"0\">\n\t\t\t<i class=\"ea-expand-icon ea-icon-expand-plus\"><\/i> UTRO, VECHER, MOLOKO\t\t\t<\/a> <!-- Close anchor tag for header. -->\n\t\t<\/h3>\t<!-- Close header tag. -->\n\t\t<!-- Start collapsible content div. -->\n\t\t<div class=\"sp-collapse spcollapse spcollapse\" id=\"collapse29377\" data-parent=\"#sp-ea-2937\" role=\"region\" aria-labelledby=\"ea-header-29377\">  <!-- Content div. -->\n\t\t\t<div class=\"ea-body\">\n\t\t\t<p><strong><em>(DAYBREAK, SUNSET, COW MILK)<\/em><\/strong><br \/>\nMarina Fomenko, Russia, Experimental, 2021, 22\u2019<\/p>\n<p>&nbsp;<\/p>\n<div class=\"eventoforum\"><a href=\"https:\/\/arquivo.cineeco.pt\/wp-content\/uploads\/2024\/03\/utro.jpg\" target=\"_blank\" rel=\"noopener\"><img decoding=\"async\" src=\"https:\/\/www.cineeco.pt\/2021\/imagens\/filmes\/02-curtas-internacionais\/utro-prev.jpg\" \/><\/a><\/div>\n<div class=\"eventoforum2\">\n<p class=\"rtejustify\">\n<\/div>\n<div class=\"eventos\">\n<p>&nbsp;<\/p>\n<p class=\"rtejustify\">Rebellions are foreign to this animal farm. It is home for cows who give milk. One day in the life of a cattle farm, exemplary once, and now slowly slipping into decline: morning milking, evening milking, breeding stalls, farm dairy. A handful of women perform backbreaking and low-paying work to maintain the cowshed.<\/p>\n<p class=\"rtejustify\">\n<p>Trailer https:\/\/vimeo.com\/488398028<\/p>\n<\/div>\n\t\t\t<\/div> <!-- Close content div. -->\n\t\t<\/div> <!-- Close collapse div. -->\n\t<\/div> <!-- Close card div. -->\n\t\t<!-- Start accordion card div. -->\n\t<div class=\"ea-card  sp-ea-single\">\n\t\t<!-- Start accordion header. -->\n\t\t<h3 class=\"ea-header\">\n\t\t\t<!-- Add anchor tag for header. -->\n\t\t\t<a class=\"collapsed\" id=\"ea-header-29378\" data-sptoggle=\"spcollapse\" data-sptarget=\"#collapse29378\" aria-controls=\"collapse29378\" href=\"#\"  aria-expanded=\"false\" tabindex=\"0\">\n\t\t\t<i class=\"ea-expand-icon ea-icon-expand-plus\"><\/i> ACORNS\t\t\t<\/a> <!-- Close anchor tag for header. -->\n\t\t<\/h3>\t<!-- Close header tag. -->\n\t\t<!-- Start collapsible content div. -->\n\t\t<div class=\"sp-collapse spcollapse spcollapse\" id=\"collapse29378\" data-parent=\"#sp-ea-2937\" role=\"region\" aria-labelledby=\"ea-header-29378\">  <!-- Content div. -->\n\t\t\t<div class=\"ea-body\">\n\t\t\t<p><strong><em>(ACORNS)<\/em><\/strong><br \/>\nBradley Furnish, USA, Animation, 2020, 16\u2019<\/p>\n<p>&nbsp;<\/p>\n<div class=\"eventoforum\"><a href=\"https:\/\/arquivo.cineeco.pt\/wp-content\/uploads\/2024\/03\/acorns.jpg\" target=\"_blank\" rel=\"noopener\"><img decoding=\"async\" src=\"https:\/\/www.cineeco.pt\/2021\/imagens\/filmes\/02-curtas-internacionais\/acorns-prev.jpg\" \/><\/a><\/div>\n<div class=\"eventoforum2\">\n<p class=\"rtejustify\">\n<\/div>\n<div class=\"eventos\">\n<p>&nbsp;<\/p>\n<p class=\"rtejustify\">Everyone at some point goes through a life changing transition. These acorns are doing just that. They are small acorns ejected from their home tree who must go on a journey to transform into mighty oak trees. The Acorns project is the story of three small acorns on a journey to become great oak trees, but it is also the journey of our small studio to test the limits of what we can do as filmmakers and animators. Through these stories we want to inspire curiosity throughout the world.<\/p>\n<p class=\"rtejustify\">\n<p>Trailer: https:\/\/youtu.be\/tzh8VNBE6zk<\/p>\n<\/div>\n\t\t\t<\/div> <!-- Close content div. -->\n\t\t<\/div> <!-- Close collapse div. -->\n\t<\/div> <!-- Close card div. -->\n\t\t<!-- Start accordion card div. -->\n\t<div class=\"ea-card  sp-ea-single\">\n\t\t<!-- Start accordion header. -->\n\t\t<h3 class=\"ea-header\">\n\t\t\t<!-- Add anchor tag for header. -->\n\t\t\t<a class=\"collapsed\" id=\"ea-header-29379\" data-sptoggle=\"spcollapse\" data-sptarget=\"#collapse29379\" aria-controls=\"collapse29379\" href=\"#\"  aria-expanded=\"false\" tabindex=\"0\">\n\t\t\t<i class=\"ea-expand-icon ea-icon-expand-plus\"><\/i> O SON DA BALEA\t\t\t<\/a> <!-- Close anchor tag for header. -->\n\t\t<\/h3>\t<!-- Close header tag. -->\n\t\t<!-- Start collapsible content div. -->\n\t\t<div class=\"sp-collapse spcollapse spcollapse\" id=\"collapse29379\" data-parent=\"#sp-ea-2937\" role=\"region\" aria-labelledby=\"ea-header-29379\">  <!-- Content div. -->\n\t\t\t<div class=\"ea-body\">\n\t\t\t<p><strong><em>(O SOM DA BALEIA)<\/em><\/strong><br \/>\nDaniel Su\u00e1rez Rubini, Spain, Fiction, 2021, 16\u2019<\/p>\n<p>&nbsp;<\/p>\n<div class=\"eventoforum\"><a href=\"https:\/\/arquivo.cineeco.pt\/wp-content\/uploads\/2024\/03\/o-son-da-balea.jpg\" target=\"_blank\" rel=\"noopener\"><img decoding=\"async\" src=\"https:\/\/www.cineeco.pt\/2021\/imagens\/filmes\/02-curtas-internacionais\/o-son-da-balea-prev.jpg\" \/><\/a><\/div>\n<div class=\"eventoforum2\">\n<p class=\"rtejustify\">\n<\/div>\n<div class=\"eventos\">\n<p>&nbsp;<\/p>\n<p class=\"rtejustify\">Naia returns to the island of her childhood. There she will be forced to confront a dark past surrounded by whale sounds.<\/p>\n<p class=\"rtejustify\">\n<p>Trailer: https:\/\/vimeo.com\/561770672<\/p>\n<\/div>\n\t\t\t<\/div> <!-- Close content div. -->\n\t\t<\/div> <!-- Close collapse div. -->\n\t<\/div> <!-- Close card div. -->\n\t\t<!-- Start accordion card div. -->\n\t<div class=\"ea-card  sp-ea-single\">\n\t\t<!-- Start accordion header. -->\n\t\t<h3 class=\"ea-header\">\n\t\t\t<!-- Add anchor tag for header. -->\n\t\t\t<a class=\"collapsed\" id=\"ea-header-293710\" data-sptoggle=\"spcollapse\" data-sptarget=\"#collapse293710\" aria-controls=\"collapse293710\" href=\"#\"  aria-expanded=\"false\" tabindex=\"0\">\n\t\t\t<i class=\"ea-expand-icon ea-icon-expand-plus\"><\/i> NAVRAS\t\t\t<\/a> <!-- Close anchor tag for header. -->\n\t\t<\/h3>\t<!-- Close header tag. -->\n\t\t<!-- Start collapsible content div. -->\n\t\t<div class=\"sp-collapse spcollapse spcollapse\" id=\"collapse293710\" data-parent=\"#sp-ea-2937\" role=\"region\" aria-labelledby=\"ea-header-293710\">  <!-- Content div. -->\n\t\t\t<div class=\"ea-body\">\n\t\t\t<p><strong><em>(NAVRAS)<\/em><\/strong><br \/>\nMarco Huertas, Spain, Experimental, Documentary, 2020, 16\u2019<\/p>\n<p>&nbsp;<\/p>\n<div class=\"eventoforum\"><a href=\"https:\/\/arquivo.cineeco.pt\/wp-content\/uploads\/2024\/03\/navras.jpg\" target=\"_blank\" rel=\"noopener\"><img decoding=\"async\" src=\"https:\/\/www.cineeco.pt\/2021\/imagens\/filmes\/02-curtas-internacionais\/navras-prev.jpg\" \/><\/a><\/div>\n<div class=\"eventoforum2\">\n<p class=\"rtejustify\">\n<\/div>\n<div class=\"eventos\">\n<p>&nbsp;<\/p>\n<p class=\"rtejustify\">Experimental documentary about memory and Eastern approach to life and death. Shot in five countries for three years, based on director's real experiences.<\/p>\n<p class=\"rtejustify\">\n<p>Trailer: https:\/\/vimeo.com\/433627835<\/p>\n<\/div>\n\t\t\t<\/div> <!-- Close content div. -->\n\t\t<\/div> <!-- Close collapse div. -->\n\t<\/div> <!-- Close card div. -->\n\t\t<!-- Start accordion card div. -->\n\t<div class=\"ea-card  sp-ea-single\">\n\t\t<!-- Start accordion header. -->\n\t\t<h3 class=\"ea-header\">\n\t\t\t<!-- Add anchor tag for header. -->\n\t\t\t<a class=\"collapsed\" id=\"ea-header-293711\" data-sptoggle=\"spcollapse\" data-sptarget=\"#collapse293711\" aria-controls=\"collapse293711\" href=\"#\"  aria-expanded=\"false\" tabindex=\"0\">\n\t\t\t<i class=\"ea-expand-icon ea-icon-expand-plus\"><\/i> ECHO\t\t\t<\/a> <!-- Close anchor tag for header. -->\n\t\t<\/h3>\t<!-- Close header tag. -->\n\t\t<!-- Start collapsible content div. -->\n\t\t<div class=\"sp-collapse spcollapse spcollapse\" id=\"collapse293711\" data-parent=\"#sp-ea-2937\" role=\"region\" aria-labelledby=\"ea-header-293711\">  <!-- Content div. -->\n\t\t\t<div class=\"ea-body\">\n\t\t\t<p><strong><em>(ECHO)<\/em><\/strong><br \/>\nBarzan Rostami, Iran, Animation, 2020, 7\u2019<\/p>\n<p>&nbsp;<\/p>\n<div class=\"eventoforum\"><a href=\"https:\/\/arquivo.cineeco.pt\/wp-content\/uploads\/2024\/03\/echo.jpg\" target=\"_blank\" rel=\"noopener\"><img decoding=\"async\" src=\"https:\/\/www.cineeco.pt\/2021\/imagens\/filmes\/02-curtas-internacionais\/echo-prev.jpg\" \/><\/a><\/div>\n<div class=\"eventoforum2\">\n<p class=\"rtejustify\">\n<\/div>\n<div class=\"eventos\">\n<p>&nbsp;<\/p>\n<p class=\"rtejustify\">The story of echo is about understanding and perception of wildlife and environmental abuse and its consequences on human race...<\/p>\n<p class=\"rtejustify\">\n<p>Trailer: https:\/\/filmfreeway.com\/echo876<\/p>\n<\/div>\n\t\t\t<\/div> <!-- Close content div. -->\n\t\t<\/div> <!-- Close collapse div. -->\n\t<\/div> <!-- Close card div. -->\n\t\t<!-- Start accordion card div. -->\n\t<div class=\"ea-card  sp-ea-single\">\n\t\t<!-- Start accordion header. -->\n\t\t<h3 class=\"ea-header\">\n\t\t\t<!-- Add anchor tag for header. -->\n\t\t\t<a class=\"collapsed\" id=\"ea-header-293712\" data-sptoggle=\"spcollapse\" data-sptarget=\"#collapse293712\" aria-controls=\"collapse293712\" href=\"#\"  aria-expanded=\"false\" tabindex=\"0\">\n\t\t\t<i class=\"ea-expand-icon ea-icon-expand-plus\"><\/i> FRANCIS OF FELL AND FARM\t\t\t<\/a> <!-- Close anchor tag for header. -->\n\t\t<\/h3>\t<!-- Close header tag. -->\n\t\t<!-- Start collapsible content div. -->\n\t\t<div class=\"sp-collapse spcollapse spcollapse\" id=\"collapse293712\" data-parent=\"#sp-ea-2937\" role=\"region\" aria-labelledby=\"ea-header-293712\">  <!-- Content div. -->\n\t\t\t<div class=\"ea-body\">\n\t\t\t<p><strong><em>(FRANCIS OF FELL AND FARM)<\/em><\/strong><br \/>\nMilethia Thomas, UK, Fiction, 2020, 3\u2019<\/p>\n<p>&nbsp;<\/p>\n<div class=\"eventoforum\"><a href=\"https:\/\/arquivo.cineeco.pt\/wp-content\/uploads\/2024\/03\/francis.jpg\" target=\"_blank\" rel=\"noopener\"><img decoding=\"async\" src=\"https:\/\/www.cineeco.pt\/2021\/imagens\/filmes\/02-curtas-internacionais\/francis-prev.jpg\" \/><\/a><\/div>\n<div class=\"eventoforum2\">\n<p class=\"rtejustify\">\n<\/div>\n<div class=\"eventos\">\n<p>&nbsp;<\/p>\n<p class=\"rtejustify\">Francis, a farmer, struggles with a difficult decision about his best friend.<\/p>\n<p class=\"rtejustify\">\n<p>Trailer: https:\/\/vimeo.com\/340460096<\/p>\n<\/div>\n\t\t\t<\/div> <!-- Close content div. -->\n\t\t<\/div> <!-- Close collapse div. -->\n\t<\/div> <!-- Close card div. -->\n\t\t<!-- Start accordion card div. -->\n\t<div class=\"ea-card  sp-ea-single\">\n\t\t<!-- Start accordion header. -->\n\t\t<h3 class=\"ea-header\">\n\t\t\t<!-- Add anchor tag for header. -->\n\t\t\t<a class=\"collapsed\" id=\"ea-header-293713\" data-sptoggle=\"spcollapse\" data-sptarget=\"#collapse293713\" aria-controls=\"collapse293713\" href=\"#\"  aria-expanded=\"false\" tabindex=\"0\">\n\t\t\t<i class=\"ea-expand-icon ea-icon-expand-plus\"><\/i> COLRUN\t\t\t<\/a> <!-- Close anchor tag for header. -->\n\t\t<\/h3>\t<!-- Close header tag. -->\n\t\t<!-- Start collapsible content div. -->\n\t\t<div class=\"sp-collapse spcollapse spcollapse\" id=\"collapse293713\" data-parent=\"#sp-ea-2937\" role=\"region\" aria-labelledby=\"ea-header-293713\">  <!-- Content div. -->\n\t\t\t<div class=\"ea-body\">\n\t\t\t<p><strong><em>(COLRUN)<\/em><\/strong><br \/>\nJorge Sarria De Vicente, Spain, Animation, 2020, 5\u2019<\/p>\n<p>&nbsp;<\/p>\n<div class=\"eventoforum\"><a href=\"https:\/\/arquivo.cineeco.pt\/wp-content\/uploads\/2024\/03\/colrun.jpg\" target=\"_blank\" rel=\"noopener\"><img decoding=\"async\" src=\"https:\/\/www.cineeco.pt\/2021\/imagens\/filmes\/02-curtas-internacionais\/colrun-prev.jpg\" \/><\/a><\/div>\n<div class=\"eventoforum2\">\n<p class=\"rtejustify\">\n<\/div>\n<div class=\"eventos\">\n<p>&nbsp;<\/p>\n<p class=\"rtejustify\">The lives of a child of the Republic of Congo and a president of a technology company are connected by a material that will change them completely.<\/p>\n<\/div>\n\t\t\t<\/div> <!-- Close content div. -->\n\t\t<\/div> <!-- Close collapse div. -->\n\t<\/div> <!-- Close card div. -->\n\t\t<!-- Start accordion card div. -->\n\t<div class=\"ea-card  sp-ea-single\">\n\t\t<!-- Start accordion header. -->\n\t\t<h3 class=\"ea-header\">\n\t\t\t<!-- Add anchor tag for header. -->\n\t\t\t<a class=\"collapsed\" id=\"ea-header-293714\" data-sptoggle=\"spcollapse\" data-sptarget=\"#collapse293714\" aria-controls=\"collapse293714\" href=\"#\"  aria-expanded=\"false\" tabindex=\"0\">\n\t\t\t<i class=\"ea-expand-icon ea-icon-expand-plus\"><\/i> MIRAGE\t\t\t<\/a> <!-- Close anchor tag for header. -->\n\t\t<\/h3>\t<!-- Close header tag. -->\n\t\t<!-- Start collapsible content div. -->\n\t\t<div class=\"sp-collapse spcollapse spcollapse\" id=\"collapse293714\" data-parent=\"#sp-ea-2937\" role=\"region\" aria-labelledby=\"ea-header-293714\">  <!-- Content div. -->\n\t\t\t<div class=\"ea-body\">\n\t\t\t<p><strong><em>(MIRAGE)<\/em><\/strong><br \/>\nSilvan Der Woerd, UK, Fiction, 2021, 14\u2019<\/p>\n<p>&nbsp;<\/p>\n<div class=\"eventoforum\"><a href=\"https:\/\/arquivo.cineeco.pt\/wp-content\/uploads\/2024\/03\/mirage.jpg\" target=\"_blank\" rel=\"noopener\"><img decoding=\"async\" src=\"https:\/\/www.cineeco.pt\/2021\/imagens\/filmes\/02-curtas-internacionais\/mirage-prev.jpg\" \/><\/a><\/div>\n<div class=\"eventoforum2\">\n<p class=\"rtejustify\">\n<\/div>\n<div class=\"eventos\">\n<p>&nbsp;<\/p>\n<p class=\"rtejustify\">A hunter, tormented with the approaching death of his wife, is confronted with his emotions.<\/p>\n<p class=\"rtejustify\">\n<p>Trailer: https:\/\/vimeo.com\/395436931<\/p>\n<\/div>\n\t\t\t<\/div> <!-- Close content div. -->\n\t\t<\/div> <!-- Close collapse div. -->\n\t<\/div> <!-- Close card div. -->\n\t\t<!-- Start accordion card div. -->\n\t<div class=\"ea-card  sp-ea-single\">\n\t\t<!-- Start accordion header. -->\n\t\t<h3 class=\"ea-header\">\n\t\t\t<!-- Add anchor tag for header. -->\n\t\t\t<a class=\"collapsed\" id=\"ea-header-293715\" data-sptoggle=\"spcollapse\" data-sptarget=\"#collapse293715\" aria-controls=\"collapse293715\" href=\"#\"  aria-expanded=\"false\" tabindex=\"0\">\n\t\t\t<i class=\"ea-expand-icon ea-icon-expand-plus\"><\/i> 22nd OF APRIL\t\t\t<\/a> <!-- Close anchor tag for header. -->\n\t\t<\/h3>\t<!-- Close header tag. -->\n\t\t<!-- Start collapsible content div. -->\n\t\t<div class=\"sp-collapse spcollapse spcollapse\" id=\"collapse293715\" data-parent=\"#sp-ea-2937\" role=\"region\" aria-labelledby=\"ea-header-293715\">  <!-- Content div. -->\n\t\t\t<div class=\"ea-body\">\n\t\t\t<p><strong><em>(22nd OF APRIL)<\/em><\/strong><br \/>\nCesare Maglioni, Spain, Documentary, 2020, 3\u2019<\/p>\n<p>&nbsp;<\/p>\n<div class=\"eventoforum\"><a href=\"https:\/\/arquivo.cineeco.pt\/wp-content\/uploads\/2024\/03\/22nd-april.jpg\" target=\"_blank\" rel=\"noopener\"><img decoding=\"async\" src=\"https:\/\/www.cineeco.pt\/2021\/imagens\/filmes\/02-curtas-internacionais\/22nd-april-prev.jpg\" \/><\/a><\/div>\n<div class=\"eventoforum2\">\n<p class=\"rtejustify\">\n<\/div>\n<div class=\"eventos\">\n<p>&nbsp;<\/p>\n<p class=\"rtejustify\">The coronavirus is affecting the entire planet, killing thousands, changing the way we see the world and pushing our societies to rethink its habits deeply. One habit to improve above all others to be able to win the fight against this new common enemy is\u2026 hand-washing. But what about those places where fresh water is not a given primary commodity?<\/p>\n<p class=\"rtejustify\">\n<p>Trailer: https:\/\/vimeo.com\/473766898<\/p>\n<\/div>\n\t\t\t<\/div> <!-- Close content div. -->\n\t\t<\/div> <!-- Close collapse div. -->\n\t<\/div> <!-- Close card div. -->\n\t\t<!-- Start accordion card div. -->\n\t<div class=\"ea-card  sp-ea-single\">\n\t\t<!-- Start accordion header. -->\n\t\t<h3 class=\"ea-header\">\n\t\t\t<!-- Add anchor tag for header. -->\n\t\t\t<a class=\"collapsed\" id=\"ea-header-293716\" data-sptoggle=\"spcollapse\" data-sptarget=\"#collapse293716\" aria-controls=\"collapse293716\" href=\"#\"  aria-expanded=\"false\" tabindex=\"0\">\n\t\t\t<i class=\"ea-expand-icon ea-icon-expand-plus\"><\/i> MULHER COMO \u00c1RVORE\t\t\t<\/a> <!-- Close anchor tag for header. -->\n\t\t<\/h3>\t<!-- Close header tag. -->\n\t\t<!-- Start collapsible content div. -->\n\t\t<div class=\"sp-collapse spcollapse spcollapse\" id=\"collapse293716\" data-parent=\"#sp-ea-2937\" role=\"region\" aria-labelledby=\"ea-header-293716\">  <!-- Content div. -->\n\t\t\t<div class=\"ea-body\">\n\t\t\t<p><strong><em>(MULHER COMO \u00c1RVORE)<\/em><\/strong><br \/>\nAlejandro V\u00e1zquez San Miguel, Carmen Tortosa, Daniela Caj\u00edas, Fl\u00e1vio Ferreira and Helder Faria, Galicia and Portugal, Documentaries, 2020, 17\u2019<\/p>\n<p>&nbsp;<\/p>\n<div class=\"eventoforum\"><a href=\"https:\/\/arquivo.cineeco.pt\/wp-content\/uploads\/2024\/03\/mulher-como-arvore.jpg\" target=\"_blank\" rel=\"noopener\"><img decoding=\"async\" src=\"https:\/\/www.cineeco.pt\/2021\/imagens\/filmes\/02-curtas-internacionais\/mulher-como-arvore-prev.jpg\" \/><\/a><\/div>\n<div class=\"eventoforum2\">\n<p class=\"rtejustify\">\n<\/div>\n<div class=\"eventos\">\n<p>&nbsp;<\/p>\n<p class=\"rtejustify\">Once the fear was overcome, Elva opened her home and her prayers to us, a secret and profound message that she had hidden inside her. Elva spoke, looking us in the eye, revealing her sorrow and her face until her voice conquered the images and us with them. From that impulse this film was born, a letter whispered from the heart, a story full of life and resistance, dignity and decency.<\/p>\n<p class=\"rtejustify\">\n<p>Trailer: https:\/\/www.youtube.com\/watch?v=_2f0Ss4zjyw<\/p>\n<\/div>\n\t\t\t<\/div> <!-- Close content div. -->\n\t\t<\/div> <!-- Close collapse div. -->\n\t<\/div> <!-- Close card div. -->\n\t\t<!-- Start accordion card div. -->\n\t<div class=\"ea-card  sp-ea-single\">\n\t\t<!-- Start accordion header. -->\n\t\t<h3 class=\"ea-header\">\n\t\t\t<!-- Add anchor tag for header. -->\n\t\t\t<a class=\"collapsed\" id=\"ea-header-293717\" data-sptoggle=\"spcollapse\" data-sptarget=\"#collapse293717\" aria-controls=\"collapse293717\" href=\"#\"  aria-expanded=\"false\" tabindex=\"0\">\n\t\t\t<i class=\"ea-expand-icon ea-icon-expand-plus\"><\/i> THE BIG GREEN\t\t\t<\/a> <!-- Close anchor tag for header. -->\n\t\t<\/h3>\t<!-- Close header tag. -->\n\t\t<!-- Start collapsible content div. -->\n\t\t<div class=\"sp-collapse spcollapse spcollapse\" id=\"collapse293717\" data-parent=\"#sp-ea-2937\" role=\"region\" aria-labelledby=\"ea-header-293717\">  <!-- Content div. -->\n\t\t\t<div class=\"ea-body\">\n\t\t\t<p><strong><em>(THE BIG GREEN)<\/em><\/strong><br \/>\nLaurenzo Massoni, France, Fiction, 2021, 18\u2019<\/p>\n<p>&nbsp;<\/p>\n<div class=\"eventoforum\"><a href=\"https:\/\/arquivo.cineeco.pt\/wp-content\/uploads\/2024\/03\/the-big-green.jpg\" target=\"_blank\" rel=\"noopener\"><img decoding=\"async\" src=\"https:\/\/www.cineeco.pt\/2021\/imagens\/filmes\/02-curtas-internacionais\/the-big-green-prev.jpg\" \/><\/a><\/div>\n<div class=\"eventoforum2\">\n<p class=\"rtejustify\">\n<\/div>\n<div class=\"eventos\">\n<p>&nbsp;<\/p>\n<p class=\"rtejustify\">Jeanne's last cutting tree site has been destroyed by environmental activists. While she tries to save some equipment, she ends up stuck on the first branch of a centuries-old tree, ten meters high. Her only hope: to climb higher to find some network.<\/p>\n<\/div>\n\t\t\t<\/div> <!-- Close content div. -->\n\t\t<\/div> <!-- Close collapse div. -->\n\t<\/div> <!-- Close card div. -->\n\t\t<!-- Start accordion card div. -->\n\t<div class=\"ea-card  sp-ea-single\">\n\t\t<!-- Start accordion header. -->\n\t\t<h3 class=\"ea-header\">\n\t\t\t<!-- Add anchor tag for header. -->\n\t\t\t<a class=\"collapsed\" id=\"ea-header-293718\" data-sptoggle=\"spcollapse\" data-sptarget=\"#collapse293718\" aria-controls=\"collapse293718\" href=\"#\"  aria-expanded=\"false\" tabindex=\"0\">\n\t\t\t<i class=\"ea-expand-icon ea-icon-expand-plus\"><\/i> MELTING LANDSCAPES GLACIAERS\t\t\t<\/a> <!-- Close anchor tag for header. -->\n\t\t<\/h3>\t<!-- Close header tag. -->\n\t\t<!-- Start collapsible content div. -->\n\t\t<div class=\"sp-collapse spcollapse spcollapse\" id=\"collapse293718\" data-parent=\"#sp-ea-2937\" role=\"region\" aria-labelledby=\"ea-header-293718\">  <!-- Content div. -->\n\t\t\t<div class=\"ea-body\">\n\t\t\t<p><strong><em>(MELTING LANDSCAPES GLACIAERS)<\/em><\/strong><br \/>\nPepe Molina Cruz, Spain, Documentary, 2021, 8\u2019<\/p>\n<p>&nbsp;<\/p>\n<div class=\"eventoforum\"><a href=\"https:\/\/arquivo.cineeco.pt\/wp-content\/uploads\/2024\/03\/melting.jpg\" target=\"_blank\" rel=\"noopener\"><img decoding=\"async\" src=\"https:\/\/www.cineeco.pt\/2021\/imagens\/filmes\/02-curtas-internacionais\/melting-prev.jpg\" \/><\/a><\/div>\n<div class=\"eventoforum2\">\n<p class=\"rtejustify\">\n<\/div>\n<div class=\"eventos\">\n<p>&nbsp;<\/p>\n<p class=\"rtejustify\">The study of our planet\u2019s glaciers is key to understanding climate change. Glaciers store 75% of our fresh water, reflect the excess heat back to the space and keep our planet cool.<br \/>\nA small air bubble trapped in ice millions of years ago possesses valuable information about past climate and analysing it provides direct data on when they were created.<br \/>\nGlobal warming is causing accelerated fusion of Arctic ice, the Greenland mantle and the most vulnerable regions of Antarctica, altering their habitats, ocean currents and the climate worldwide.<br \/>\nIn listening to our earth\u2019s glaciers recede in a disturbing silence, we are witnessing a change with no return, as each disappearing small ice particle slowly takes us one step closer to uncertain alteration.<\/p>\n<p class=\"rtejustify\">\n<p>Trailer: https:\/\/www.meltinglandscapesfilmproject.com\/<\/p>\n<\/div>\n\t\t\t<\/div> <!-- Close content div. -->\n\t\t<\/div> <!-- Close collapse div. -->\n\t<\/div> <!-- Close card div. -->\n\t\t<!-- Start accordion card div. -->\n\t<div class=\"ea-card  sp-ea-single\">\n\t\t<!-- Start accordion header. -->\n\t\t<h3 class=\"ea-header\">\n\t\t\t<!-- Add anchor tag for header. -->\n\t\t\t<a class=\"collapsed\" id=\"ea-header-293719\" data-sptoggle=\"spcollapse\" data-sptarget=\"#collapse293719\" aria-controls=\"collapse293719\" href=\"#\"  aria-expanded=\"false\" tabindex=\"0\">\n\t\t\t<i class=\"ea-expand-icon ea-icon-expand-plus\"><\/i> FLIGHT TO EARTH\t\t\t<\/a> <!-- Close anchor tag for header. -->\n\t\t<\/h3>\t<!-- Close header tag. -->\n\t\t<!-- Start collapsible content div. -->\n\t\t<div class=\"sp-collapse spcollapse spcollapse\" id=\"collapse293719\" data-parent=\"#sp-ea-2937\" role=\"region\" aria-labelledby=\"ea-header-293719\">  <!-- Content div. -->\n\t\t\t<div class=\"ea-body\">\n\t\t\t<p><strong><em>(FLIGHT TO EARTH)<\/em><\/strong><br \/>\nIgnacio Rod\u00f3, Spain, Animation, 2021, 6\u2019<\/p>\n<p>&nbsp;<\/p>\n<div class=\"eventoforum\"><a href=\"https:\/\/arquivo.cineeco.pt\/wp-content\/uploads\/2024\/03\/flight-earth.jpg\" target=\"_blank\" rel=\"noopener\"><img decoding=\"async\" src=\"https:\/\/www.cineeco.pt\/2021\/imagens\/filmes\/02-curtas-internacionais\/flight-earth-prev.jpg\" \/><\/a><\/div>\n<div class=\"eventoforum2\">\n<p class=\"rtejustify\">\n<\/div>\n<div class=\"eventos\">\n<p>&nbsp;<\/p>\n<p class=\"rtejustify\">In the 23rd century the Earth has been uninhabitable for generations. Now, children of the colonies must take a mandatory flight to visit the planet and commemorate the past.<\/p>\n<p class=\"rtejustify\">\n<p>Trailer: https:\/\/vimeo.com\/513345770<\/p>\n<\/div>\n\t\t\t<\/div> <!-- Close content div. -->\n\t\t<\/div> <!-- Close collapse div. -->\n\t<\/div> <!-- Close card div. -->\n\t\t<!-- Start accordion card div. -->\n\t<div class=\"ea-card  sp-ea-single\">\n\t\t<!-- Start accordion header. -->\n\t\t<h3 class=\"ea-header\">\n\t\t\t<!-- Add anchor tag for header. -->\n\t\t\t<a class=\"collapsed\" id=\"ea-header-293720\" data-sptoggle=\"spcollapse\" data-sptarget=\"#collapse293720\" aria-controls=\"collapse293720\" href=\"#\"  aria-expanded=\"false\" tabindex=\"0\">\n\t\t\t<i class=\"ea-expand-icon ea-icon-expand-plus\"><\/i> SALVAJE\t\t\t<\/a> <!-- Close anchor tag for header. -->\n\t\t<\/h3>\t<!-- Close header tag. -->\n\t\t<!-- Start collapsible content div. -->\n\t\t<div class=\"sp-collapse spcollapse spcollapse\" id=\"collapse293720\" data-parent=\"#sp-ea-2937\" role=\"region\" aria-labelledby=\"ea-header-293720\">  <!-- Content div. -->\n\t\t\t<div class=\"ea-body\">\n\t\t\t<p><strong><em>(SALVAJE)<\/em><\/strong><br \/>\nRa\u00fal Gonz\u00e1lez, Spain, Documentary, 2021, 5\u2019<\/p>\n<p>&nbsp;<\/p>\n<div class=\"eventoforum\"><a href=\"https:\/\/arquivo.cineeco.pt\/wp-content\/uploads\/2024\/03\/salvaje.jpg\" target=\"_blank\" rel=\"noopener\"><img decoding=\"async\" src=\"https:\/\/www.cineeco.pt\/2021\/imagens\/filmes\/02-curtas-internacionais\/salvaje-prev.jpg\" \/><\/a><\/div>\n<div class=\"eventoforum2\">\n<p class=\"rtejustify\">\n<\/div>\n<div class=\"eventos\">\n<p>&nbsp;<\/p>\n<p class=\"rtejustify\">Maite S\u00e1nchez decides to make a life change and leaves the city behind to enter a life in the mountains, a life where survival, self-sufficiency and self-consumption prevail. She became the rancher of the last wild cow, the Betiz\u00fa, a breed that is almost in extinction. This breed is raised in the wild in the mountains of Goizueta where she and her family live and share their lifestyle.<\/p>\n<p class=\"rtejustify\">\n<p>Trailer: https:\/\/vimeo.com\/486793140<\/p>\n<\/div>\n\t\t\t<\/div> <!-- Close content div. -->\n\t\t<\/div> <!-- Close collapse div. -->\n\t<\/div> <!-- Close card div. -->\n\t\t<!-- Start accordion card div. -->\n\t<div class=\"ea-card  sp-ea-single\">\n\t\t<!-- Start accordion header. -->\n\t\t<h3 class=\"ea-header\">\n\t\t\t<!-- Add anchor tag for header. -->\n\t\t\t<a class=\"collapsed\" id=\"ea-header-293721\" data-sptoggle=\"spcollapse\" data-sptarget=\"#collapse293721\" aria-controls=\"collapse293721\" href=\"#\"  aria-expanded=\"false\" tabindex=\"0\">\n\t\t\t<i class=\"ea-expand-icon ea-icon-expand-plus\"><\/i> LA PARED\t\t\t<\/a> <!-- Close anchor tag for header. -->\n\t\t<\/h3>\t<!-- Close header tag. -->\n\t\t<!-- Start collapsible content div. -->\n\t\t<div class=\"sp-collapse spcollapse spcollapse\" id=\"collapse293721\" data-parent=\"#sp-ea-2937\" role=\"region\" aria-labelledby=\"ea-header-293721\">  <!-- Content div. -->\n\t\t\t<div class=\"ea-body\">\n\t\t\t<p><strong><em>(LA PARED)<\/em><\/strong><br \/>\nGala Gracia, Spain, Fiction, 2021, 17\u2019<\/p>\n<p>&nbsp;<\/p>\n<div class=\"eventoforum\"><a href=\"https:\/\/arquivo.cineeco.pt\/wp-content\/uploads\/2024\/03\/la-pared.jpg\" target=\"_blank\" rel=\"noopener\"><img decoding=\"async\" src=\"https:\/\/www.cineeco.pt\/2021\/imagens\/filmes\/02-curtas-internacionais\/la-pared-prev.jpg\" \/><\/a><\/div>\n<div class=\"eventoforum2\">\n<p class=\"rtejustify\">\n<\/div>\n<div class=\"eventos\">\n<p>&nbsp;<\/p>\n<p class=\"rtejustify\">After the divorce of her parents, Clara spends her first weekend alone with her father, which will lead her to face the hard task of meeting and living with someone who until now had been practically a stranger.<\/p>\n<\/div>\n\t\t\t<\/div> <!-- Close content div. -->\n\t\t<\/div> <!-- Close collapse div. -->\n\t<\/div> <!-- Close card div. -->\n\t\t<!-- Start accordion card div. -->\n\t<div class=\"ea-card  sp-ea-single\">\n\t\t<!-- Start accordion header. -->\n\t\t<h3 class=\"ea-header\">\n\t\t\t<!-- Add anchor tag for header. -->\n\t\t\t<a class=\"collapsed\" id=\"ea-header-293722\" data-sptoggle=\"spcollapse\" data-sptarget=\"#collapse293722\" aria-controls=\"collapse293722\" href=\"#\"  aria-expanded=\"false\" tabindex=\"0\">\n\t\t\t<i class=\"ea-expand-icon ea-icon-expand-plus\"><\/i> AGUA\t\t\t<\/a> <!-- Close anchor tag for header. -->\n\t\t<\/h3>\t<!-- Close header tag. -->\n\t\t<!-- Start collapsible content div. -->\n\t\t<div class=\"sp-collapse spcollapse spcollapse\" id=\"collapse293722\" data-parent=\"#sp-ea-2937\" role=\"region\" aria-labelledby=\"ea-header-293722\">  <!-- Content div. -->\n\t\t\t<div class=\"ea-body\">\n\t\t\t<p><strong><em>(AGUA)<\/em><\/strong><br \/>\nJc Ord\u00f3\u00f1ez, Spain, Fiction, 2020, 6\u2019<\/p>\n<p>&nbsp;<\/p>\n<div class=\"eventoforum\"><a href=\"https:\/\/arquivo.cineeco.pt\/wp-content\/uploads\/2024\/03\/agua.jpg\" target=\"_blank\" rel=\"noopener\"><img decoding=\"async\" src=\"https:\/\/www.cineeco.pt\/2021\/imagens\/filmes\/02-curtas-internacionais\/agua-prev.jpg\" \/><\/a><\/div>\n<div class=\"eventoforum2\">\n<p class=\"rtejustify\">\n<\/div>\n<div class=\"eventos\">\n<p>&nbsp;<\/p>\n<p class=\"rtejustify\">Sara lives in a bubble. All what is happening nowadays pushes her to begin a trip to try to find the essentials. An escape towards a re-encounter with nature, with a river as a metaphor of running live that will reveal many things for her.<\/p>\n<\/div>\n\t\t\t<\/div> <!-- Close content div. -->\n\t\t<\/div> <!-- Close collapse div. -->\n\t<\/div> <!-- Close card div. -->\n\t\t<!-- Start accordion card div. -->\n\t<div class=\"ea-card  sp-ea-single\">\n\t\t<!-- Start accordion header. -->\n\t\t<h3 class=\"ea-header\">\n\t\t\t<!-- Add anchor tag for header. -->\n\t\t\t<a class=\"collapsed\" id=\"ea-header-293723\" data-sptoggle=\"spcollapse\" data-sptarget=\"#collapse293723\" aria-controls=\"collapse293723\" href=\"#\"  aria-expanded=\"false\" tabindex=\"0\">\n\t\t\t<i class=\"ea-expand-icon ea-icon-expand-plus\"><\/i> ONE AFTER THE OTHER\t\t\t<\/a> <!-- Close anchor tag for header. -->\n\t\t<\/h3>\t<!-- Close header tag. -->\n\t\t<!-- Start collapsible content div. -->\n\t\t<div class=\"sp-collapse spcollapse spcollapse\" id=\"collapse293723\" data-parent=\"#sp-ea-2937\" role=\"region\" aria-labelledby=\"ea-header-293723\">  <!-- Content div. -->\n\t\t\t<div class=\"ea-body\">\n\t\t\t<p><strong><em>(ONE AFTER THE OTHER)<\/em><\/strong><br \/>\nValerio Gnesini, Italy, Fiction, 2020, 10\u2019<\/p>\n<p>&nbsp;<\/p>\n<div class=\"eventoforum\"><a href=\"https:\/\/arquivo.cineeco.pt\/wp-content\/uploads\/2024\/03\/one-after-the-other.jpg\" target=\"_blank\" rel=\"noopener\"><img decoding=\"async\" src=\"https:\/\/www.cineeco.pt\/2021\/imagens\/filmes\/02-curtas-internacionais\/one-after-the-other-prev.jpg\" \/><\/a><\/div>\n<div class=\"eventoforum2\">\n<p class=\"rtejustify\">\n<\/div>\n<div class=\"eventos\">\n<p>&nbsp;<\/p>\n<p class=\"rtejustify\">An old man drives away with a little girl: it\u2019s just the beginning of a story that touch the deepest sensibility and push ourselves to look inside us.<\/p>\n<\/div>\n\t\t\t<\/div> <!-- Close content div. -->\n\t\t<\/div> <!-- Close collapse div. -->\n\t<\/div> <!-- Close card div. -->\n\t\t<!-- Start accordion card div. -->\n\t<div class=\"ea-card  sp-ea-single\">\n\t\t<!-- Start accordion header. -->\n\t\t<h3 class=\"ea-header\">\n\t\t\t<!-- Add anchor tag for header. -->\n\t\t\t<a class=\"collapsed\" id=\"ea-header-293724\" data-sptoggle=\"spcollapse\" data-sptarget=\"#collapse293724\" aria-controls=\"collapse293724\" href=\"#\"  aria-expanded=\"false\" tabindex=\"0\">\n\t\t\t<i class=\"ea-expand-icon ea-icon-expand-plus\"><\/i> DERIVAS\t\t\t<\/a> <!-- Close anchor tag for header. -->\n\t\t<\/h3>\t<!-- Close header tag. -->\n\t\t<!-- Start collapsible content div. -->\n\t\t<div class=\"sp-collapse spcollapse spcollapse\" id=\"collapse293724\" data-parent=\"#sp-ea-2937\" role=\"region\" aria-labelledby=\"ea-header-293724\">  <!-- Content div. -->\n\t\t\t<div class=\"ea-body\">\n\t\t\t<p><strong><em>(DERIVAS)<\/em><\/strong><br \/>\nNayra Sanz Fuentes, Spain, Experimental, Documentary, 2020, 18\u2019<\/p>\n<p>&nbsp;<\/p>\n<div class=\"eventoforum\"><a href=\"https:\/\/arquivo.cineeco.pt\/wp-content\/uploads\/2024\/03\/derivas.jpg\" target=\"_blank\" rel=\"noopener\"><img decoding=\"async\" src=\"https:\/\/www.cineeco.pt\/2021\/imagens\/filmes\/02-curtas-internacionais\/derivas-prev.jpg\" \/><\/a><\/div>\n<div class=\"eventoforum2\">\n<p class=\"rtejustify\">\n<\/div>\n<div class=\"eventos\">\n<p>&nbsp;<\/p>\n<p class=\"rtejustify\">The beginning of the twenty-first century is marked by a contradictory intersection between the transformation of the global economy and the revolution in new technologies. These two disparate new realities have disrupted customs and traditions and are now bearing witness to different drifts, some with times that anesthetize and others that excite and exhilarate, yet without knowing where they are heading.\nThe place portrayed in \"Derivas\" (\"Drifts\"), associated with the frontier of the sea and fishing boats, begins to be occupied by nomadic flows of people whose interests are very different to the origin of this place, completely redrawing and resituating new events.<br \/>\nO lugar retratado em \u201cDerivas\u201d, associado ao mar e aos barcos de pesca, come\u00e7a a ser ocupado por fluxos de pessoas n\u00f3madas cujos interesses s\u00e3o muito diferentes das origens deste lugar, assim redesenhando e reposicionando novos acontecimentos.<\/p>\n<p class=\"rtejustify\">\n<p>Trailer: https:\/\/www.youtube.com\/watch?v=0O5lyH2WiEo<\/p>\n<\/div>\n\t\t\t<\/div> <!-- Close content div. -->\n\t\t<\/div> <!-- Close collapse div. -->\n\t<\/div> <!-- Close card div. -->\n\t\t<!-- Start accordion card div. -->\n\t<div class=\"ea-card  sp-ea-single\">\n\t\t<!-- Start accordion header. -->\n\t\t<h3 class=\"ea-header\">\n\t\t\t<!-- Add anchor tag for header. -->\n\t\t\t<a class=\"collapsed\" id=\"ea-header-293725\" data-sptoggle=\"spcollapse\" data-sptarget=\"#collapse293725\" aria-controls=\"collapse293725\" href=\"#\"  aria-expanded=\"false\" tabindex=\"0\">\n\t\t\t<i class=\"ea-expand-icon ea-icon-expand-plus\"><\/i> DRY REFUSE\t\t\t<\/a> <!-- Close anchor tag for header. -->\n\t\t<\/h3>\t<!-- Close header tag. -->\n\t\t<!-- Start collapsible content div. -->\n\t\t<div class=\"sp-collapse spcollapse spcollapse\" id=\"collapse293725\" data-parent=\"#sp-ea-2937\" role=\"region\" aria-labelledby=\"ea-header-293725\">  <!-- Content div. -->\n\t\t\t<div class=\"ea-body\">\n\t\t\t<p><strong><em>(DRY REFUSE)<\/em><\/strong><br \/>\nRuben Crespo, Spain, Documentary, 2021, 5\u2019<\/p>\n<p>&nbsp;<\/p>\n<div class=\"eventoforum\"><a href=\"https:\/\/arquivo.cineeco.pt\/wp-content\/uploads\/2024\/03\/dry-refuse.jpg\" target=\"_blank\" rel=\"noopener\"><img decoding=\"async\" src=\"https:\/\/www.cineeco.pt\/2021\/imagens\/filmes\/02-curtas-internacionais\/dry-refuse-prev.jpg\" \/><\/a><\/div>\n<div class=\"eventoforum2\">\n<p class=\"rtejustify\">\n<\/div>\n<div class=\"eventos\">\n<p>&nbsp;<\/p>\n<p class=\"rtejustify\">After declaring the confinement due to the Covid 19 health crisis, Mikel lives day to day immersed in a forced monotony. The memory of good times and the dream of new adventures give him the dose of energy he needs to face this unusual situation.<\/p>\n<\/div>\n\t\t\t<\/div> <!-- Close content div. -->\n\t\t<\/div> <!-- Close collapse div. -->\n\t<\/div> <!-- Close card div. -->\n\t\t<!-- Start accordion card div. -->\n\t<div class=\"ea-card  sp-ea-single\">\n\t\t<!-- Start accordion header. -->\n\t\t<h3 class=\"ea-header\">\n\t\t\t<!-- Add anchor tag for header. -->\n\t\t\t<a class=\"collapsed\" id=\"ea-header-293726\" data-sptoggle=\"spcollapse\" data-sptarget=\"#collapse293726\" aria-controls=\"collapse293726\" href=\"#\"  aria-expanded=\"false\" tabindex=\"0\">\n\t\t\t<i class=\"ea-expand-icon ea-icon-expand-plus\"><\/i> CENTRIFUGADORA\t\t\t<\/a> <!-- Close anchor tag for header. -->\n\t\t<\/h3>\t<!-- Close header tag. -->\n\t\t<!-- Start collapsible content div. -->\n\t\t<div class=\"sp-collapse spcollapse spcollapse\" id=\"collapse293726\" data-parent=\"#sp-ea-2937\" role=\"region\" aria-labelledby=\"ea-header-293726\">  <!-- Content div. -->\n\t\t\t<div class=\"ea-body\">\n\t\t\t<p><strong><em>(CENTRIFUGADORA)<\/em><\/strong><br \/>\nIgnacio Rod\u00f3, Spain, Fiction, 2020, 2\u2019<\/p>\n<p>&nbsp;<\/p>\n<div class=\"eventoforum\"><a href=\"https:\/\/arquivo.cineeco.pt\/wp-content\/uploads\/2024\/03\/centrifugadora.jpg\" target=\"_blank\" rel=\"noopener\"><img decoding=\"async\" src=\"https:\/\/www.cineeco.pt\/2021\/imagens\/filmes\/02-curtas-internacionais\/centrifugadora-prev.jpg\" \/><\/a><\/div>\n<div class=\"eventoforum2\">\n<p class=\"rtejustify\">\n<\/div>\n<div class=\"eventos\">\n<p>&nbsp;<\/p>\n<p class=\"rtejustify\">Your washing machine has several programs. For your Tinder dates, we would strongly suggest using the spin cycle.<\/p>\n<\/div>\n\t\t\t<\/div> <!-- Close content div. -->\n\t\t<\/div> <!-- Close collapse div. -->\n\t<\/div> <!-- Close card div. -->\n\t\t<!-- Start accordion card div. -->\n\t<div class=\"ea-card  sp-ea-single\">\n\t\t<!-- Start accordion header. -->\n\t\t<h3 class=\"ea-header\">\n\t\t\t<!-- Add anchor tag for header. -->\n\t\t\t<a class=\"collapsed\" id=\"ea-header-293727\" data-sptoggle=\"spcollapse\" data-sptarget=\"#collapse293727\" aria-controls=\"collapse293727\" href=\"#\"  aria-expanded=\"false\" tabindex=\"0\">\n\t\t\t<i class=\"ea-expand-icon ea-icon-expand-plus\"><\/i> VERDIANA\t\t\t<\/a> <!-- Close anchor tag for header. -->\n\t\t<\/h3>\t<!-- Close header tag. -->\n\t\t<!-- Start collapsible content div. -->\n\t\t<div class=\"sp-collapse spcollapse spcollapse\" id=\"collapse293727\" data-parent=\"#sp-ea-2937\" role=\"region\" aria-labelledby=\"ea-header-293727\">  <!-- Content div. -->\n\t\t\t<div class=\"ea-body\">\n\t\t\t<p><strong><em>(VERDIANA)<\/em><\/strong><br \/>\nElena Beatrice and Daniele Lince, Italy, Fiction, 2020, 10\u2019<\/p>\n<p>&nbsp;<\/p>\n<div class=\"eventoforum\"><a href=\"https:\/\/arquivo.cineeco.pt\/wp-content\/uploads\/2024\/03\/verdiana.jpg\" target=\"_blank\" rel=\"noopener\"><img decoding=\"async\" src=\"https:\/\/www.cineeco.pt\/2021\/imagens\/filmes\/02-curtas-internacionais\/verdiana-prev.jpg\" \/><\/a><\/div>\n<div class=\"eventoforum2\">\n<p class=\"rtejustify\">\n<\/div>\n<div class=\"eventos\">\n<p>&nbsp;<\/p>\n<p class=\"rtejustify\">After a big fight, a couple wakes up with an unbelievable problem: he can't speak and she can't hear anything. Doctors and exams are useless. A female Zen Master and a very special plant come to their aid.<\/p>\n<p class=\"rtejustify\">\n<p>Trailer: https:\/\/vimeo.com\/443320073<\/p>\n<\/div>\n\t\t\t<\/div> <!-- Close content div. -->\n\t\t<\/div> <!-- Close collapse div. -->\n\t<\/div> <!-- Close card div. -->\n\t\t<!-- Start accordion card div. -->\n\t<div class=\"ea-card  sp-ea-single\">\n\t\t<!-- Start accordion header. -->\n\t\t<h3 class=\"ea-header\">\n\t\t\t<!-- Add anchor tag for header. -->\n\t\t\t<a class=\"collapsed\" id=\"ea-header-293728\" data-sptoggle=\"spcollapse\" data-sptarget=\"#collapse293728\" aria-controls=\"collapse293728\" href=\"#\"  aria-expanded=\"false\" tabindex=\"0\">\n\t\t\t<i class=\"ea-expand-icon ea-icon-expand-plus\"><\/i> MONTE BRAVO\t\t\t<\/a> <!-- Close anchor tag for header. -->\n\t\t<\/h3>\t<!-- Close header tag. -->\n\t\t<!-- Start collapsible content div. -->\n\t\t<div class=\"sp-collapse spcollapse spcollapse\" id=\"collapse293728\" data-parent=\"#sp-ea-2937\" role=\"region\" aria-labelledby=\"ea-header-293728\">  <!-- Content div. -->\n\t\t\t<div class=\"ea-body\">\n\t\t\t<p><strong><em>(MONTE BRAVO)<\/em><\/strong><br \/>\nNoelia Mar\u00eda Mu\u00ed\u00f1o Gonz\u00e1lez, Spain, Fiction, 2020, 14\u2019<\/p>\n<p>&nbsp;<\/p>\n<div class=\"eventoforum\"><a href=\"https:\/\/arquivo.cineeco.pt\/wp-content\/uploads\/2024\/03\/monte-bravo.jpg\" target=\"_blank\" rel=\"noopener\"><img decoding=\"async\" src=\"https:\/\/www.cineeco.pt\/2021\/imagens\/filmes\/02-curtas-internacionais\/monte-bravo-prev.jpg\" \/><\/a><\/div>\n<div class=\"eventoforum2\">\n<p class=\"rtejustify\">\n<\/div>\n<div class=\"eventos\">\n<p>&nbsp;<\/p>\n<p class=\"rtejustify\">Paula is a girl who lives in a Spanish village after the Civil War. One day, while playing with her brother Pablo, she sees a werewolf in the forest. But, is it real or just the child\u2019s imagination? Through the siblings quest to find the werewolf, we deepen into a relationship, full of loneliness, joy and fear.<\/p>\n<p class=\"rtejustify\">\n<p>Trailer: https:\/\/vimeo.com\/391058576<\/p>\n<\/div>\n\t\t\t<\/div> <!-- Close content div. -->\n\t\t<\/div> <!-- Close collapse div. -->\n\t<\/div> <!-- Close card div. -->\n\t\t<!-- Start accordion card div. -->\n\t<div class=\"ea-card  sp-ea-single\">\n\t\t<!-- Start accordion header. -->\n\t\t<h3 class=\"ea-header\">\n\t\t\t<!-- Add anchor tag for header. -->\n\t\t\t<a class=\"collapsed\" id=\"ea-header-293729\" data-sptoggle=\"spcollapse\" data-sptarget=\"#collapse293729\" aria-controls=\"collapse293729\" href=\"#\"  aria-expanded=\"false\" tabindex=\"0\">\n\t\t\t<i class=\"ea-expand-icon ea-icon-expand-plus\"><\/i> DISPARUS\t\t\t<\/a> <!-- Close anchor tag for header. -->\n\t\t<\/h3>\t<!-- Close header tag. -->\n\t\t<!-- Start collapsible content div. -->\n\t\t<div class=\"sp-collapse spcollapse spcollapse\" id=\"collapse293729\" data-parent=\"#sp-ea-2937\" role=\"region\" aria-labelledby=\"ea-header-293729\">  <!-- Content div. -->\n\t\t\t<div class=\"ea-body\">\n\t\t\t<p><strong><em>(THIN ICE)<\/em><\/strong><br \/>\nPauline Epiard, Valentine Ventura, Tiphaine Burguburu, Cl\u00e9mentine Vasseur, Lisa La\u00een\u00e9 and \u00c9lodie Laborde, France, Animation, 2020, 9\u2019<\/p>\n<p>&nbsp;<\/p>\n<div class=\"eventoforum\"><a href=\"https:\/\/arquivo.cineeco.pt\/wp-content\/uploads\/2024\/03\/disparus.jpg\" target=\"_blank\" rel=\"noopener\"><img decoding=\"async\" src=\"https:\/\/www.cineeco.pt\/2021\/imagens\/filmes\/02-curtas-internacionais\/disparus-prev.jpg\" \/><\/a><\/div>\n<div class=\"eventoforum2\">\n<p class=\"rtejustify\">\n<\/div>\n<div class=\"eventos\">\n<p>&nbsp;<\/p>\n<p class=\"rtejustify\">Followed by his faithful cameraman, a shady reporter takes off on a journey to document a presumed extinct species.<\/p>\n<p>Trailer: https:\/\/youtu.be\/CHEnKsrNPTc<\/p>\n<\/div>\n\t\t\t<\/div> <!-- Close content div. -->\n\t\t<\/div> <!-- Close collapse div. -->\n\t<\/div> <!-- Close card div. -->\n\t\t<!-- Start accordion card div. -->\n\t<div class=\"ea-card  sp-ea-single\">\n\t\t<!-- Start accordion header. -->\n\t\t<h3 class=\"ea-header\">\n\t\t\t<!-- Add anchor tag for header. -->\n\t\t\t<a class=\"collapsed\" id=\"ea-header-293730\" data-sptoggle=\"spcollapse\" data-sptarget=\"#collapse293730\" aria-controls=\"collapse293730\" href=\"#\"  aria-expanded=\"false\" tabindex=\"0\">\n\t\t\t<i class=\"ea-expand-icon ea-icon-expand-plus\"><\/i> #FISHINGTHEPLASTIC\t\t\t<\/a> <!-- Close anchor tag for header. -->\n\t\t<\/h3>\t<!-- Close header tag. -->\n\t\t<!-- Start collapsible content div. -->\n\t\t<div class=\"sp-collapse spcollapse spcollapse\" id=\"collapse293730\" data-parent=\"#sp-ea-2937\" role=\"region\" aria-labelledby=\"ea-header-293730\">  <!-- Content div. -->\n\t\t\t<div class=\"ea-body\">\n\t\t\t<p><strong><em>(#FISHINGTHEPLASTIC)<\/em><\/strong><br \/>\nMarina Lobo, Portugal, Animation, 2020, 4\u2019<\/p>\n<p>&nbsp;<\/p>\n<div class=\"eventoforum\"><a href=\"https:\/\/arquivo.cineeco.pt\/wp-content\/uploads\/2024\/03\/fishing.jpg\" target=\"_blank\" rel=\"noopener\"><img decoding=\"async\" src=\"https:\/\/www.cineeco.pt\/2021\/imagens\/filmes\/02-curtas-internacionais\/fishing-prev.jpg\" \/><\/a><\/div>\n<div class=\"eventoforum2\">\n<p class=\"rtejustify\">\n<\/div>\n<div class=\"eventos\">\n<p>&nbsp;<\/p>\n<p class=\"rtejustify\">When a future mother gazes at a fishing boat on the high seas, her mind wanders to a past and alternative reality where the sea is a source of life and prosperity. Back in reality, plastic has invaded the beaches, fishermen haul in nets full of rubbish and the future of the coming generations is compromised. But our future is in the hands of those who dream about taking action!<\/p>\n<\/div>\n\t\t\t<\/div> <!-- Close content div. -->\n\t\t<\/div> <!-- Close collapse div. -->\n\t<\/div> <!-- Close card div. -->\n\t\t<!-- Start accordion card div. -->\n\t<div class=\"ea-card  sp-ea-single\">\n\t\t<!-- Start accordion header. -->\n\t\t<h3 class=\"ea-header\">\n\t\t\t<!-- Add anchor tag for header. -->\n\t\t\t<a class=\"collapsed\" id=\"ea-header-293731\" data-sptoggle=\"spcollapse\" data-sptarget=\"#collapse293731\" aria-controls=\"collapse293731\" href=\"#\"  aria-expanded=\"false\" tabindex=\"0\">\n\t\t\t<i class=\"ea-expand-icon ea-icon-expand-plus\"><\/i> HABOOB\t\t\t<\/a> <!-- Close anchor tag for header. -->\n\t\t<\/h3>\t<!-- Close header tag. -->\n\t\t<!-- Start collapsible content div. -->\n\t\t<div class=\"sp-collapse spcollapse spcollapse\" id=\"collapse293731\" data-parent=\"#sp-ea-2937\" role=\"region\" aria-labelledby=\"ea-header-293731\">  <!-- Content div. -->\n\t\t\t<div class=\"ea-body\">\n\t\t\t<p><strong><em>(HABOOB)<\/em><\/strong><br \/>\nMahsa Samani, Iran, Animation, 2020, 9\u2019<\/p>\n<p>&nbsp;<\/p>\n<div class=\"eventoforum\"><a href=\"https:\/\/arquivo.cineeco.pt\/wp-content\/uploads\/2024\/03\/haboob.jpg\" target=\"_blank\" rel=\"noopener\"><img decoding=\"async\" src=\"https:\/\/www.cineeco.pt\/2021\/imagens\/filmes\/02-curtas-internacionais\/haboob-prev.jpg\" \/><\/a><\/div>\n<div class=\"eventoforum2\">\n<p class=\"rtejustify\">\n<\/div>\n<div class=\"eventos\">\n<p>&nbsp;<\/p>\n<p class=\"rtejustify\">A man and his daughter are used to living in harmony and peace with nature, but some disruptions change their lovely little life.<\/p>\n<p>Trailer: https:\/\/vimeo.com\/461724482<\/p>\n<\/div>\n\t\t\t<\/div> <!-- Close content div. -->\n\t\t<\/div> <!-- Close collapse div. -->\n\t<\/div> <!-- Close card div. -->\n\t\t<!-- Start accordion card div. -->\n\t<div class=\"ea-card  sp-ea-single\">\n\t\t<!-- Start accordion header. -->\n\t\t<h3 class=\"ea-header\">\n\t\t\t<!-- Add anchor tag for header. -->\n\t\t\t<a class=\"collapsed\" id=\"ea-header-293732\" data-sptoggle=\"spcollapse\" data-sptarget=\"#collapse293732\" aria-controls=\"collapse293732\" href=\"#\"  aria-expanded=\"false\" tabindex=\"0\">\n\t\t\t<i class=\"ea-expand-icon ea-icon-expand-plus\"><\/i> SCREAM FOR ICE\t\t\t<\/a> <!-- Close anchor tag for header. -->\n\t\t<\/h3>\t<!-- Close header tag. -->\n\t\t<!-- Start collapsible content div. -->\n\t\t<div class=\"sp-collapse spcollapse spcollapse\" id=\"collapse293732\" data-parent=\"#sp-ea-2937\" role=\"region\" aria-labelledby=\"ea-header-293732\">  <!-- Content div. -->\n\t\t\t<div class=\"ea-body\">\n\t\t\t<p><strong><em>(SCREAM FOR ICE)<\/em><\/strong><br \/>\nEmir Aytem\u00fcr, T\u00fcrkiye, Animation, 2021, 3\u2019<\/p>\n<p>&nbsp;<\/p>\n<div class=\"eventoforum\"><a href=\"https:\/\/arquivo.cineeco.pt\/wp-content\/uploads\/2024\/03\/scream-for-ice.jpg\" target=\"_blank\" rel=\"noopener\"><img decoding=\"async\" src=\"https:\/\/www.cineeco.pt\/2021\/imagens\/filmes\/02-curtas-internacionais\/scream-for-ice-prev.jpg\" \/><\/a><\/div>\n<div class=\"eventoforum2\">\n<p class=\"rtejustify\">\n<\/div>\n<div class=\"eventos\">\n<p class=\"rtejustify\">The Sun shines, ice melts. A polar bear on its own. A child cries out ah! The haiku poem you read above is the core of the \"Scream For Ice\". And the narrative form of \"Scream For Ice\" is based on the traditional Japanese art of poetry, Haiku.<\/p>\n<p class=\"rtejustify\">\n<p>Trailer: https:\/\/vimeo.com\/500378889<\/p>\n<\/div>\n\t\t\t<\/div> <!-- Close content div. -->\n\t\t<\/div> <!-- Close collapse div. -->\n\t<\/div> <!-- Close card div. -->\n\t\t<!-- Start accordion card div. -->\n\t<div class=\"ea-card  sp-ea-single\">\n\t\t<!-- Start accordion header. -->\n\t\t<h3 class=\"ea-header\">\n\t\t\t<!-- Add anchor tag for header. -->\n\t\t\t<a class=\"collapsed\" id=\"ea-header-293733\" data-sptoggle=\"spcollapse\" data-sptarget=\"#collapse293733\" aria-controls=\"collapse293733\" href=\"#\"  aria-expanded=\"false\" tabindex=\"0\">\n\t\t\t<i class=\"ea-expand-icon ea-icon-expand-plus\"><\/i> OM\t\t\t<\/a> <!-- Close anchor tag for header. -->\n\t\t<\/h3>\t<!-- Close header tag. -->\n\t\t<!-- Start collapsible content div. -->\n\t\t<div class=\"sp-collapse spcollapse spcollapse\" id=\"collapse293733\" data-parent=\"#sp-ea-2937\" role=\"region\" aria-labelledby=\"ea-header-293733\">  <!-- Content div. -->\n\t\t\t<div class=\"ea-body\">\n\t\t\t<p><strong><em>(OM)<\/em><\/strong><br \/>\nGabriela Fern\u00e1ndez, Argentina, Animation, 2020, 3\u2019<\/p>\n<p>&nbsp;<\/p>\n<div class=\"eventoforum\"><a href=\"https:\/\/arquivo.cineeco.pt\/wp-content\/uploads\/2024\/03\/om.jpg\" target=\"_blank\" rel=\"noopener\"><img decoding=\"async\" src=\"https:\/\/www.cineeco.pt\/2021\/imagens\/filmes\/02-curtas-internacionais\/om-prev.jpg\" \/><\/a><\/div>\n<div class=\"eventoforum2\">\n<p class=\"rtejustify\">\n<\/div>\n<div class=\"eventos\">\n<p>&nbsp;<\/p>\n<p class=\"rtejustify\">In a desert forest, inhospitable and dark, a small group of particular creatures dedicate themselves to collect in a ceremonial way the few remaining fruits. The creatures gather at the foot of what appears to be an altar made of dry logs and branches, similar to a cave. From the darkness of it a being of much larger size and of a different aspect to the creatures that offer it awakens. What is this ritual about?<\/p>\n<p class=\"rtejustify\">\n<p>Trailer: https:\/\/vimeo.com\/424167038<\/p>\n<\/div>\n\t\t\t<\/div> <!-- Close content div. -->\n\t\t<\/div> <!-- Close collapse div. -->\n\t<\/div> <!-- Close card div. -->\n\t\t<!-- Start accordion card div. -->\n\t<div class=\"ea-card  sp-ea-single\">\n\t\t<!-- Start accordion header. -->\n\t\t<h3 class=\"ea-header\">\n\t\t\t<!-- Add anchor tag for header. -->\n\t\t\t<a class=\"collapsed\" id=\"ea-header-293734\" data-sptoggle=\"spcollapse\" data-sptarget=\"#collapse293734\" aria-controls=\"collapse293734\" href=\"#\"  aria-expanded=\"false\" tabindex=\"0\">\n\t\t\t<i class=\"ea-expand-icon ea-icon-expand-plus\"><\/i> ESTRELINHA NO GEOPARK\t\t\t<\/a> <!-- Close anchor tag for header. -->\n\t\t<\/h3>\t<!-- Close header tag. -->\n\t\t<!-- Start collapsible content div. -->\n\t\t<div class=\"sp-collapse spcollapse spcollapse\" id=\"collapse293734\" data-parent=\"#sp-ea-2937\" role=\"region\" aria-labelledby=\"ea-header-293734\">  <!-- Content div. -->\n\t\t\t<div class=\"ea-body\">\n\t\t\t<p><strong><em>(ESTRELINHA NO GEOPARK)<\/em><\/strong><br \/>\nLu\u00eds Augusto Fonseca de Ara\u00fajo, Portugal, Animation, 2021, 10\u2019<\/p>\n<p>&nbsp;<\/p>\n<div class=\"eventoforum\"><a href=\"https:\/\/arquivo.cineeco.pt\/wp-content\/uploads\/2024\/03\/estrelinha.jpg\" target=\"_blank\" rel=\"noopener\"><img decoding=\"async\" src=\"https:\/\/www.cineeco.pt\/2021\/imagens\/filmes\/02-curtas-internacionais\/estrelinha-prev.jpg\" \/><\/a><\/div>\n<div class=\"eventoforum2\">\n<p class=\"rtejustify\">\n<\/div>\n<div class=\"eventos\">\n<p>&nbsp;<\/p>\n<p class=\"rtejustify\">\u201cA Estrelinha no Geopark\u201d (The Little Star in the Geopark) animation is a journey to the origins of the Serra da Estrela, going back more than 650 million years, when the mountain range was just an ocean floor. This is a guided visit through the landscape, the heritage and the history of the highest mountain in mainland Portugal, where we learn more about this fantastic region.<\/p>\n<p class=\"rtejustify\">\n<p>Trailer: https:\/\/vimeo.com\/424167038<\/p>\n<\/div>\n\t\t\t<\/div> <!-- Close content div. -->\n\t\t<\/div> <!-- Close collapse div. -->\n\t<\/div> <!-- Close card div. -->\n\t\t<!-- Start accordion card div. -->\n\t<div class=\"ea-card  sp-ea-single\">\n\t\t<!-- Start accordion header. -->\n\t\t<h3 class=\"ea-header\">\n\t\t\t<!-- Add anchor tag for header. -->\n\t\t\t<a class=\"collapsed\" id=\"ea-header-293735\" data-sptoggle=\"spcollapse\" data-sptarget=\"#collapse293735\" aria-controls=\"collapse293735\" href=\"#\"  aria-expanded=\"false\" tabindex=\"0\">\n\t\t\t<i class=\"ea-expand-icon ea-icon-expand-plus\"><\/i> ANIMALS HABITAT\t\t\t<\/a> <!-- Close anchor tag for header. -->\n\t\t<\/h3>\t<!-- Close header tag. -->\n\t\t<!-- Start collapsible content div. -->\n\t\t<div class=\"sp-collapse spcollapse spcollapse\" id=\"collapse293735\" data-parent=\"#sp-ea-2937\" role=\"region\" aria-labelledby=\"ea-header-293735\">  <!-- Content div. -->\n\t\t\t<div class=\"ea-body\">\n\t\t\t<p><strong><em>(ANIMALS HABITAT)<\/em><\/strong><br \/>\nJames Smith, Germany, Animation, 2020, 1\u2019<\/p>\n<p>&nbsp;<\/p>\n<div class=\"eventoforum\"><a href=\"https:\/\/arquivo.cineeco.pt\/wp-content\/uploads\/2024\/03\/animals.jpg\" target=\"_blank\" rel=\"noopener\"><img decoding=\"async\" src=\"https:\/\/www.cineeco.pt\/2021\/imagens\/filmes\/02-curtas-internacionais\/animals-prev.jpg\" \/><\/a><\/div>\n<div class=\"eventoforum2\">\n<p class=\"rtejustify\">\n<\/div>\n<div class=\"eventos\">\n<p>&nbsp;<\/p>\n<p class=\"rtejustify\">Various wild animals are tragically losing their habitat caused by massive environmental destruction.<\/p>\n<p class=\"rtejustify\">\n<p>Trailer: https:\/\/www.dropbox.com\/s\/qbl2g8goipzgdma\/Animals%20Habitat%20%28trailer%20by%20James%20Smith%29.mov?dl=0<\/p>\n<\/div>\n\t\t\t<\/div> <!-- Close content div. -->\n\t\t<\/div> <!-- Close collapse div. -->\n\t<\/div> <!-- Close card div. -->\n\t\t<!-- Start accordion card div. -->\n\t<div class=\"ea-card  sp-ea-single\">\n\t\t<!-- Start accordion header. -->\n\t\t<h3 class=\"ea-header\">\n\t\t\t<!-- Add anchor tag for header. -->\n\t\t\t<a class=\"collapsed\" id=\"ea-header-293736\" data-sptoggle=\"spcollapse\" data-sptarget=\"#collapse293736\" aria-controls=\"collapse293736\" href=\"#\"  aria-expanded=\"false\" tabindex=\"0\">\n\t\t\t<i class=\"ea-expand-icon ea-icon-expand-plus\"><\/i> WHATEVER TREE\t\t\t<\/a> <!-- Close anchor tag for header. -->\n\t\t<\/h3>\t<!-- Close header tag. -->\n\t\t<!-- Start collapsible content div. -->\n\t\t<div class=\"sp-collapse spcollapse spcollapse\" id=\"collapse293736\" data-parent=\"#sp-ea-2937\" role=\"region\" aria-labelledby=\"ea-header-293736\">  <!-- Content div. -->\n\t\t\t<div class=\"ea-body\">\n\t\t\t<p><strong><em>(WHATEVER TREE)<\/em><\/strong><br \/>\nIsaac King, Canada, Animation, 2020, 11\u2019<\/p>\n<p>&nbsp;<\/p>\n<div class=\"eventoforum\"><a href=\"https:\/\/arquivo.cineeco.pt\/wp-content\/uploads\/2024\/03\/whatever.jpg\" target=\"_blank\" rel=\"noopener\"><img decoding=\"async\" src=\"https:\/\/www.cineeco.pt\/2021\/imagens\/filmes\/02-curtas-internacionais\/whatever-prev.jpg\" \/><\/a><\/div>\n<div class=\"eventoforum2\">\n<p class=\"rtejustify\">\n<\/div>\n<div class=\"eventos\">\n<p>&nbsp;<\/p>\n<p class=\"rtejustify\">Screen addiction. Species at risk. Whatever! A dead tree goes viral, attracting wildlife, a nature lover, and a crowd of online followers. Animated entirely outside, \u201cWhatever Tree\u201d examines our connection to nature in the age of social media, screens, and selfies.<\/p>\n<p class=\"rtejustify\">\n<p>Trailer: https:\/\/vimeo.com\/406885401<\/p>\n<\/div>\n\t\t\t<\/div> <!-- Close content div. -->\n\t\t<\/div> <!-- Close collapse div. -->\n\t<\/div> <!-- Close card div. -->\n\t\t<!-- Start accordion card div. -->\n\t<div class=\"ea-card  sp-ea-single\">\n\t\t<!-- Start accordion header. -->\n\t\t<h3 class=\"ea-header\">\n\t\t\t<!-- Add anchor tag for header. -->\n\t\t\t<a class=\"collapsed\" id=\"ea-header-293737\" data-sptoggle=\"spcollapse\" data-sptarget=\"#collapse293737\" aria-controls=\"collapse293737\" href=\"#\"  aria-expanded=\"false\" tabindex=\"0\">\n\t\t\t<i class=\"ea-expand-icon ea-icon-expand-plus\"><\/i> A \u00daLTIMA GOTA _ ALGARVE\t\t\t<\/a> <!-- Close anchor tag for header. -->\n\t\t<\/h3>\t<!-- Close header tag. -->\n\t\t<!-- Start collapsible content div. -->\n\t\t<div class=\"sp-collapse spcollapse spcollapse\" id=\"collapse293737\" data-parent=\"#sp-ea-2937\" role=\"region\" aria-labelledby=\"ea-header-293737\">  <!-- Content div. -->\n\t\t\t<div class=\"ea-body\">\n\t\t\t<p><strong><em>(A \u00daLTIMA GOTA _ ALGARVE)<\/em><\/strong><br \/>\nAlmargem - Associa\u00e7\u00e3o de Defesa do Patrim\u00f3nio Ambiental e Cultural do Algarve, Portugal, Animation, 2021, 1\u2019<\/p>\n<p>&nbsp;<\/p>\n<div class=\"eventoforum\"><a href=\"https:\/\/arquivo.cineeco.pt\/wp-content\/uploads\/2024\/03\/a-ultima-gota.jpg\" target=\"_blank\" rel=\"noopener\"><img decoding=\"async\" src=\"https:\/\/www.cineeco.pt\/2021\/imagens\/filmes\/02-curtas-internacionais\/a-ultima-gota-prev.jpg\" \/><\/a><\/div>\n<div class=\"eventoforum2\">\n<p class=\"rtejustify\">\n<\/div>\n<div class=\"eventos\">\n<p>&nbsp;<\/p>\n<p class=\"rtejustify\">With the goal of raising awareness about water saving, #A\u00daltimaGota_Algarve (#TheLastDrop_Algarve) short animation depicts the manic consumption of water in Portugal, especially in the Algarve region, in the different sectors (tourism, agriculture, golf, domestic use) with no efforts made to spread the message that it\u2019s a limited resource and that a shortage of rainfall will become increasingly \u201cnormal\u201d. There is an urgent need to change attitudes and measures in the different sectors, investing in saving and reutilisation. Every single one of us must make wise choices to preserve this most precious of commodities! Because every drop counts!<\/p>\n<\/div>\n\t\t\t<\/div> <!-- Close content div. -->\n\t\t<\/div> <!-- Close collapse div. -->\n\t<\/div> <!-- Close card div. -->\n\t\t<!-- Start accordion card div. -->\n\t<div class=\"ea-card  sp-ea-single\">\n\t\t<!-- Start accordion header. -->\n\t\t<h3 class=\"ea-header\">\n\t\t\t<!-- Add anchor tag for header. -->\n\t\t\t<a class=\"collapsed\" id=\"ea-header-293738\" data-sptoggle=\"spcollapse\" data-sptarget=\"#collapse293738\" aria-controls=\"collapse293738\" href=\"#\"  aria-expanded=\"false\" tabindex=\"0\">\n\t\t\t<i class=\"ea-expand-icon ea-icon-expand-plus\"><\/i> ENTRE AS ABELHAS E O PREGADO\t\t\t<\/a> <!-- Close anchor tag for header. -->\n\t\t<\/h3>\t<!-- Close header tag. -->\n\t\t<!-- Start collapsible content div. -->\n\t\t<div class=\"sp-collapse spcollapse spcollapse\" id=\"collapse293738\" data-parent=\"#sp-ea-2937\" role=\"region\" aria-labelledby=\"ea-header-293738\">  <!-- Content div. -->\n\t\t\t<div class=\"ea-body\">\n\t\t\t<p><strong><em>(Preparing the Bees and the Turbot)<\/em><\/strong><br \/>\nAna Linnea Lidegran Correia, B\u00e9lgium and Portugal, Animation, 2020, 6\u2019<\/p>\n<p>&nbsp;<\/p>\n<div class=\"eventoforum\"><a href=\"https:\/\/arquivo.cineeco.pt\/wp-content\/uploads\/2024\/03\/entre-as-abelhas.jpg\" target=\"_blank\" rel=\"noopener\"><img decoding=\"async\" src=\"https:\/\/www.cineeco.pt\/2021\/imagens\/filmes\/02-curtas-internacionais\/entre-as-abelhas-prev.jpg\" \/><\/a><\/div>\n<div class=\"eventoforum2\">\n<p class=\"rtejustify\">\n<\/div>\n<div class=\"eventos\">\n<p>&nbsp;<\/p>\n<p class=\"rtejustify\">A story told through symbols and meanings that lift the veil on the story of a knight, a baker and a child. Spoken using sketched lines that are projected, deflected, refracted and distorted, between light and mirrors.<\/p>\n<p class=\"rtejustify\">\n<p>Trailer: https:\/\/vimeo.com\/494995575<\/p>\n<\/div>\n\t\t\t<\/div> <!-- Close content div. -->\n\t\t<\/div> <!-- Close collapse div. -->\n\t<\/div> <!-- Close card div. -->\n\t\t<!-- Start accordion card div. -->\n\t<div class=\"ea-card  sp-ea-single\">\n\t\t<!-- Start accordion header. -->\n\t\t<h3 class=\"ea-header\">\n\t\t\t<!-- Add anchor tag for header. -->\n\t\t\t<a class=\"collapsed\" id=\"ea-header-293739\" data-sptoggle=\"spcollapse\" data-sptarget=\"#collapse293739\" aria-controls=\"collapse293739\" href=\"#\"  aria-expanded=\"false\" tabindex=\"0\">\n\t\t\t<i class=\"ea-expand-icon ea-icon-expand-plus\"><\/i> VALE DO AUROTNI\t\t\t<\/a> <!-- Close anchor tag for header. -->\n\t\t<\/h3>\t<!-- Close header tag. -->\n\t\t<!-- Start collapsible content div. -->\n\t\t<div class=\"sp-collapse spcollapse spcollapse\" id=\"collapse293739\" data-parent=\"#sp-ea-2937\" role=\"region\" aria-labelledby=\"ea-header-293739\">  <!-- Content div. -->\n\t\t\t<div class=\"ea-body\">\n\t\t\t<p><strong><em>(VALE DO AUROTNI)<\/em><\/strong><br \/>\nGra\u00e7a Gomes, Portugal, Animation, 2020, 5\u2019<\/p>\n<p>&nbsp;<\/p>\n<div class=\"eventoforum\"><a href=\"https:\/\/arquivo.cineeco.pt\/wp-content\/uploads\/2024\/03\/vale-aurotni.jpg\" target=\"_blank\" rel=\"noopener\"><img decoding=\"async\" src=\"https:\/\/www.cineeco.pt\/2021\/imagens\/filmes\/02-curtas-internacionais\/vale-aurotni-prev.jpg\" \/><\/a><\/div>\n<div class=\"eventoforum2\">\n<p class=\"rtejustify\">\n<\/div>\n<div class=\"eventos\">\n<p>&nbsp;<\/p>\n<p class=\"rtejustify\">The APRENDER EM FILMES (LEARNING THROUGH FILMS) animated cinema workshop has invaded the C\u00f4a Museum. What serves as inspiration for the participants? The prehistoric cave art of C\u00f4a, of course!<\/p>\n<\/div>\n\t\t\t<\/div> <!-- Close content div. -->\n\t\t<\/div> <!-- Close collapse div. -->\n\t<\/div> <!-- Close card div. -->\n\t\t<!-- Start accordion card div. -->\n\t<div class=\"ea-card  sp-ea-single\">\n\t\t<!-- Start accordion header. -->\n\t\t<h3 class=\"ea-header\">\n\t\t\t<!-- Add anchor tag for header. -->\n\t\t\t<a class=\"collapsed\" id=\"ea-header-293740\" data-sptoggle=\"spcollapse\" data-sptarget=\"#collapse293740\" aria-controls=\"collapse293740\" href=\"#\"  aria-expanded=\"false\" tabindex=\"0\">\n\t\t\t<i class=\"ea-expand-icon ea-icon-expand-plus\"><\/i> BOSQUECITO\t\t\t<\/a> <!-- Close anchor tag for header. -->\n\t\t<\/h3>\t<!-- Close header tag. -->\n\t\t<!-- Start collapsible content div. -->\n\t\t<div class=\"sp-collapse spcollapse spcollapse\" id=\"collapse293740\" data-parent=\"#sp-ea-2937\" role=\"region\" aria-labelledby=\"ea-header-293740\">  <!-- Content div. -->\n\t\t\t<div class=\"ea-body\">\n\t\t\t<p><strong><em>(BOSQUECITO)<\/em><\/strong><br \/>\nPaulina Michelle Muratore, Argentina, Animation, 2020, 8\u2019<\/p>\n<p>&nbsp;<\/p>\n<div class=\"eventoforum\"><a href=\"https:\/\/arquivo.cineeco.pt\/wp-content\/uploads\/2024\/03\/bosquecito.jpg\" target=\"_blank\" rel=\"noopener\"><img decoding=\"async\" src=\"https:\/\/www.cineeco.pt\/2021\/imagens\/filmes\/02-curtas-internacionais\/bosquecito-prev.jpg\" \/><\/a><\/div>\n<div class=\"eventoforum2\">\n<p class=\"rtejustify\">\n<\/div>\n<div class=\"eventos\">\n<p>&nbsp;<\/p>\n<p class=\"rtejustify\">Mizu discovers a small bud in the forest, everyday she goes back to water it. Over the years, Mizu and the small tree grow together. One day, the forest is flooded and the tree helps to save her life.<\/p>\n<p class=\"rtejustify\">\n<p>Trailer: https:\/\/vimeo.com\/431107606<\/p>\n<\/div>\n\t\t\t<\/div> <!-- Close content div. -->\n\t\t<\/div> <!-- Close collapse div. -->\n\t<\/div> <!-- Close card div. -->\n\t\t<!-- Start accordion card div. -->\n\t<div class=\"ea-card  sp-ea-single\">\n\t\t<!-- Start accordion header. -->\n\t\t<h3 class=\"ea-header\">\n\t\t\t<!-- Add anchor tag for header. -->\n\t\t\t<a class=\"collapsed\" id=\"ea-header-293741\" data-sptoggle=\"spcollapse\" data-sptarget=\"#collapse293741\" aria-controls=\"collapse293741\" href=\"#\"  aria-expanded=\"false\" tabindex=\"0\">\n\t\t\t<i class=\"ea-expand-icon ea-icon-expand-plus\"><\/i> TIERRA FINITA\t\t\t<\/a> <!-- Close anchor tag for header. -->\n\t\t<\/h3>\t<!-- Close header tag. -->\n\t\t<!-- Start collapsible content div. -->\n\t\t<div class=\"sp-collapse spcollapse spcollapse\" id=\"collapse293741\" data-parent=\"#sp-ea-2937\" role=\"region\" aria-labelledby=\"ea-header-293741\">  <!-- Content div. -->\n\t\t\t<div class=\"ea-body\">\n\t\t\t<p><strong><em>(FINITE SOIL)<\/em><\/strong><br \/>\nIsidro Jim\u00e9nez G\u00f3mez and Mariola Olcina Alvarado, Spain, Animation, 2021, 4\u2019<\/p>\n<p>&nbsp;<\/p>\n<div class=\"eventoforum\"><a href=\"https:\/\/arquivo.cineeco.pt\/wp-content\/uploads\/2024\/03\/tierra-finita.jpg\" target=\"_blank\" rel=\"noopener\"><img decoding=\"async\" src=\"https:\/\/www.cineeco.pt\/2021\/imagens\/filmes\/02-curtas-internacionais\/tierra-finita-prev.jpg\" \/><\/a><\/div>\n<div class=\"eventoforum2\">\n<p class=\"rtejustify\">\n<\/div>\n<div class=\"eventos\">\n<p>&nbsp;<\/p>\n<p class=\"rtejustify\">From the earth we come and on the earth we become\u2026 and along the way, we forget the material base that dresses us, nourishes us and allows life on this planet. The hegemony of the white man is the epidemic that depletes the natural resource earth and, the overconsumption and the unreasonable use of technology, leads us to collective suicide that means being left without land on Earth. In the end, there is nothing left to sustain us.<\/p>\n<p class=\"rtejustify\">\n<p>Trailer: https:\/\/vimeo.com\/520649130<\/p>\n<\/div>\n\t\t\t<\/div> <!-- Close content div. -->\n\t\t<\/div> <!-- Close collapse div. -->\n\t<\/div> <!-- Close card div. -->\n\t\t<!-- Start accordion card div. -->\n\t<div class=\"ea-card  sp-ea-single\">\n\t\t<!-- Start accordion header. -->\n\t\t<h3 class=\"ea-header\">\n\t\t\t<!-- Add anchor tag for header. -->\n\t\t\t<a class=\"collapsed\" id=\"ea-header-293742\" data-sptoggle=\"spcollapse\" data-sptarget=\"#collapse293742\" aria-controls=\"collapse293742\" href=\"#\"  aria-expanded=\"false\" tabindex=\"0\">\n\t\t\t<i class=\"ea-expand-icon ea-icon-expand-plus\"><\/i> NESTLING\t\t\t<\/a> <!-- Close anchor tag for header. -->\n\t\t<\/h3>\t<!-- Close header tag. -->\n\t\t<!-- Start collapsible content div. -->\n\t\t<div class=\"sp-collapse spcollapse spcollapse\" id=\"collapse293742\" data-parent=\"#sp-ea-2937\" role=\"region\" aria-labelledby=\"ea-header-293742\">  <!-- Content div. -->\n\t\t\t<div class=\"ea-body\">\n\t\t\t<p><strong><em>(NESTLING)<\/em><\/strong><br \/>\nMarat Narimanov, Russia, Animation, 2020, 6\u2019<\/p>\n<p>&nbsp;<\/p>\n<div class=\"eventoforum\"><a href=\"https:\/\/arquivo.cineeco.pt\/wp-content\/uploads\/2024\/03\/nestling.jpg\" target=\"_blank\" rel=\"noopener\"><img decoding=\"async\" src=\"https:\/\/www.cineeco.pt\/2021\/imagens\/filmes\/02-curtas-internacionais\/nestling-prev.jpg\" \/><\/a><\/div>\n<div class=\"eventoforum2\">\n<p class=\"rtejustify\">\n<\/div>\n<div class=\"eventos\">\n<p class=\"rtejustify\">The story of a friendship between a lonely old man and an helpless nestling, confronted by a group of ignorant boys from the same neighborhood, stylized as a film of the 60s.<\/p>\n<p class=\"rtejustify\">\n<p>Trailer: https:\/\/www.youtube.com\/watch?v=v3KoA4GsIu8<\/p>\n<\/div>\n\t\t\t<\/div> <!-- Close content div. -->\n\t\t<\/div> <!-- Close collapse div. -->\n\t<\/div> <!-- Close card div. -->\n\t\t<!-- Start accordion card div. -->\n\t<div class=\"ea-card  sp-ea-single\">\n\t\t<!-- Start accordion header. -->\n\t\t<h3 class=\"ea-header\">\n\t\t\t<!-- Add anchor tag for header. -->\n\t\t\t<a class=\"collapsed\" id=\"ea-header-293743\" data-sptoggle=\"spcollapse\" data-sptarget=\"#collapse293743\" aria-controls=\"collapse293743\" href=\"#\"  aria-expanded=\"false\" tabindex=\"0\">\n\t\t\t<i class=\"ea-expand-icon ea-icon-expand-plus\"><\/i> ME, A MONSTER?\t\t\t<\/a> <!-- Close anchor tag for header. -->\n\t\t<\/h3>\t<!-- Close header tag. -->\n\t\t<!-- Start collapsible content div. -->\n\t\t<div class=\"sp-collapse spcollapse spcollapse\" id=\"collapse293743\" data-parent=\"#sp-ea-2937\" role=\"region\" aria-labelledby=\"ea-header-293743\">  <!-- Content div. -->\n\t\t\t<div class=\"ea-body\">\n\t\t\t<p><strong><em>(ME, A MONSTER?)<\/em><\/strong><br \/>\nBelinda Bonan, Spain, Animation, 2020, 6\u2019<\/p>\n<p>&nbsp;<\/p>\n<div class=\"eventoforum\"><a href=\"https:\/\/arquivo.cineeco.pt\/wp-content\/uploads\/2024\/03\/me-a-monster.jpg\" target=\"_blank\" rel=\"noopener\"><img decoding=\"async\" src=\"https:\/\/www.cineeco.pt\/2021\/imagens\/filmes\/02-curtas-internacionais\/me-a-monster-prev.jpg\" \/><\/a><\/div>\n<div class=\"eventoforum2\">\n<p class=\"rtejustify\">\n<\/div>\n<div class=\"eventos\">\n<p>&nbsp;<\/p>\n<p class=\"rtejustify\">Nono is the only inhabitant of planet Pano. He lives happily and spends his days taking care of his small and beloved planet. One day, the unexpected visit of Be2 will alter everything and will have a big impact on Nono. Despite their obvious differences, both will find a way to communicate and, therefore, live together in harmony.<\/p>\n<p class=\"rtejustify\">\n<p>Trailer: https:\/\/vimeo.com\/367215337<\/p>\n<\/div>\n\t\t\t<\/div> <!-- Close content div. -->\n\t\t<\/div> <!-- Close collapse div. -->\n\t<\/div> <!-- Close card div. -->\n\t\t<!-- Start accordion card div. -->\n\t<div class=\"ea-card  sp-ea-single\">\n\t\t<!-- Start accordion header. -->\n\t\t<h3 class=\"ea-header\">\n\t\t\t<!-- Add anchor tag for header. -->\n\t\t\t<a class=\"collapsed\" id=\"ea-header-293744\" data-sptoggle=\"spcollapse\" data-sptarget=\"#collapse293744\" aria-controls=\"collapse293744\" href=\"#\"  aria-expanded=\"false\" tabindex=\"0\">\n\t\t\t<i class=\"ea-expand-icon ea-icon-expand-plus\"><\/i> THE WORLD IS THIRSTY\t\t\t<\/a> <!-- Close anchor tag for header. -->\n\t\t<\/h3>\t<!-- Close header tag. -->\n\t\t<!-- Start collapsible content div. -->\n\t\t<div class=\"sp-collapse spcollapse spcollapse\" id=\"collapse293744\" data-parent=\"#sp-ea-2937\" role=\"region\" aria-labelledby=\"ea-header-293744\">  <!-- Content div. -->\n\t\t\t<div class=\"ea-body\">\n\t\t\t<p><strong><em>(THE WORLD IS THIRSTY)<\/em><\/strong><br \/>\nIsabel De La Torre, Spain, Animation, 2020, 1\u2019<\/p>\n<p>&nbsp;<\/p>\n<div class=\"eventoforum\"><a href=\"https:\/\/arquivo.cineeco.pt\/wp-content\/uploads\/2024\/03\/the-world.jpg\" target=\"_blank\" rel=\"noopener\"><img decoding=\"async\" src=\"https:\/\/www.cineeco.pt\/2021\/imagens\/filmes\/02-curtas-internacionais\/the-world-prev.jpg\" \/><\/a><\/div>\n<div class=\"eventoforum2\">\n<p class=\"rtejustify\">\n<\/div>\n<div class=\"eventos\">\n<p>&nbsp;<\/p>\n<p class=\"rtejustify\">This short film is looking to raise awareness within the population in order to consume food accordingly to our needs and trying not to waste it, since it represents 92% of the water footprint.<\/p>\n<\/div>\n\t\t\t<\/div> <!-- Close content div. -->\n\t\t<\/div> <!-- Close collapse div. -->\n\t<\/div> <!-- Close card div. -->\n\t<\/div>\n<\/div>\n\n\n\n\n<div style=\"height:90px\" aria-hidden=\"true\" class=\"wp-block-spacer\"><\/div>\n\n\n\n<p class=\"has-text-color has-link-color wp-elements-178306165432587376670b68cf07b210\" style=\"color:#ab9431;font-size:18px\">&gt;&gt; TELEVISION SERIES AND REPORTS COMPETITION<\/p>\n\n\n<style>#sp-ea-2984 .spcollapsing { height: 0; overflow: hidden; transition-property: height;transition-duration: 300ms;}#sp-ea-2984.sp-easy-accordion>.sp-ea-single {margin-bottom: 10px; border: 1px solid #e2e2e2; }#sp-ea-2984.sp-easy-accordion>.sp-ea-single>.ea-header a {color: #444;}#sp-ea-2984.sp-easy-accordion>.sp-ea-single>.sp-collapse>.ea-body {background: #fff; color: #444;}#sp-ea-2984.sp-easy-accordion>.sp-ea-single {background: #f2f2f2;}#sp-ea-2984.sp-easy-accordion>.sp-ea-single>.ea-header a .ea-expand-icon { float: left; color: #444;font-size: 16px;}<\/style><div id=\"sp_easy_accordion-1708093300\">\n<div id=\"sp-ea-2984\" class=\"sp-ea-one sp-easy-accordion\" data-ex-icon=\"minus\" data-col-icon=\"plus\" data-ea-active=\"ea-click\" data-ea-mode=\"vertical\" data-preloader=\"\" data-scroll-active-item=\"1\" data-offset-to-scroll=\"0\">\n\t<!-- Start accordion card div. -->\n\t<div class=\"ea-card  sp-ea-single\">\n\t\t<!-- Start accordion header. -->\n\t\t<h3 class=\"ea-header\">\n\t\t\t<!-- Add anchor tag for header. -->\n\t\t\t<a class=\"collapsed\" id=\"ea-header-29840\" data-sptoggle=\"spcollapse\" data-sptarget=\"#collapse29840\" aria-controls=\"collapse29840\" href=\"#\"  aria-expanded=\"false\" tabindex=\"0\">\n\t\t\t<i class=\"ea-expand-icon ea-icon-expand-plus\"><\/i> SEJA FEITA A NOSSA NATUREZA\t\t\t<\/a> <!-- Close anchor tag for header. -->\n\t\t<\/h3>\t<!-- Close header tag. -->\n\t\t<!-- Start collapsible content div. -->\n\t\t<div class=\"sp-collapse spcollapse spcollapse\" id=\"collapse29840\" data-parent=\"#sp-ea-2984\" role=\"region\" aria-labelledby=\"ea-header-29840\">  <!-- Content div. -->\n\t\t\t<div class=\"ea-body\">\n\t\t\t<p><strong><em>(SEJA FEITA A NOSSA NATUREZA)<\/em><\/strong><br \/>\nCatarina Marques, SIC, Portugal, TV Documentary, 2021, 8\u2019<\/p>\n<p>&nbsp;<\/p>\n<div class=\"eventoforum\"><a href=\"https:\/\/arquivo.cineeco.pt\/wp-content\/uploads\/2024\/03\/seja-feita-nossa-natureza.jpg\" target=\"_blank\" rel=\"noopener\"><img decoding=\"async\" src=\"https:\/\/www.cineeco.pt\/2021\/imagens\/filmes\/03-seriesreporttv\/seja-feita-nossa-natureza-prev.jpg\" \/><\/a><\/div>\n<div class=\"eventoforum2\">\n<p class=\"rtejustify\">\n<\/div>\n<div class=\"eventos\">\n<p>&nbsp;<\/p>\n<p class=\"rtejustify\">Odemira came under the spotlight because of the precarious situation of immigrants who worked in intensive crop production greenhouses. Most of these farms are located in the southeast of the Alentejo region and the Vicentine Coast Nature Park, one of the most popular nature tourist destinations in the world. This agriculture under plastic has triggered protests, not only because of the social dimension that the pandemic has exposed, but also because of the threat it represents for the environment and for the tourism.<\/p>\n<\/div>\n\t\t\t<\/div> <!-- Close content div. -->\n\t\t<\/div> <!-- Close collapse div. -->\n\t<\/div> <!-- Close card div. -->\n\t\t<!-- Start accordion card div. -->\n\t<div class=\"ea-card  sp-ea-single\">\n\t\t<!-- Start accordion header. -->\n\t\t<h3 class=\"ea-header\">\n\t\t\t<!-- Add anchor tag for header. -->\n\t\t\t<a class=\"collapsed\" id=\"ea-header-29841\" data-sptoggle=\"spcollapse\" data-sptarget=\"#collapse29841\" aria-controls=\"collapse29841\" href=\"#\"  aria-expanded=\"false\" tabindex=\"0\">\n\t\t\t<i class=\"ea-expand-icon ea-icon-expand-plus\"><\/i> REWILDING, NOVO CAMINHO PARA A NATUREZA EM PORTUGAL\t\t\t<\/a> <!-- Close anchor tag for header. -->\n\t\t<\/h3>\t<!-- Close header tag. -->\n\t\t<!-- Start collapsible content div. -->\n\t\t<div class=\"sp-collapse spcollapse spcollapse\" id=\"collapse29841\" data-parent=\"#sp-ea-2984\" role=\"region\" aria-labelledby=\"ea-header-29841\">  <!-- Content div. -->\n\t\t\t<div class=\"ea-body\">\n\t\t\t<p><strong><em>(REWILDING, NOVO CAMINHO PARA A NATUREZA EM PORTUGAL)<\/em><\/strong><br \/>\nJo\u00e3o Cosme, Portugal, Documentary, 2020, 21\u2019<\/p>\n<p>&nbsp;<\/p>\n<div class=\"eventoforum\"><a href=\"https:\/\/arquivo.cineeco.pt\/wp-content\/uploads\/2024\/03\/rewilding.jpg\" target=\"_blank\" rel=\"noopener\"><img decoding=\"async\" src=\"https:\/\/www.cineeco.pt\/2021\/imagens\/filmes\/03-seriesreporttv\/rewilding-prev.jpg\" \/><\/a><\/div>\n<div class=\"eventoforum2\">\n<p class=\"rtejustify\">\n<\/div>\n<div class=\"eventos\">\n<p>&nbsp;<\/p>\n<p class=\"rtejustify\">The \u201cRewilding: a new road for nature in Portugal\u201d documentary shows the rewilding efforts made by the Rewilding Portugal team and partners. By educating and inspiring viewers, it intends to take rewilding and its effects on nature in Portugal to the next level.<\/p>\n<p class=\"rtejustify\">\n<p>Trailer: https:\/\/www.youtube.com\/watch?v=f3eQykYL18s<\/p>\n<\/div>\n\t\t\t<\/div> <!-- Close content div. -->\n\t\t<\/div> <!-- Close collapse div. -->\n\t<\/div> <!-- Close card div. -->\n\t\t<!-- Start accordion card div. -->\n\t<div class=\"ea-card  sp-ea-single\">\n\t\t<!-- Start accordion header. -->\n\t\t<h3 class=\"ea-header\">\n\t\t\t<!-- Add anchor tag for header. -->\n\t\t\t<a class=\"collapsed\" id=\"ea-header-29842\" data-sptoggle=\"spcollapse\" data-sptarget=\"#collapse29842\" aria-controls=\"collapse29842\" href=\"#\"  aria-expanded=\"false\" tabindex=\"0\">\n\t\t\t<i class=\"ea-expand-icon ea-icon-expand-plus\"><\/i> ENTRE PASTORES Y LOBOS\t\t\t<\/a> <!-- Close anchor tag for header. -->\n\t\t<\/h3>\t<!-- Close header tag. -->\n\t\t<!-- Start collapsible content div. -->\n\t\t<div class=\"sp-collapse spcollapse spcollapse\" id=\"collapse29842\" data-parent=\"#sp-ea-2984\" role=\"region\" aria-labelledby=\"ea-header-29842\">  <!-- Content div. -->\n\t\t\t<div class=\"ea-body\">\n\t\t\t<p><strong><em>(ENTRE PASTORES Y LOBOS)<\/em><\/strong><br \/>\nManuel S\u00e1nchez, Spain, Documentary, 2020, 62\u2019<\/p>\n<p>&nbsp;<\/p>\n<div class=\"eventoforum\"><a href=\"https:\/\/arquivo.cineeco.pt\/wp-content\/uploads\/2024\/03\/entre-pastores-lobos.jpg\" target=\"_blank\" rel=\"noopener\"><img decoding=\"async\" src=\"https:\/\/www.cineeco.pt\/2021\/imagens\/filmes\/03-seriesreporttv\/entre-pastores-lobos-prev.jpg\" \/><\/a><\/div>\n<div class=\"eventoforum2\">\n<p class=\"rtejustify\">\n<\/div>\n<div class=\"eventos\">\n<p>&nbsp;<\/p>\n<p class=\"rtejustify\">A real story between shepherds and wolves in the mountains of the Iberian northwest. A journey through other memories to bring us closer to wild nature and to show us the complexity of the natural cycles of the mountains.<\/p>\n<p class=\"rtejustify\">\n<p>Trailer: https:\/\/vimeo.com\/ondemand\/entrepastoresylobos\/464330926?autoplay=1<\/p>\n<\/div>\n\t\t\t<\/div> <!-- Close content div. -->\n\t\t<\/div> <!-- Close collapse div. -->\n\t<\/div> <!-- Close card div. -->\n\t\t<!-- Start accordion card div. -->\n\t<div class=\"ea-card  sp-ea-single\">\n\t\t<!-- Start accordion header. -->\n\t\t<h3 class=\"ea-header\">\n\t\t\t<!-- Add anchor tag for header. -->\n\t\t\t<a class=\"collapsed\" id=\"ea-header-29843\" data-sptoggle=\"spcollapse\" data-sptarget=\"#collapse29843\" aria-controls=\"collapse29843\" href=\"#\"  aria-expanded=\"false\" tabindex=\"0\">\n\t\t\t<i class=\"ea-expand-icon ea-icon-expand-plus\"><\/i> O LADO NEGRO DO AZEITE\t\t\t<\/a> <!-- Close anchor tag for header. -->\n\t\t<\/h3>\t<!-- Close header tag. -->\n\t\t<!-- Start collapsible content div. -->\n\t\t<div class=\"sp-collapse spcollapse spcollapse\" id=\"collapse29843\" data-parent=\"#sp-ea-2984\" role=\"region\" aria-labelledby=\"ea-header-29843\">  <!-- Content div. -->\n\t\t\t<div class=\"ea-body\">\n\t\t\t<p><strong><em>(O LADO NEGRO DO AZEITE)<\/em><\/strong><br \/>\nSandra C\u00f3ias and Pedro Rego, Portugal, Documentary, 2021, 31\u2019<\/p>\n<p>&nbsp;<\/p>\n<div class=\"eventoforum\"><a href=\"https:\/\/arquivo.cineeco.pt\/wp-content\/uploads\/2024\/03\/lado-negro-azeite.jpg\" target=\"_blank\" rel=\"noopener\"><img decoding=\"async\" src=\"https:\/\/www.cineeco.pt\/2021\/imagens\/filmes\/03-seriesreporttv\/lado-negro-azeite-prev.jpg\" \/><\/a><\/div>\n<div class=\"eventoforum2\">\n<p class=\"rtejustify\">\n<\/div>\n<div class=\"eventos\">\n<p>&nbsp;<\/p>\n<p class=\"rtejustify\">Placed in Portugal, where the sea finishes and Europe begins, there is an immense plane that occupies 1\/3 of its territory: the Alentejo region.<br \/>\nIt\u2019s an Alentejo that today is experiencing a confused and conflicting reality. On the one hand, olive production has boosted the economy, but on the other hand it has given rise to huge territorial and environmental problems.<br \/>\nYou don\u2019t have to be an environmental expert to realise, when arriving at Fortes, that life there is impossible. It\u2019s difficult to breathe. The smoke dominates the lives of those who remain there, preventing them from having a dignified existence. The increased production of olive oil leads to waste disposal problems. The more olive pomace is produced, the more factories pop up to dry this by-product and consequently more villages have to endure the problem of unpleasant smells and toxic fumes. An alternative to this process is available, it just requires will and political courage!<br \/>\nIt\u2019s time to think about the solutions and return the joy of life to this region\u2019s people!<\/p>\n<p class=\"rtejustify\">\n<p>Trailer: https:\/\/www.facebook.com\/oladonegrodoazeite\/videos\/394102542079021<\/p>\n<\/div>\n\t\t\t<\/div> <!-- Close content div. -->\n\t\t<\/div> <!-- Close collapse div. -->\n\t<\/div> <!-- Close card div. -->\n\t\t<!-- Start accordion card div. -->\n\t<div class=\"ea-card  sp-ea-single\">\n\t\t<!-- Start accordion header. -->\n\t\t<h3 class=\"ea-header\">\n\t\t\t<!-- Add anchor tag for header. -->\n\t\t\t<a class=\"collapsed\" id=\"ea-header-29844\" data-sptoggle=\"spcollapse\" data-sptarget=\"#collapse29844\" aria-controls=\"collapse29844\" href=\"#\"  aria-expanded=\"false\" tabindex=\"0\">\n\t\t\t<i class=\"ea-expand-icon ea-icon-expand-plus\"><\/i> WELTRETTER WURZELN - DAS WUNDER UNTER DER ERDE\t\t\t<\/a> <!-- Close anchor tag for header. -->\n\t\t<\/h3>\t<!-- Close header tag. -->\n\t\t<!-- Start collapsible content div. -->\n\t\t<div class=\"sp-collapse spcollapse spcollapse\" id=\"collapse29844\" data-parent=\"#sp-ea-2984\" role=\"region\" aria-labelledby=\"ea-header-29844\">  <!-- Content div. -->\n\t\t\t<div class=\"ea-body\">\n\t\t\t<p><strong><em>(ROOTS - THE MARVEL UNDER THE EARTH)<\/em><\/strong><br \/>\nStefanie Fleischmann and Christina Gantner, Germany, Documentary, 2021, 52\u2019<\/p>\n<p>&nbsp;<\/p>\n<div class=\"eventoforum\"><a href=\"https:\/\/arquivo.cineeco.pt\/wp-content\/uploads\/2024\/03\/weltretter.jpg\" target=\"_blank\" rel=\"noopener\"><img decoding=\"async\" src=\"https:\/\/www.cineeco.pt\/2021\/imagens\/filmes\/03-seriesreporttv\/weltretter-prev.jpg\" \/><\/a><\/div>\n<div class=\"eventoforum2\">\n<p class=\"rtejustify\">\n<\/div>\n<div class=\"eventos\">\n<p>&nbsp;<\/p>\n<p class=\"rtejustify\">Roots make up over half of a plant's mass and yet they are most of times invisible. Their special powers can help us humans to cope with problems of climate change and environmental protection. It is precisely this invisible part of the plant that has the potential to help us solve some of the most pressing challenges of our time: securing food for a growing world population, stopping climate change and extracting important resources from the soil, such as rare earths, in an environmentally friendly way.<\/p>\n<\/div>\n\t\t\t<\/div> <!-- Close content div. -->\n\t\t<\/div> <!-- Close collapse div. -->\n\t<\/div> <!-- Close card div. -->\n\t\t<!-- Start accordion card div. -->\n\t<div class=\"ea-card  sp-ea-single\">\n\t\t<!-- Start accordion header. -->\n\t\t<h3 class=\"ea-header\">\n\t\t\t<!-- Add anchor tag for header. -->\n\t\t\t<a class=\"collapsed\" id=\"ea-header-29845\" data-sptoggle=\"spcollapse\" data-sptarget=\"#collapse29845\" aria-controls=\"collapse29845\" href=\"#\"  aria-expanded=\"false\" tabindex=\"0\">\n\t\t\t<i class=\"ea-expand-icon ea-icon-expand-plus\"><\/i> \u00c9 P'RA AMANH\u00c3 - VIAGEM A UM FUTURO SUSTENT\u00c1VEL (epis\u00f3dio #2 Energia\/Mobilidade)\t\t\t<\/a> <!-- Close anchor tag for header. -->\n\t\t<\/h3>\t<!-- Close header tag. -->\n\t\t<!-- Start collapsible content div. -->\n\t\t<div class=\"sp-collapse spcollapse spcollapse\" id=\"collapse29845\" data-parent=\"#sp-ea-2984\" role=\"region\" aria-labelledby=\"ea-header-29845\">  <!-- Content div. -->\n\t\t\t<div class=\"ea-body\">\n\t\t\t<p><strong><em>(\u00c9 P'RA AMANH\u00c3 - VIAGEM A UM FUTURO SUSTENT\u00c1VEL (epis\u00f3dio #2 Energia\/Mobilidade))<\/em><\/strong><br \/>\nPedro Serra, Portugal, TV Documentary, 2020, 45\u201957\u2019\u2019<\/p>\n<p>&nbsp;<\/p>\n<div class=\"eventoforum\"><a href=\"https:\/\/arquivo.cineeco.pt\/wp-content\/uploads\/2024\/03\/epra-amanha.jpg\" target=\"_blank\" rel=\"noopener\"><img decoding=\"async\" src=\"https:\/\/www.cineeco.pt\/2021\/imagens\/filmes\/03-seriesreporttv\/epra-amanha-prev.jpg\" \/><\/a><\/div>\n<div class=\"eventoforum2\">\n<p class=\"rtejustify\">\n<\/div>\n<div class=\"eventos\">\n<p>&nbsp;<\/p>\n<p class=\"rtejustify\">\u201cWhere does our energy come from?\u201d You would not be able to watch this episode if it wasn\u2019t for the electricity needed to power our screens, projectors, computers or mobile phones. When you leave your home every day, a means of transport takes you to your destination. This also depends on a source of energy that can be near us with more or less impact in the environment. In this episode, we sought to find out more about the energy around us in our lives. Do we know enough about its origin and its impact?<\/p>\n<p>Trailer: https:\/\/www.youtube.com\/watch?v=dRe0ACH3Ci8&amp;ab_channel=%C3%89p%27raAmanh%C3%A3S%C3%A9riedocumental<\/p>\n<\/div>\n\t\t\t<\/div> <!-- Close content div. -->\n\t\t<\/div> <!-- Close collapse div. -->\n\t<\/div> <!-- Close card div. -->\n\t\t<!-- Start accordion card div. -->\n\t<div class=\"ea-card  sp-ea-single\">\n\t\t<!-- Start accordion header. -->\n\t\t<h3 class=\"ea-header\">\n\t\t\t<!-- Add anchor tag for header. -->\n\t\t\t<a class=\"collapsed\" id=\"ea-header-29846\" data-sptoggle=\"spcollapse\" data-sptarget=\"#collapse29846\" aria-controls=\"collapse29846\" href=\"#\"  aria-expanded=\"false\" tabindex=\"0\">\n\t\t\t<i class=\"ea-expand-icon ea-icon-expand-plus\"><\/i> VERT DE RAGE, DU CHARBON DANS LES POUMONS\t\t\t<\/a> <!-- Close anchor tag for header. -->\n\t\t<\/h3>\t<!-- Close header tag. -->\n\t\t<!-- Start collapsible content div. -->\n\t\t<div class=\"sp-collapse spcollapse spcollapse\" id=\"collapse29846\" data-parent=\"#sp-ea-2984\" role=\"region\" aria-labelledby=\"ea-header-29846\">  <!-- Content div. -->\n\t\t\t<div class=\"ea-body\">\n\t\t\t<p><strong><em>(GREEN WARRIORS: COAL IN THE LUNGS)<\/em><\/strong><br \/>\nMartin Boudot, France, Documentary, 2021, 49\u2019<\/p>\n<p>&nbsp;<\/p>\n<div class=\"eventoforum\"><a href=\"https:\/\/arquivo.cineeco.pt\/wp-content\/uploads\/2024\/03\/vert.jpg\" target=\"_blank\" rel=\"noopener\"><img decoding=\"async\" src=\"https:\/\/www.cineeco.pt\/2021\/imagens\/filmes\/03-seriesreporttv\/vert-prev.jpg\" \/><\/a><\/div>\n<div class=\"eventoforum2\">\n<p class=\"rtejustify\">\n<\/div>\n<div class=\"eventos\">\n<p>&nbsp;<\/p>\n<p class=\"rtejustify\">Every year, 500,000 Europeans are meet a premature fate due to air pollution. One of the main causes of this pollution is coal - a fuel that is still used in many European countries. And this air pollution has no borders - it spreads its contamination throughout the continent, where citizens fight every day for their basic right to breathable air. Many doctors have raised the alarm, but there is a lack of evidence to make real change. Together with scientists and citizens, a team of journalists sets out to search for evidence of air contamination.<\/p>\n<\/div>\n\t\t\t<\/div> <!-- Close content div. -->\n\t\t<\/div> <!-- Close collapse div. -->\n\t<\/div> <!-- Close card div. -->\n\t\t<!-- Start accordion card div. -->\n\t<div class=\"ea-card  sp-ea-single\">\n\t\t<!-- Start accordion header. -->\n\t\t<h3 class=\"ea-header\">\n\t\t\t<!-- Add anchor tag for header. -->\n\t\t\t<a class=\"collapsed\" id=\"ea-header-29847\" data-sptoggle=\"spcollapse\" data-sptarget=\"#collapse29847\" aria-controls=\"collapse29847\" href=\"#\"  aria-expanded=\"false\" tabindex=\"0\">\n\t\t\t<i class=\"ea-expand-icon ea-icon-expand-plus\"><\/i> KAMPAGNEN MOD KLIMAET\t\t\t<\/a> <!-- Close anchor tag for header. -->\n\t\t<\/h3>\t<!-- Close header tag. -->\n\t\t<!-- Start collapsible content div. -->\n\t\t<div class=\"sp-collapse spcollapse spcollapse\" id=\"collapse29847\" data-parent=\"#sp-ea-2984\" role=\"region\" aria-labelledby=\"ea-header-29847\">  <!-- Content div. -->\n\t\t\t<div class=\"ea-body\">\n\t\t\t<p><strong><em>(THE CAMPAIGN AGAINST THE CLIMATE)<\/em><\/strong><br \/>\nMads Elles\u00f8e, Denmark, Finland, Norway, Switzerland and Belgium, Documentary, 2020, 59\u2019<\/p>\n<p>&nbsp;<\/p>\n<div class=\"eventoforum\"><a href=\"https:\/\/arquivo.cineeco.pt\/wp-content\/uploads\/2024\/03\/kampagnen.jpg\" target=\"_blank\" rel=\"noopener\"><img decoding=\"async\" src=\"https:\/\/www.cineeco.pt\/2021\/imagens\/filmes\/03-seriesreporttv\/kampagnen-prev.jpg\" \/><\/a><\/div>\n<div class=\"eventoforum2\">\n<p class=\"rtejustify\">\n<\/div>\n<div class=\"eventos\">\n<p>&nbsp;<\/p>\n<p class=\"rtejustify\">In 1988, the world was prepared to act against climate change. Georg W.H. Bush talked about how \u201cthe White House Effect would handle the Green House Effect\u201d. But then something stalled the action which led to the alarming climate situation we are all facing today.<\/p>\n<p class=\"rtejustify\">\n<p>Trailer: https:\/\/www.youtube.com\/watch?v=R-y-WZx4C1k<\/p>\n<\/div>\n\t\t\t<\/div> <!-- Close content div. -->\n\t\t<\/div> <!-- Close collapse div. -->\n\t<\/div> <!-- Close card div. -->\n\t\t<!-- Start accordion card div. -->\n\t<div class=\"ea-card  sp-ea-single\">\n\t\t<!-- Start accordion header. -->\n\t\t<h3 class=\"ea-header\">\n\t\t\t<!-- Add anchor tag for header. -->\n\t\t\t<a class=\"collapsed\" id=\"ea-header-29848\" data-sptoggle=\"spcollapse\" data-sptarget=\"#collapse29848\" aria-controls=\"collapse29848\" href=\"#\"  aria-expanded=\"false\" tabindex=\"0\">\n\t\t\t<i class=\"ea-expand-icon ea-icon-expand-plus\"><\/i> DES LEGUMES DANS LA VILLE\t\t\t<\/a> <!-- Close anchor tag for header. -->\n\t\t<\/h3>\t<!-- Close header tag. -->\n\t\t<!-- Start collapsible content div. -->\n\t\t<div class=\"sp-collapse spcollapse spcollapse\" id=\"collapse29848\" data-parent=\"#sp-ea-2984\" role=\"region\" aria-labelledby=\"ea-header-29848\">  <!-- Content div. -->\n\t\t\t<div class=\"ea-body\">\n\t\t\t<p><strong><em>(DES LEGUMES DANS LA VILLE)<\/em><\/strong><br \/>\nAurelien Francisco Barros, France, TV Documentary, 2020, 53\u2019<\/p>\n<p>&nbsp;<\/p>\n<div class=\"eventoforum\"><a href=\"https:\/\/arquivo.cineeco.pt\/wp-content\/uploads\/2024\/03\/des-legumes.jpg\" target=\"_blank\" rel=\"noopener\"><img decoding=\"async\" src=\"https:\/\/www.cineeco.pt\/2021\/imagens\/filmes\/03-seriesreporttv\/des-legumes-prev.jpg\" \/><\/a><\/div>\n<div class=\"eventoforum2\">\n<p class=\"rtejustify\">\n<\/div>\n<div class=\"eventos\">\n<p>&nbsp;<\/p>\n<p class=\"rtejustify\">Urban agriculture is a concrete response for city dwellers\u2019 desire to reconnect with nature and to consume \"local\" food. In Paris, in some of the most densely populated areas in Europe, different initiatives attempt to design a more human and more autonomous city, capable of feeding its inhabitants. Some already talk about the beginnings of a \u201cglobal urban agricultural revolution\u201d.<\/p>\n<\/div>\n\t\t\t<\/div> <!-- Close content div. -->\n\t\t<\/div> <!-- Close collapse div. -->\n\t<\/div> <!-- Close card div. -->\n\t\t<!-- Start accordion card div. -->\n\t<div class=\"ea-card  sp-ea-single\">\n\t\t<!-- Start accordion header. -->\n\t\t<h3 class=\"ea-header\">\n\t\t\t<!-- Add anchor tag for header. -->\n\t\t\t<a class=\"collapsed\" id=\"ea-header-29849\" data-sptoggle=\"spcollapse\" data-sptarget=\"#collapse29849\" aria-controls=\"collapse29849\" href=\"#\"  aria-expanded=\"false\" tabindex=\"0\">\n\t\t\t<i class=\"ea-expand-icon ea-icon-expand-plus\"><\/i> REDUZIDOS A CINZAS\t\t\t<\/a> <!-- Close anchor tag for header. -->\n\t\t<\/h3>\t<!-- Close header tag. -->\n\t\t<!-- Start collapsible content div. -->\n\t\t<div class=\"sp-collapse spcollapse spcollapse\" id=\"collapse29849\" data-parent=\"#sp-ea-2984\" role=\"region\" aria-labelledby=\"ea-header-29849\">  <!-- Content div. -->\n\t\t\t<div class=\"ea-body\">\n\t\t\t<p><strong><em>(REDUZIDOS A CINZAS)<\/em><\/strong><br \/>\nPatr\u00edcia Figueiredo, SIC, Portugal, TV Report, 2020, 9\u2019<\/p>\n<p>&nbsp;<\/p>\n<div class=\"eventoforum\"><a href=\"https:\/\/arquivo.cineeco.pt\/wp-content\/uploads\/2024\/03\/reduzido-cinzas.jpg\" target=\"_blank\" rel=\"noopener\"><img decoding=\"async\" src=\"https:\/\/www.cineeco.pt\/2021\/imagens\/filmes\/03-seriesreporttv\/reduzido-cinzas-prev.jpg\" \/><\/a><\/div>\n<div class=\"eventoforum2\">\n<p class=\"rtejustify\">\n<\/div>\n<div class=\"eventos\">\n<p>&nbsp;<\/p>\n<p class=\"rtejustify\">No barrier could stop it. The fire, fueled by the dry vegetation and driven by the strong wind, swallowed mountains, climbed slopes, descended to villages. Starting from Proen\u00e7a-a-Nova the flames spread to the municipalities of Castelo Branco and Oleiros. Day and night. In September 2020, in just three days, the three councils lost over 15,000 hectares of woodland. There were no fatalities, or homes destroyed, but it is a dark memory that cannot be erased from people\u2019s memory. Not a year goes by without fires in Portugal\u2019s inland pine forests.<\/p>\n<\/div>\n\t\t\t<\/div> <!-- Close content div. -->\n\t\t<\/div> <!-- Close collapse div. -->\n\t<\/div> <!-- Close card div. -->\n\t\t<!-- Start accordion card div. -->\n\t<div class=\"ea-card  sp-ea-single\">\n\t\t<!-- Start accordion header. -->\n\t\t<h3 class=\"ea-header\">\n\t\t\t<!-- Add anchor tag for header. -->\n\t\t\t<a class=\"collapsed\" id=\"ea-header-298410\" data-sptoggle=\"spcollapse\" data-sptarget=\"#collapse298410\" aria-controls=\"collapse298410\" href=\"#\"  aria-expanded=\"false\" tabindex=\"0\">\n\t\t\t<i class=\"ea-expand-icon ea-icon-expand-plus\"><\/i> MIGRADORES DE LONGA DIST\u00c2NCIA \u2013 ENTRE O TEJO E O \u00c1RTICO\t\t\t<\/a> <!-- Close anchor tag for header. -->\n\t\t<\/h3>\t<!-- Close header tag. -->\n\t\t<!-- Start collapsible content div. -->\n\t\t<div class=\"sp-collapse spcollapse spcollapse\" id=\"collapse298410\" data-parent=\"#sp-ea-2984\" role=\"region\" aria-labelledby=\"ea-header-298410\">  <!-- Content div. -->\n\t\t\t<div class=\"ea-body\">\n\t\t\t<p><strong><em>(MIGRADORES DE LONGA DIST\u00c2NCIA \u2013 ENTRE O TEJO E O \u00c1RTICO)<\/em><\/strong><br \/>\nPedro Miguel Ferreira and Joaquim Pedro Ferreira, Portugal, Documentary, 2020, 52\u2019<\/p>\n<p>&nbsp;<\/p>\n<div class=\"eventoforum\"><a href=\"https:\/\/arquivo.cineeco.pt\/wp-content\/uploads\/2024\/03\/migradores.jpg\" target=\"_blank\" rel=\"noopener\"><img decoding=\"async\" src=\"https:\/\/www.cineeco.pt\/2021\/imagens\/filmes\/03-seriesreporttv\/migradores-prev.jpg\" \/><\/a><\/div>\n<div class=\"eventoforum2\">\n<p class=\"rtejustify\">\n<\/div>\n<div class=\"eventos\">\n<p>&nbsp;<\/p>\n<p class=\"rtejustify\">This documentary tracks the migration of the black-tailed godwit between the estuary of the River Tagus and the subarctic region of Iceland. It describes the work of an international team led by Portuguese researchers who in the last 15 years have sought to understand the response of these birds to the global changes throughout the annual cycle and in locations as far away as the Arctic. It will also alert us to the impact of the building of a new airport at the Montijo air base on the birds of the River Tagus estuary, that Portugal has committed to conserving.<\/p>\n<p class=\"rtejustify\">\n<p>Trailer: https:\/\/www.dropbox.com\/s\/1tp54bjfdolglkt\/Promo%20Migradores%20de%20Longa%20Dist%C3%A2ncia.mp4?dl=0<\/p>\n<\/div>\n\t\t\t<\/div> <!-- Close content div. -->\n\t\t<\/div> <!-- Close collapse div. -->\n\t<\/div> <!-- Close card div. -->\n\t\t<!-- Start accordion card div. -->\n\t<div class=\"ea-card  sp-ea-single\">\n\t\t<!-- Start accordion header. -->\n\t\t<h3 class=\"ea-header\">\n\t\t\t<!-- Add anchor tag for header. -->\n\t\t\t<a class=\"collapsed\" id=\"ea-header-298411\" data-sptoggle=\"spcollapse\" data-sptarget=\"#collapse298411\" aria-controls=\"collapse298411\" href=\"#\"  aria-expanded=\"false\" tabindex=\"0\">\n\t\t\t<i class=\"ea-expand-icon ea-icon-expand-plus\"><\/i> PL\u00c1STICO, O NOVO CONTINENTE (epis\u00f3dio 1)\t\t\t<\/a> <!-- Close anchor tag for header. -->\n\t\t<\/h3>\t<!-- Close header tag. -->\n\t\t<!-- Start collapsible content div. -->\n\t\t<div class=\"sp-collapse spcollapse spcollapse\" id=\"collapse298411\" data-parent=\"#sp-ea-2984\" role=\"region\" aria-labelledby=\"ea-header-298411\">  <!-- Content div. -->\n\t\t\t<div class=\"ea-body\">\n\t\t\t<p><strong><em>(PL\u00c1STICO, O NOVO CONTINENTE (epis\u00f3dio 1))<\/em><\/strong><br \/>\nCatarina Canelas, TVI, Portugal, Documentary, 2020, 17\u2019<\/p>\n<p>&nbsp;<\/p>\n<div class=\"eventoforum\"><a href=\"https:\/\/arquivo.cineeco.pt\/wp-content\/uploads\/2024\/03\/plastico.jpg\" target=\"_blank\" rel=\"noopener\"><img decoding=\"async\" src=\"https:\/\/www.cineeco.pt\/2021\/imagens\/filmes\/03-seriesreporttv\/plastico-prev.jpg\" \/><\/a><\/div>\n<div class=\"eventoforum2\">\n<p class=\"rtejustify\">\n<\/div>\n<div class=\"eventos\">\n<p>&nbsp;<\/p>\n<p class=\"rtejustify\">The death of a whale in Norway was the warning that the world was waiting for to understand the real tragic magnitude of plastic in our oceans. This whale, which \u201cpleaded for help\u201d near Bergen, brought a crystal-clear message in relation to human behaviour towards the environment and the seas. Its stomach was full of plastic bags!<br \/>\nJournalist Catarina Canelas and the cameraman Jo\u00e3o Franco show us that such cases are being repeated all around the globe and that we are increasingly more and way faster than ever sea animals.<br \/>\n\u201cPl\u00e1stico, O Novo Continente\u201d (Plastic, The New Continent) is a series of seven reports, filmed in four continents.<\/p>\n<\/div>\n\t\t\t<\/div> <!-- Close content div. -->\n\t\t<\/div> <!-- Close collapse div. -->\n\t<\/div> <!-- Close card div. -->\n\t<\/div>\n<\/div>\n\n\n\n\n<div style=\"height:90px\" aria-hidden=\"true\" class=\"wp-block-spacer\"><\/div>\n\n\n\n<p class=\"has-text-color has-link-color wp-elements-b9f5efe4ab3420cb8c8cdfa82da3d92f\" style=\"color:#ab9431;font-size:18px\">&gt;&gt; PORTUGUESE LANGUAGE FEATURE FILM COMPETITION<\/p>\n\n\n<style>#sp-ea-3001 .spcollapsing { height: 0; overflow: hidden; transition-property: height;transition-duration: 300ms;}#sp-ea-3001.sp-easy-accordion>.sp-ea-single {margin-bottom: 10px; border: 1px solid #e2e2e2; }#sp-ea-3001.sp-easy-accordion>.sp-ea-single>.ea-header a {color: #444;}#sp-ea-3001.sp-easy-accordion>.sp-ea-single>.sp-collapse>.ea-body {background: #fff; color: #444;}#sp-ea-3001.sp-easy-accordion>.sp-ea-single {background: #f2f2f2;}#sp-ea-3001.sp-easy-accordion>.sp-ea-single>.ea-header a .ea-expand-icon { float: left; color: #444;font-size: 16px;}<\/style><div id=\"sp_easy_accordion-1708093300\">\n<div id=\"sp-ea-3001\" class=\"sp-ea-one sp-easy-accordion\" data-ex-icon=\"minus\" data-col-icon=\"plus\" data-ea-active=\"ea-click\" data-ea-mode=\"vertical\" data-preloader=\"\" data-scroll-active-item=\"1\" data-offset-to-scroll=\"0\">\n\t<!-- Start accordion card div. -->\n\t<div class=\"ea-card  sp-ea-single\">\n\t\t<!-- Start accordion header. -->\n\t\t<h3 class=\"ea-header\">\n\t\t\t<!-- Add anchor tag for header. -->\n\t\t\t<a class=\"collapsed\" id=\"ea-header-30010\" data-sptoggle=\"spcollapse\" data-sptarget=\"#collapse30010\" aria-controls=\"collapse30010\" href=\"#\"  aria-expanded=\"false\" tabindex=\"0\">\n\t\t\t<i class=\"ea-expand-icon ea-icon-expand-plus\"><\/i> A NOSSA TERRA, O NOSSO ALTAR\t\t\t<\/a> <!-- Close anchor tag for header. -->\n\t\t<\/h3>\t<!-- Close header tag. -->\n\t\t<!-- Start collapsible content div. -->\n\t\t<div class=\"sp-collapse spcollapse spcollapse\" id=\"collapse30010\" data-parent=\"#sp-ea-3001\" role=\"region\" aria-labelledby=\"ea-header-30010\">  <!-- Content div. -->\n\t\t\t<div class=\"ea-body\">\n\t\t\t<p><strong><em>(A NOSSA TERRA, O NOSSO ALTAR)<\/em><\/strong><br \/>\nAndr\u00e9 Guiomar, Portugal, Documentary, 2020, 78\u2019<\/p>\n<p>&nbsp;<\/p>\n<div class=\"eventoforum\"><a href=\"https:\/\/arquivo.cineeco.pt\/wp-content\/uploads\/2024\/03\/nossa-terra.jpg\" target=\"_blank\" rel=\"noopener\"><img decoding=\"async\" src=\"https:\/\/www.cineeco.pt\/2021\/imagens\/filmes\/04-longas-pt\/nossa-terra-prev.jpg\" \/><\/a><\/div>\n<div class=\"eventoforum2\">\n<p class=\"rtejustify\">\n<\/div>\n<div class=\"eventos\">\n<p>&nbsp;<\/p>\n<p class=\"rtejustify\">The demolition of a neighbourhood affects the identity of a community and the sense of belonging, forcing its people to adapt. \"Our Land, Our Altar\u201d witnesses the everyday routines and the tension caused by the impending demolition of the towers where Aleixo inhabitants have lived in their entire lives \u2013 as gentrification dictates the dispersion of these low income communities.<\/p>\n<p class=\"rtejustify\">\n<p>Trailer: https:\/\/vimeo.com\/455984684<\/p>\n<\/div>\n\t\t\t<\/div> <!-- Close content div. -->\n\t\t<\/div> <!-- Close collapse div. -->\n\t<\/div> <!-- Close card div. -->\n\t\t<!-- Start accordion card div. -->\n\t<div class=\"ea-card  sp-ea-single\">\n\t\t<!-- Start accordion header. -->\n\t\t<h3 class=\"ea-header\">\n\t\t\t<!-- Add anchor tag for header. -->\n\t\t\t<a class=\"collapsed\" id=\"ea-header-30011\" data-sptoggle=\"spcollapse\" data-sptarget=\"#collapse30011\" aria-controls=\"collapse30011\" href=\"#\"  aria-expanded=\"false\" tabindex=\"0\">\n\t\t\t<i class=\"ea-expand-icon ea-icon-expand-plus\"><\/i> SOBRE SONHOS E LIBERDADE\t\t\t<\/a> <!-- Close anchor tag for header. -->\n\t\t<\/h3>\t<!-- Close header tag. -->\n\t\t<!-- Start collapsible content div. -->\n\t\t<div class=\"sp-collapse spcollapse spcollapse\" id=\"collapse30011\" data-parent=\"#sp-ea-3001\" role=\"region\" aria-labelledby=\"ea-header-30011\">  <!-- Content div. -->\n\t\t\t<div class=\"ea-body\">\n\t\t\t<p><strong><em>(SOBRE SONHOS E LIBERDADE)<\/em><\/strong><br \/>\nM\u00e1rcia Para\u00edso and Francisco Colombo, Brasil, Documentary, 2020, 70\u2019<\/p>\n<p>&nbsp;<\/p>\n<div class=\"eventoforum\"><a href=\"https:\/\/arquivo.cineeco.pt\/wp-content\/uploads\/2024\/03\/sonhos.jpg\" target=\"_blank\" rel=\"noopener\"><img decoding=\"async\" src=\"https:\/\/www.cineeco.pt\/2021\/imagens\/filmes\/04-longas-pt\/sonhos-prev.jpg\" \/><\/a><\/div>\n<div class=\"eventoforum2\">\n<p class=\"rtejustify\">\n<\/div>\n<div class=\"eventos\">\n<p>&nbsp;<\/p>\n<p class=\"rtejustify\">One of the crucial moments in Brazil\u2019s history that fostered the development of its economy and of the country as a whole was the abolition of slavery, in 1888.<\/p>\n<p class=\"rtejustify\">\n<p>Trailer: https:\/\/vimeo.com\/510178232<\/p>\n<\/div>\n\t\t\t<\/div> <!-- Close content div. -->\n\t\t<\/div> <!-- Close collapse div. -->\n\t<\/div> <!-- Close card div. -->\n\t\t<!-- Start accordion card div. -->\n\t<div class=\"ea-card  sp-ea-single\">\n\t\t<!-- Start accordion header. -->\n\t\t<h3 class=\"ea-header\">\n\t\t\t<!-- Add anchor tag for header. -->\n\t\t\t<a class=\"collapsed\" id=\"ea-header-30012\" data-sptoggle=\"spcollapse\" data-sptarget=\"#collapse30012\" aria-controls=\"collapse30012\" href=\"#\"  aria-expanded=\"false\" tabindex=\"0\">\n\t\t\t<i class=\"ea-expand-icon ea-icon-expand-plus\"><\/i> ENTRE LEIRAS\t\t\t<\/a> <!-- Close anchor tag for header. -->\n\t\t<\/h3>\t<!-- Close header tag. -->\n\t\t<!-- Start collapsible content div. -->\n\t\t<div class=\"sp-collapse spcollapse spcollapse\" id=\"collapse30012\" data-parent=\"#sp-ea-3001\" role=\"region\" aria-labelledby=\"ea-header-30012\">  <!-- Content div. -->\n\t\t\t<div class=\"ea-body\">\n\t\t\t<p><strong><em>(ENTRE LEIRAS)<\/em><\/strong><br \/>\nCl\u00e1udia Ribeiro, Portugal, Documentary, 2020, 82\u2019<\/p>\n<p>&nbsp;<\/p>\n<div class=\"eventoforum\"><a href=\"https:\/\/arquivo.cineeco.pt\/wp-content\/uploads\/2024\/03\/entre-leiras.jpg\" target=\"_blank\" rel=\"noopener\"><img decoding=\"async\" src=\"https:\/\/www.cineeco.pt\/2021\/imagens\/filmes\/04-longas-pt\/entre-leiras-prev.jpg\" \/><\/a><\/div>\n<div class=\"eventoforum2\">\n<p class=\"rtejustify\">\n<\/div>\n<div class=\"eventos\">\n<p>&nbsp;<\/p>\n<p class=\"rtejustify\">\u201cEntre Leiras\u201d (Among Plots) tracks boths the agricultural cycle in a place between the River Douro and the River T\u00e2mega and the routine of two sisters who pass their days among plots of land.<\/p>\n<p class=\"rtejustify\">\n<p>Trailer: https:\/\/vimeo.com\/522352590<\/p>\n<\/div>\n\t\t\t<\/div> <!-- Close content div. -->\n\t\t<\/div> <!-- Close collapse div. -->\n\t<\/div> <!-- Close card div. -->\n\t\t<!-- Start accordion card div. -->\n\t<div class=\"ea-card  sp-ea-single\">\n\t\t<!-- Start accordion header. -->\n\t\t<h3 class=\"ea-header\">\n\t\t\t<!-- Add anchor tag for header. -->\n\t\t\t<a class=\"collapsed\" id=\"ea-header-30013\" data-sptoggle=\"spcollapse\" data-sptarget=\"#collapse30013\" aria-controls=\"collapse30013\" href=\"#\"  aria-expanded=\"false\" tabindex=\"0\">\n\t\t\t<i class=\"ea-expand-icon ea-icon-expand-plus\"><\/i> MAR INFINITO\t\t\t<\/a> <!-- Close anchor tag for header. -->\n\t\t<\/h3>\t<!-- Close header tag. -->\n\t\t<!-- Start collapsible content div. -->\n\t\t<div class=\"sp-collapse spcollapse spcollapse\" id=\"collapse30013\" data-parent=\"#sp-ea-3001\" role=\"region\" aria-labelledby=\"ea-header-30013\">  <!-- Content div. -->\n\t\t\t<div class=\"ea-body\">\n\t\t\t<p><strong><em>(MAR INFINITO)<\/em><\/strong><br \/>\nCarlos Amaral, Portugal, Fiction, 2020, 76\u2019<\/p>\n<p>&nbsp;<\/p>\n<div class=\"eventoforum\"><a href=\"https:\/\/arquivo.cineeco.pt\/wp-content\/uploads\/2024\/03\/mar-infinito.jpg\" target=\"_blank\" rel=\"noopener\"><img decoding=\"async\" src=\"https:\/\/www.cineeco.pt\/2021\/imagens\/filmes\/04-longas-pt\/mar-infinito-prev.jpg\" \/><\/a><\/div>\n<div class=\"eventoforum2\">\n<p class=\"rtejustify\">\n<\/div>\n<div class=\"eventos\">\n<p>&nbsp;<\/p>\n<p class=\"rtejustify\">A man who tries to join the rest of mankind in colonising a new planet finds out that his intergalactic journey has begun a long time ago.<\/p>\n<p class=\"rtejustify\">\n<p>Trailer: https:\/\/www.youtube.com\/watch?v=61QkMbIVBcg<\/p>\n<\/div>\n\t\t\t<\/div> <!-- Close content div. -->\n\t\t<\/div> <!-- Close collapse div. -->\n\t<\/div> <!-- Close card div. -->\n\t<\/div>\n<\/div>\n\n\n\n\n<div style=\"height:90px\" aria-hidden=\"true\" class=\"wp-block-spacer\"><\/div>\n\n\n\n<p class=\"has-text-color has-link-color wp-elements-099804ef5ea314e59e3b02d4bc198564\" style=\"color:#ab9431;font-size:18px\">&gt;&gt; PORTUGUESE LANGUAGE SHORT FILM COMPETITION<\/p>\n\n\n<style>#sp-ea-3008 .spcollapsing { height: 0; overflow: hidden; transition-property: height;transition-duration: 300ms;}#sp-ea-3008.sp-easy-accordion>.sp-ea-single {margin-bottom: 10px; border: 1px solid #e2e2e2; }#sp-ea-3008.sp-easy-accordion>.sp-ea-single>.ea-header a {color: #444;}#sp-ea-3008.sp-easy-accordion>.sp-ea-single>.sp-collapse>.ea-body {background: #fff; color: #444;}#sp-ea-3008.sp-easy-accordion>.sp-ea-single {background: #f2f2f2;}#sp-ea-3008.sp-easy-accordion>.sp-ea-single>.ea-header a .ea-expand-icon { float: left; color: #444;font-size: 16px;}<\/style><div id=\"sp_easy_accordion-1708093300\">\n<div id=\"sp-ea-3008\" class=\"sp-ea-one sp-easy-accordion\" data-ex-icon=\"minus\" data-col-icon=\"plus\" data-ea-active=\"ea-click\" data-ea-mode=\"vertical\" data-preloader=\"\" data-scroll-active-item=\"1\" data-offset-to-scroll=\"0\">\n\t<!-- Start accordion card div. -->\n\t<div class=\"ea-card  sp-ea-single\">\n\t\t<!-- Start accordion header. -->\n\t\t<h3 class=\"ea-header\">\n\t\t\t<!-- Add anchor tag for header. -->\n\t\t\t<a class=\"collapsed\" id=\"ea-header-30080\" data-sptoggle=\"spcollapse\" data-sptarget=\"#collapse30080\" aria-controls=\"collapse30080\" href=\"#\"  aria-expanded=\"false\" tabindex=\"0\">\n\t\t\t<i class=\"ea-expand-icon ea-icon-expand-plus\"><\/i> OSO\t\t\t<\/a> <!-- Close anchor tag for header. -->\n\t\t<\/h3>\t<!-- Close header tag. -->\n\t\t<!-- Start collapsible content div. -->\n\t\t<div class=\"sp-collapse spcollapse spcollapse\" id=\"collapse30080\" data-parent=\"#sp-ea-3008\" role=\"region\" aria-labelledby=\"ea-header-30080\">  <!-- Content div. -->\n\t\t\t<div class=\"ea-body\">\n\t\t\t<p><strong><em>(OSO)<\/em><\/strong><br \/>\nBruno Louren\u00e7o, Portugal, Fiction, 2021, 29\u2019<\/p>\n<p>&nbsp;<\/p>\n<div class=\"eventoforum\"><a href=\"https:\/\/arquivo.cineeco.pt\/wp-content\/uploads\/2024\/03\/oso.jpg\" target=\"_blank\" rel=\"noopener\"><img decoding=\"async\" src=\"https:\/\/www.cineeco.pt\/2021\/imagens\/filmes\/05-curtas-pt\/oso-prev.jpg\" \/><\/a><\/div>\n<div class=\"eventoforum2\">\n<p class=\"rtejustify\">\n<\/div>\n<div class=\"eventos\">\n<p>&nbsp;<\/p>\n<p class=\"rtejustify\">The report of a sighting of a solitary bear in a border town is received enthusiastically by the locals and by a young nature watcher.<\/p>\n<p class=\"rtejustify\">\n<p>Trailer: https:\/\/www.youtube.com\/watch?v=rvwSI7Od6xI<\/p>\n<\/div>\n\t\t\t<\/div> <!-- Close content div. -->\n\t\t<\/div> <!-- Close collapse div. -->\n\t<\/div> <!-- Close card div. -->\n\t\t<!-- Start accordion card div. -->\n\t<div class=\"ea-card  sp-ea-single\">\n\t\t<!-- Start accordion header. -->\n\t\t<h3 class=\"ea-header\">\n\t\t\t<!-- Add anchor tag for header. -->\n\t\t\t<a class=\"collapsed\" id=\"ea-header-30081\" data-sptoggle=\"spcollapse\" data-sptarget=\"#collapse30081\" aria-controls=\"collapse30081\" href=\"#\"  aria-expanded=\"false\" tabindex=\"0\">\n\t\t\t<i class=\"ea-expand-icon ea-icon-expand-plus\"><\/i> \u00c2NGELO\t\t\t<\/a> <!-- Close anchor tag for header. -->\n\t\t<\/h3>\t<!-- Close header tag. -->\n\t\t<!-- Start collapsible content div. -->\n\t\t<div class=\"sp-collapse spcollapse spcollapse\" id=\"collapse30081\" data-parent=\"#sp-ea-3008\" role=\"region\" aria-labelledby=\"ea-header-30081\">  <!-- Content div. -->\n\t\t\t<div class=\"ea-body\">\n\t\t\t<p><strong><em>(\u00c2NGELO)<\/em><\/strong><br \/>\nMariana Machado, Brasil, Documentary, 2020, 28'<\/p>\n<p>&nbsp;<\/p>\n<div class=\"eventoforum\"><a href=\"https:\/\/arquivo.cineeco.pt\/wp-content\/uploads\/2024\/03\/angelo.jpg\" target=\"_blank\" rel=\"noopener\"><img decoding=\"async\" src=\"https:\/\/www.cineeco.pt\/2021\/imagens\/filmes\/05-curtas-pt\/angelo-prev.jpg\" \/><\/a><\/div>\n<div class=\"eventoforum2\">\n<p class=\"rtejustify\">\n<\/div>\n<div class=\"eventos\">\n<p>&nbsp;<\/p>\n<p class=\"rtejustify\">A multifaceted portrait of \u00c2ngelo Machado: grandfather, scientist, teacher, playwright, author, environmentalist, zoologist and scholar of dragonflies and butterflies. This film intimately depict the singular world of \u00c2ngelo, through the strong relationship with his granddaughter and director, dwelling on subject \u201clife\u201d in its construction: through the careful observation of gestures, expressions, memories, dreams, stories, affections, creations, journeys, old age, and unique perspectives of a being. The film is a celebration of the existence of this being: \u00c2ngelo.<\/p>\n<p class=\"rtejustify\">\n<\/div>\n\t\t\t<\/div> <!-- Close content div. -->\n\t\t<\/div> <!-- Close collapse div. -->\n\t<\/div> <!-- Close card div. -->\n\t\t<!-- Start accordion card div. -->\n\t<div class=\"ea-card  sp-ea-single\">\n\t\t<!-- Start accordion header. -->\n\t\t<h3 class=\"ea-header\">\n\t\t\t<!-- Add anchor tag for header. -->\n\t\t\t<a class=\"collapsed\" id=\"ea-header-30082\" data-sptoggle=\"spcollapse\" data-sptarget=\"#collapse30082\" aria-controls=\"collapse30082\" href=\"#\"  aria-expanded=\"false\" tabindex=\"0\">\n\t\t\t<i class=\"ea-expand-icon ea-icon-expand-plus\"><\/i> JAMARY\t\t\t<\/a> <!-- Close anchor tag for header. -->\n\t\t<\/h3>\t<!-- Close header tag. -->\n\t\t<!-- Start collapsible content div. -->\n\t\t<div class=\"sp-collapse spcollapse spcollapse\" id=\"collapse30082\" data-parent=\"#sp-ea-3008\" role=\"region\" aria-labelledby=\"ea-header-30082\">  <!-- Content div. -->\n\t\t\t<div class=\"ea-body\">\n\t\t\t<p><strong><em>(JAMARY)<\/em><\/strong><br \/>\nBeg\u00ea Muniz, Brasil, Fiction, 2021, 15\u2019<\/p>\n<p>&nbsp;<\/p>\n<div class=\"eventoforum\"><a href=\"https:\/\/arquivo.cineeco.pt\/wp-content\/uploads\/2024\/03\/jamary.jpg\" target=\"_blank\" rel=\"noopener\"><img decoding=\"async\" src=\"https:\/\/www.cineeco.pt\/2021\/imagens\/filmes\/05-curtas-pt\/jamary-prev.jpg\" \/><\/a><\/div>\n<div class=\"eventoforum2\">\n<p class=\"rtejustify\">\n<\/div>\n<div class=\"eventos\">\n<p>&nbsp;<\/p>\n<p class=\"rtejustify\">Ane spends her afternoons playing on the edge of the forest with her cousins, until she notices Anhang\u00e1, an indigenous spirit that surrounds her community. But, in venturing deeper into the forest, Ane comes across a truly haunting revelation.<\/p>\n<p>Trailer: https:\/\/www.youtube.com\/watch?v=2OQN8T5A87E<\/p>\n<\/div>\n\t\t\t<\/div> <!-- Close content div. -->\n\t\t<\/div> <!-- Close collapse div. -->\n\t<\/div> <!-- Close card div. -->\n\t\t<!-- Start accordion card div. -->\n\t<div class=\"ea-card  sp-ea-single\">\n\t\t<!-- Start accordion header. -->\n\t\t<h3 class=\"ea-header\">\n\t\t\t<!-- Add anchor tag for header. -->\n\t\t\t<a class=\"collapsed\" id=\"ea-header-30083\" data-sptoggle=\"spcollapse\" data-sptarget=\"#collapse30083\" aria-controls=\"collapse30083\" href=\"#\"  aria-expanded=\"false\" tabindex=\"0\">\n\t\t\t<i class=\"ea-expand-icon ea-icon-expand-plus\"><\/i> A MALA\t\t\t<\/a> <!-- Close anchor tag for header. -->\n\t\t<\/h3>\t<!-- Close header tag. -->\n\t\t<!-- Start collapsible content div. -->\n\t\t<div class=\"sp-collapse spcollapse spcollapse\" id=\"collapse30083\" data-parent=\"#sp-ea-3008\" role=\"region\" aria-labelledby=\"ea-header-30083\">  <!-- Content div. -->\n\t\t\t<div class=\"ea-body\">\n\t\t\t<p><strong><em>(A MALA)<\/em><\/strong><br \/>\nDiogo Pereira and Angelisabel Freitas, Portugal, Fiction, 2021, 5\u2019<\/p>\n<p>&nbsp;<\/p>\n<div class=\"eventoforum\"><a href=\"https:\/\/arquivo.cineeco.pt\/wp-content\/uploads\/2024\/03\/amala.jpg\" target=\"_blank\" rel=\"noopener\"><img decoding=\"async\" src=\"https:\/\/www.cineeco.pt\/2021\/imagens\/filmes\/05-curtas-pt\/amala-prev.jpg\" \/><\/a><\/div>\n<div class=\"eventoforum2\">\n<p class=\"rtejustify\">\n<\/div>\n<div class=\"eventos\">\n<p>&nbsp;<\/p>\n<p class=\"rtejustify\">Salvador is a young man addicted to the New Technologies since he was a child. The death of his grandfather will teach him a great life lesson.<\/p>\n<p>Trailer: https:\/\/www.youtube.com\/watch?v=SPz83SLSF_g<\/p>\n<\/div>\n\t\t\t<\/div> <!-- Close content div. -->\n\t\t<\/div> <!-- Close collapse div. -->\n\t<\/div> <!-- Close card div. -->\n\t\t<!-- Start accordion card div. -->\n\t<div class=\"ea-card  sp-ea-single\">\n\t\t<!-- Start accordion header. -->\n\t\t<h3 class=\"ea-header\">\n\t\t\t<!-- Add anchor tag for header. -->\n\t\t\t<a class=\"collapsed\" id=\"ea-header-30084\" data-sptoggle=\"spcollapse\" data-sptarget=\"#collapse30084\" aria-controls=\"collapse30084\" href=\"#\"  aria-expanded=\"false\" tabindex=\"0\">\n\t\t\t<i class=\"ea-expand-icon ea-icon-expand-plus\"><\/i> T\u00c1LIA\t\t\t<\/a> <!-- Close anchor tag for header. -->\n\t\t<\/h3>\t<!-- Close header tag. -->\n\t\t<!-- Start collapsible content div. -->\n\t\t<div class=\"sp-collapse spcollapse spcollapse\" id=\"collapse30084\" data-parent=\"#sp-ea-3008\" role=\"region\" aria-labelledby=\"ea-header-30084\">  <!-- Content div. -->\n\t\t\t<div class=\"ea-body\">\n\t\t\t<p><strong><em>(T\u00c1LIA)<\/em><\/strong><br \/>\nDavid Gomes &amp; Pedro Cruz, Portugal, Documentary, 2021, 25\u2019<\/p>\n<p>&nbsp;<\/p>\n<div class=\"eventoforum\"><a href=\"https:\/\/arquivo.cineeco.pt\/wp-content\/uploads\/2024\/03\/talia.jpg\" target=\"_blank\" rel=\"noopener\"><img decoding=\"async\" src=\"https:\/\/www.cineeco.pt\/2021\/imagens\/filmes\/05-curtas-pt\/talia-prev.jpg\" \/><\/a><\/div>\n<div class=\"eventoforum2\">\n<p class=\"rtejustify\">\n<\/div>\n<div class=\"eventos\">\n<p>&nbsp;<\/p>\n<p class=\"rtejustify\">Nat\u00e1lia used to be just one of many women who made bulrush mats. Today she is the only one.<\/p>\n<p class=\"rtejustify\">\n<p>Trailer: https:\/\/youtu.be\/y0BC3W4mTec<\/p>\n<\/div>\n\t\t\t<\/div> <!-- Close content div. -->\n\t\t<\/div> <!-- Close collapse div. -->\n\t<\/div> <!-- Close card div. -->\n\t\t<!-- Start accordion card div. -->\n\t<div class=\"ea-card  sp-ea-single\">\n\t\t<!-- Start accordion header. -->\n\t\t<h3 class=\"ea-header\">\n\t\t\t<!-- Add anchor tag for header. -->\n\t\t\t<a class=\"collapsed\" id=\"ea-header-30085\" data-sptoggle=\"spcollapse\" data-sptarget=\"#collapse30085\" aria-controls=\"collapse30085\" href=\"#\"  aria-expanded=\"false\" tabindex=\"0\">\n\t\t\t<i class=\"ea-expand-icon ea-icon-expand-plus\"><\/i> PARA C\u00c1 DO MAR\u00c3O\t\t\t<\/a> <!-- Close anchor tag for header. -->\n\t\t<\/h3>\t<!-- Close header tag. -->\n\t\t<!-- Start collapsible content div. -->\n\t\t<div class=\"sp-collapse spcollapse spcollapse\" id=\"collapse30085\" data-parent=\"#sp-ea-3008\" role=\"region\" aria-labelledby=\"ea-header-30085\">  <!-- Content div. -->\n\t\t\t<div class=\"ea-body\">\n\t\t\t<p><strong><em>(PARA C\u00c1 DO MAR\u00c3O)<\/em><\/strong><br \/>\nJos\u00e9 Mazeda, Portugal, Fiction, 2020, 22\u2019<\/p>\n<p>&nbsp;<\/p>\n<div class=\"eventoforum\"><a href=\"https:\/\/arquivo.cineeco.pt\/wp-content\/uploads\/2024\/03\/paraca-marao.jpg\" target=\"_blank\" rel=\"noopener\"><img decoding=\"async\" src=\"https:\/\/www.cineeco.pt\/2021\/imagens\/filmes\/05-curtas-pt\/paraca-marao-prev.jpg\" \/><\/a><\/div>\n<div class=\"eventoforum2\">\n<p class=\"rtejustify\">\n<\/div>\n<div class=\"eventos\">\n<p>&nbsp;<\/p>\n<p class=\"rtejustify\">In the village of Gralhas, Montalegre, where the values of tradition and honour are sacred, the theft of water dictates tragedy.<\/p>\n<p class=\"rtejustify\">\n<p>Trailer: https:\/\/vimeo.com\/458203648\/73a297b6b0<\/p>\n<\/div>\n\t\t\t<\/div> <!-- Close content div. -->\n\t\t<\/div> <!-- Close collapse div. -->\n\t<\/div> <!-- Close card div. -->\n\t\t<!-- Start accordion card div. -->\n\t<div class=\"ea-card  sp-ea-single\">\n\t\t<!-- Start accordion header. -->\n\t\t<h3 class=\"ea-header\">\n\t\t\t<!-- Add anchor tag for header. -->\n\t\t\t<a class=\"collapsed\" id=\"ea-header-30086\" data-sptoggle=\"spcollapse\" data-sptarget=\"#collapse30086\" aria-controls=\"collapse30086\" href=\"#\"  aria-expanded=\"false\" tabindex=\"0\">\n\t\t\t<i class=\"ea-expand-icon ea-icon-expand-plus\"><\/i> LETHES\t\t\t<\/a> <!-- Close anchor tag for header. -->\n\t\t<\/h3>\t<!-- Close header tag. -->\n\t\t<!-- Start collapsible content div. -->\n\t\t<div class=\"sp-collapse spcollapse spcollapse\" id=\"collapse30086\" data-parent=\"#sp-ea-3008\" role=\"region\" aria-labelledby=\"ea-header-30086\">  <!-- Content div. -->\n\t\t\t<div class=\"ea-body\">\n\t\t\t<p><strong><em>(LETHES)<\/em><\/strong><br \/>\nEduardo Brito, Portugal, Fiction, 2021, 16\u2019<\/p>\n<p>&nbsp;<\/p>\n<div class=\"eventoforum\"><a href=\"https:\/\/arquivo.cineeco.pt\/wp-content\/uploads\/2024\/03\/lethes.jpg\" target=\"_blank\" rel=\"noopener\"><img decoding=\"async\" src=\"https:\/\/www.cineeco.pt\/2021\/imagens\/filmes\/05-curtas-pt\/lethes-prev.jpg\" \/><\/a><\/div>\n<div class=\"eventoforum2\">\n<p class=\"rtejustify\">\n<\/div>\n<div class=\"eventos\">\n<p>&nbsp;<\/p>\n<p class=\"rtejustify\">There is a village in the mountain and a house in the village, where Ema repeats gestures and tasks: she takes care of her grandmother, walks, reads, waits. Until one day the cycle breaks: what happened in the mountain house?<\/p>\n<p class=\"rtejustify\">\n<p>Trailer: https:\/\/www.youtube.com\/watch?v=kQsD2_XlYSA<\/p>\n<\/div>\n\t\t\t<\/div> <!-- Close content div. -->\n\t\t<\/div> <!-- Close collapse div. -->\n\t<\/div> <!-- Close card div. -->\n\t\t<!-- Start accordion card div. -->\n\t<div class=\"ea-card  sp-ea-single\">\n\t\t<!-- Start accordion header. -->\n\t\t<h3 class=\"ea-header\">\n\t\t\t<!-- Add anchor tag for header. -->\n\t\t\t<a class=\"collapsed\" id=\"ea-header-30087\" data-sptoggle=\"spcollapse\" data-sptarget=\"#collapse30087\" aria-controls=\"collapse30087\" href=\"#\"  aria-expanded=\"false\" tabindex=\"0\">\n\t\t\t<i class=\"ea-expand-icon ea-icon-expand-plus\"><\/i> SAUDADE\t\t\t<\/a> <!-- Close anchor tag for header. -->\n\t\t<\/h3>\t<!-- Close header tag. -->\n\t\t<!-- Start collapsible content div. -->\n\t\t<div class=\"sp-collapse spcollapse spcollapse\" id=\"collapse30087\" data-parent=\"#sp-ea-3008\" role=\"region\" aria-labelledby=\"ea-header-30087\">  <!-- Content div. -->\n\t\t\t<div class=\"ea-body\">\n\t\t\t<p><strong><em>(SAUDADE)<\/em><\/strong><br \/>\nSandra Duarte Cardoso and Tiago I\u00fari, Portugal, Documentary, 2021, 9\u2019<\/p>\n<p>&nbsp;<\/p>\n<div class=\"eventoforum\"><a href=\"https:\/\/arquivo.cineeco.pt\/wp-content\/uploads\/2024\/03\/saudade.jpg\" target=\"_blank\" rel=\"noopener\"><img decoding=\"async\" src=\"https:\/\/www.cineeco.pt\/2021\/imagens\/filmes\/05-curtas-pt\/saudade-prev.jpg\" \/><\/a><\/div>\n<div class=\"eventoforum2\">\n<p class=\"rtejustify\">\n<\/div>\n<div class=\"eventos\">\n<p>&nbsp;<\/p>\n<p class=\"rtejustify\">Sandra Duarte Cardoso, a veterinarian and founder of SOS Animal in Portugal, went to meet Najin, Fatu and their protectors. This is a story of a meeting of the last two white rhinos of the north.<\/p>\n<p class=\"rtejustify\">\n<p>Trailer: https:\/\/www.youtube.com\/watch?v=8Rd8QFkLMfg<\/p>\n<\/div>\n\t\t\t<\/div> <!-- Close content div. -->\n\t\t<\/div> <!-- Close collapse div. -->\n\t<\/div> <!-- Close card div. -->\n\t\t<!-- Start accordion card div. -->\n\t<div class=\"ea-card  sp-ea-single\">\n\t\t<!-- Start accordion header. -->\n\t\t<h3 class=\"ea-header\">\n\t\t\t<!-- Add anchor tag for header. -->\n\t\t\t<a class=\"collapsed\" id=\"ea-header-30088\" data-sptoggle=\"spcollapse\" data-sptarget=\"#collapse30088\" aria-controls=\"collapse30088\" href=\"#\"  aria-expanded=\"false\" tabindex=\"0\">\n\t\t\t<i class=\"ea-expand-icon ea-icon-expand-plus\"><\/i> EF\u00c9MERO\t\t\t<\/a> <!-- Close anchor tag for header. -->\n\t\t<\/h3>\t<!-- Close header tag. -->\n\t\t<!-- Start collapsible content div. -->\n\t\t<div class=\"sp-collapse spcollapse spcollapse\" id=\"collapse30088\" data-parent=\"#sp-ea-3008\" role=\"region\" aria-labelledby=\"ea-header-30088\">  <!-- Content div. -->\n\t\t\t<div class=\"ea-body\">\n\t\t\t<p><strong><em>(EF\u00c9MERO)<\/em><\/strong><br \/>\nPaulo Fajardo, Portugal, Documentary, 2021, 3\u2019<\/p>\n<p>&nbsp;<\/p>\n<div class=\"eventoforum\"><a href=\"https:\/\/arquivo.cineeco.pt\/wp-content\/uploads\/2024\/03\/efemero.jpg\" target=\"_blank\" rel=\"noopener\"><img decoding=\"async\" src=\"https:\/\/www.cineeco.pt\/2021\/imagens\/filmes\/05-curtas-pt\/efemero-prev.jpg\" \/><\/a><\/div>\n<div class=\"eventoforum2\">\n<p class=\"rtejustify\">\n<\/div>\n<div class=\"eventos\">\n<p>&nbsp;<\/p>\n<p class=\"rtejustify\">During the Coronavirus pandemic we lived as hostages within four walls, but the days will soon arrive when we can live and dream again. Life is ephemeral, but the spirit is free. The \u201cEphemeral\u201d short film was shot in 2020 on New Year\u2019s Eve. It symbolises an innocent look of hope in a unconfined future, free from the Coronavirus pandemic.<\/p>\n<p class=\"rtejustify\">\n<p>Trailer: https:\/\/www.youtube.com\/watch?v=026Mkghyr84<\/p>\n<\/div>\n\t\t\t<\/div> <!-- Close content div. -->\n\t\t<\/div> <!-- Close collapse div. -->\n\t<\/div> <!-- Close card div. -->\n\t\t<!-- Start accordion card div. -->\n\t<div class=\"ea-card  sp-ea-single\">\n\t\t<!-- Start accordion header. -->\n\t\t<h3 class=\"ea-header\">\n\t\t\t<!-- Add anchor tag for header. -->\n\t\t\t<a class=\"collapsed\" id=\"ea-header-30089\" data-sptoggle=\"spcollapse\" data-sptarget=\"#collapse30089\" aria-controls=\"collapse30089\" href=\"#\"  aria-expanded=\"false\" tabindex=\"0\">\n\t\t\t<i class=\"ea-expand-icon ea-icon-expand-plus\"><\/i> PRAZER DE MATAR INSETOS\t\t\t<\/a> <!-- Close anchor tag for header. -->\n\t\t<\/h3>\t<!-- Close header tag. -->\n\t\t<!-- Start collapsible content div. -->\n\t\t<div class=\"sp-collapse spcollapse spcollapse\" id=\"collapse30089\" data-parent=\"#sp-ea-3008\" role=\"region\" aria-labelledby=\"ea-header-30089\">  <!-- Content div. -->\n\t\t\t<div class=\"ea-body\">\n\t\t\t<p><strong><em>(The Pleasure of Killing Bugs)<\/em><\/strong><br \/>\nLeonardo Martinelli, Fiction, Brasil, 2021, 10\u2019<\/p>\n<p>&nbsp;<\/p>\n<div class=\"eventoforum\"><a href=\"https:\/\/arquivo.cineeco.pt\/wp-content\/uploads\/2024\/03\/prazer-matar-insetos.jpg\" target=\"_blank\" rel=\"noopener\"><img decoding=\"async\" src=\"https:\/\/www.cineeco.pt\/2021\/imagens\/filmes\/05-curtas-pt\/prazer-matar-insetos-prev.jpg\" \/><\/a><\/div>\n<div class=\"eventoforum2\">\n<p class=\"rtejustify\">\n<\/div>\n<div class=\"eventos\">\n<p>&nbsp;<\/p>\n<p class=\"rtejustify\">In the near future, the climate crisis reaches an irreversible point. A nun and a priest meet to talk about the disappearance of insects.<\/p>\n<p class=\"rtejustify\">\n<p>Trailer: https:\/\/www.youtube.com\/watch?v=s7MzSnsrU7M<\/p>\n<\/div>\n\t\t\t<\/div> <!-- Close content div. -->\n\t\t<\/div> <!-- Close collapse div. -->\n\t<\/div> <!-- Close card div. -->\n\t\t<!-- Start accordion card div. -->\n\t<div class=\"ea-card  sp-ea-single\">\n\t\t<!-- Start accordion header. -->\n\t\t<h3 class=\"ea-header\">\n\t\t\t<!-- Add anchor tag for header. -->\n\t\t\t<a class=\"collapsed\" id=\"ea-header-300810\" data-sptoggle=\"spcollapse\" data-sptarget=\"#collapse300810\" aria-controls=\"collapse300810\" href=\"#\"  aria-expanded=\"false\" tabindex=\"0\">\n\t\t\t<i class=\"ea-expand-icon ea-icon-expand-plus\"><\/i> ELO\t\t\t<\/a> <!-- Close anchor tag for header. -->\n\t\t<\/h3>\t<!-- Close header tag. -->\n\t\t<!-- Start collapsible content div. -->\n\t\t<div class=\"sp-collapse spcollapse spcollapse\" id=\"collapse300810\" data-parent=\"#sp-ea-3008\" role=\"region\" aria-labelledby=\"ea-header-300810\">  <!-- Content div. -->\n\t\t\t<div class=\"ea-body\">\n\t\t\t<p><strong><em>(ELO)<\/em><\/strong><br \/>\nAlexandra Ramires (X\u00e1), Portugal, Animation, 2020, 11'<\/p>\n<p>&nbsp;<\/p>\n<div class=\"eventoforum\"><a href=\"https:\/\/arquivo.cineeco.pt\/wp-content\/uploads\/2024\/03\/elo.jpg\" target=\"_blank\" rel=\"noopener\"><img decoding=\"async\" src=\"https:\/\/www.cineeco.pt\/2021\/imagens\/filmes\/05-curtas-pt\/elo-prev.jpg\" \/><\/a><\/div>\n<div class=\"eventoforum2\">\n<p class=\"rtejustify\">\n<\/div>\n<div class=\"eventos\">\n<p>&nbsp;<\/p>\n<p class=\"rtejustify\">Under a gloomy sun, two characters look for adaptation.<\/p>\n<p class=\"rtejustify\">\n<p>Trailer: https:\/\/vimeo.com\/396980733<\/p>\n<\/div>\n\t\t\t<\/div> <!-- Close content div. -->\n\t\t<\/div> <!-- Close collapse div. -->\n\t<\/div> <!-- Close card div. -->\n\t\t<!-- Start accordion card div. -->\n\t<div class=\"ea-card  sp-ea-single\">\n\t\t<!-- Start accordion header. -->\n\t\t<h3 class=\"ea-header\">\n\t\t\t<!-- Add anchor tag for header. -->\n\t\t\t<a class=\"collapsed\" id=\"ea-header-300811\" data-sptoggle=\"spcollapse\" data-sptarget=\"#collapse300811\" aria-controls=\"collapse300811\" href=\"#\"  aria-expanded=\"false\" tabindex=\"0\">\n\t\t\t<i class=\"ea-expand-icon ea-icon-expand-plus\"><\/i> O QUE N\u00c3O SE V\u00ca\t\t\t<\/a> <!-- Close anchor tag for header. -->\n\t\t<\/h3>\t<!-- Close header tag. -->\n\t\t<!-- Start collapsible content div. -->\n\t\t<div class=\"sp-collapse spcollapse spcollapse\" id=\"collapse300811\" data-parent=\"#sp-ea-3008\" role=\"region\" aria-labelledby=\"ea-header-300811\">  <!-- Content div. -->\n\t\t\t<div class=\"ea-body\">\n\t\t\t<p><strong><em>(O QUE N\u00c3O SE V\u00ca)<\/em><\/strong><br \/>\nPaulo Abreu, Portugal, Experimental\/Test, 2020, 24\u2019<\/p>\n<p>&nbsp;<\/p>\n<div class=\"eventoforum\"><a href=\"https:\/\/arquivo.cineeco.pt\/wp-content\/uploads\/2024\/03\/o-quenaoseve.jpg\" target=\"_blank\" rel=\"noopener\"><img decoding=\"async\" src=\"https:\/\/www.cineeco.pt\/2021\/imagens\/filmes\/05-curtas-pt\/o-quenaoseve-prev.jpg\" \/><\/a><\/div>\n<div class=\"eventoforum2\">\n<p class=\"rtejustify\">\n<\/div>\n<div class=\"eventos\">\n<p>&nbsp;<\/p>\n<p class=\"rtejustify\">The documentary was put together using the investigative journeys for a film in the Azores, between 2015 and 2016, on the islands of Pico and Faial. Years later, looking over the captured material, the director discovered another film. A hidden film, in which the power of Nature and chance reveal a narrative about friendship, cinema and the influence of the unexpected in artistic creation.<\/p>\n<p class=\"rtejustify\">\n<p>Trailer: https:\/\/vimeo.com\/481655134<\/p>\n<\/div>\n\t\t\t<\/div> <!-- Close content div. -->\n\t\t<\/div> <!-- Close collapse div. -->\n\t<\/div> <!-- Close card div. -->\n\t\t<!-- Start accordion card div. -->\n\t<div class=\"ea-card  sp-ea-single\">\n\t\t<!-- Start accordion header. -->\n\t\t<h3 class=\"ea-header\">\n\t\t\t<!-- Add anchor tag for header. -->\n\t\t\t<a class=\"collapsed\" id=\"ea-header-300812\" data-sptoggle=\"spcollapse\" data-sptarget=\"#collapse300812\" aria-controls=\"collapse300812\" href=\"#\"  aria-expanded=\"false\" tabindex=\"0\">\n\t\t\t<i class=\"ea-expand-icon ea-icon-expand-plus\"><\/i> NOITE TURVA\t\t\t<\/a> <!-- Close anchor tag for header. -->\n\t\t<\/h3>\t<!-- Close header tag. -->\n\t\t<!-- Start collapsible content div. -->\n\t\t<div class=\"sp-collapse spcollapse spcollapse\" id=\"collapse300812\" data-parent=\"#sp-ea-3008\" role=\"region\" aria-labelledby=\"ea-header-300812\">  <!-- Content div. -->\n\t\t\t<div class=\"ea-body\">\n\t\t\t<p><strong><em>(NOITE TURVA)<\/em><\/strong><br \/>\nDiogo Salgado, Portugal, Fiction, 2020, 14\u2019<\/p>\n<p>&nbsp;<\/p>\n<div class=\"eventoforum\"><a href=\"https:\/\/arquivo.cineeco.pt\/wp-content\/uploads\/2024\/03\/noite-turva.jpg\" target=\"_blank\" rel=\"noopener\"><img decoding=\"async\" src=\"https:\/\/www.cineeco.pt\/2021\/imagens\/filmes\/05-curtas-pt\/noite-turva-prev.jpg\" \/><\/a><\/div>\n<div class=\"eventoforum2\">\n<p class=\"rtejustify\">\n<\/div>\n<div class=\"eventos\">\n<p>&nbsp;<\/p>\n<p class=\"rtejustify\">Birds fly over two boys playing on the banks of the lagoon. The disappearance of one darkens the night of the other.<\/p>\n<p class=\"rtejustify\">\n<p>Trailer: https:\/\/vimeo.com\/477669906<\/p>\n<\/div>\n\t\t\t<\/div> <!-- Close content div. -->\n\t\t<\/div> <!-- Close collapse div. -->\n\t<\/div> <!-- Close card div. -->\n\t\t<!-- Start accordion card div. -->\n\t<div class=\"ea-card  sp-ea-single\">\n\t\t<!-- Start accordion header. -->\n\t\t<h3 class=\"ea-header\">\n\t\t\t<!-- Add anchor tag for header. -->\n\t\t\t<a class=\"collapsed\" id=\"ea-header-300813\" data-sptoggle=\"spcollapse\" data-sptarget=\"#collapse300813\" aria-controls=\"collapse300813\" href=\"#\"  aria-expanded=\"false\" tabindex=\"0\">\n\t\t\t<i class=\"ea-expand-icon ea-icon-expand-plus\"><\/i> ALMA\t\t\t<\/a> <!-- Close anchor tag for header. -->\n\t\t<\/h3>\t<!-- Close header tag. -->\n\t\t<!-- Start collapsible content div. -->\n\t\t<div class=\"sp-collapse spcollapse spcollapse\" id=\"collapse300813\" data-parent=\"#sp-ea-3008\" role=\"region\" aria-labelledby=\"ea-header-300813\">  <!-- Content div. -->\n\t\t\t<div class=\"ea-body\">\n\t\t\t<p><strong><em>(ALMA)<\/em><\/strong><br \/>\nM\u00f3nica Santos, Portugal, Experimental, 2020, 8\u2019<\/p>\n<p>&nbsp;<\/p>\n<div class=\"eventoforum\"><a href=\"https:\/\/arquivo.cineeco.pt\/wp-content\/uploads\/2024\/03\/alma.jpg\" target=\"_blank\" rel=\"noopener\"><img decoding=\"async\" src=\"https:\/\/www.cineeco.pt\/2021\/imagens\/filmes\/05-curtas-pt\/alma-prev.jpg\" \/><\/a><\/div>\n<div class=\"eventoforum2\">\n<p class=\"rtejustify\">\n<\/div>\n<div class=\"eventos\">\n<p>&nbsp;<\/p>\n<p class=\"rtejustify\">A poetic expedition, where a wanderer looks for her soul mate, solely to find it close to her.<\/p>\n<p class=\"rtejustify\">\n<p>Trailer: https:\/\/vimeo.com\/517867877\/f3457a563c<\/p>\n<\/div>\n\t\t\t<\/div> <!-- Close content div. -->\n\t\t<\/div> <!-- Close collapse div. -->\n\t<\/div> <!-- Close card div. -->\n\t\t<!-- Start accordion card div. -->\n\t<div class=\"ea-card  sp-ea-single\">\n\t\t<!-- Start accordion header. -->\n\t\t<h3 class=\"ea-header\">\n\t\t\t<!-- Add anchor tag for header. -->\n\t\t\t<a class=\"collapsed\" id=\"ea-header-300814\" data-sptoggle=\"spcollapse\" data-sptarget=\"#collapse300814\" aria-controls=\"collapse300814\" href=\"#\"  aria-expanded=\"false\" tabindex=\"0\">\n\t\t\t<i class=\"ea-expand-icon ea-icon-expand-plus\"><\/i> MUSGO\t\t\t<\/a> <!-- Close anchor tag for header. -->\n\t\t<\/h3>\t<!-- Close header tag. -->\n\t\t<!-- Start collapsible content div. -->\n\t\t<div class=\"sp-collapse spcollapse spcollapse\" id=\"collapse300814\" data-parent=\"#sp-ea-3008\" role=\"region\" aria-labelledby=\"ea-header-300814\">  <!-- Content div. -->\n\t\t\t<div class=\"ea-body\">\n\t\t\t<p><strong><em>(MUSGO)<\/em><\/strong><br \/>\nGon\u00e7alo L. Almeida and Alexandra Guimar\u00e3es, Portugal, Docufiction, 2021, 15\u2019<\/p>\n<p>&nbsp;<\/p>\n<div class=\"eventoforum\"><a href=\"https:\/\/arquivo.cineeco.pt\/wp-content\/uploads\/2024\/03\/musgo.jpg\" target=\"_blank\" rel=\"noopener\"><img decoding=\"async\" src=\"https:\/\/www.cineeco.pt\/2021\/imagens\/filmes\/05-curtas-pt\/musgo-prev.jpg\" \/><\/a><\/div>\n<div class=\"eventoforum2\">\n<p class=\"rtejustify\">\n<\/div>\n<div class=\"eventos\">\n<p>&nbsp;<\/p>\n<p class=\"rtejustify\">In exploring the inside of a tree, a girl is taken on a mystical journey to the heart of the Tr\u00e1s-os-Montes region. \u201cMusgo\u201d (Moss) is an ethnographical docufiction that explores the cultural and affective expressions of pagan origin in northern Portugal.<\/p>\n<p class=\"rtejustify\">\n<p>https:\/\/www.facebook.com\/musgodoc\/<\/p>\n<\/div>\n\t\t\t<\/div> <!-- Close content div. -->\n\t\t<\/div> <!-- Close collapse div. -->\n\t<\/div> <!-- Close card div. -->\n\t<\/div>\n<\/div>\n\n\n\n\n<div style=\"height:90px\" aria-hidden=\"true\" class=\"wp-block-spacer\"><\/div>\n\n\n\n<p class=\"has-text-color has-link-color wp-elements-22e6237c2f9d189377183efed24da5f5\" style=\"color:#ab9431;font-size:18px\">&gt;&gt; COMPETI\u00c7\u00c3O&nbsp;PANORAMA REGIONAL<\/p>\n\n\n<style>#sp-ea-3026 .spcollapsing { height: 0; overflow: hidden; transition-property: height;transition-duration: 300ms;}#sp-ea-3026.sp-easy-accordion>.sp-ea-single {margin-bottom: 10px; border: 1px solid #e2e2e2; }#sp-ea-3026.sp-easy-accordion>.sp-ea-single>.ea-header a {color: #444;}#sp-ea-3026.sp-easy-accordion>.sp-ea-single>.sp-collapse>.ea-body {background: #fff; color: #444;}#sp-ea-3026.sp-easy-accordion>.sp-ea-single {background: #f2f2f2;}#sp-ea-3026.sp-easy-accordion>.sp-ea-single>.ea-header a .ea-expand-icon { float: left; color: #444;font-size: 16px;}<\/style><div id=\"sp_easy_accordion-1708093300\">\n<div id=\"sp-ea-3026\" class=\"sp-ea-one sp-easy-accordion\" data-ex-icon=\"minus\" data-col-icon=\"plus\" data-ea-active=\"ea-click\" data-ea-mode=\"vertical\" data-preloader=\"\" data-scroll-active-item=\"1\" data-offset-to-scroll=\"0\">\n\t<!-- Start accordion card div. -->\n\t<div class=\"ea-card  sp-ea-single\">\n\t\t<!-- Start accordion header. -->\n\t\t<h3 class=\"ea-header\">\n\t\t\t<!-- Add anchor tag for header. -->\n\t\t\t<a class=\"collapsed\" id=\"ea-header-30260\" data-sptoggle=\"spcollapse\" data-sptarget=\"#collapse30260\" aria-controls=\"collapse30260\" href=\"#\"  aria-expanded=\"false\" tabindex=\"0\">\n\t\t\t<i class=\"ea-expand-icon ea-icon-expand-plus\"><\/i> O MEU VENTO \u00c9 O NORTE\t\t\t<\/a> <!-- Close anchor tag for header. -->\n\t\t<\/h3>\t<!-- Close header tag. -->\n\t\t<!-- Start collapsible content div. -->\n\t\t<div class=\"sp-collapse spcollapse spcollapse\" id=\"collapse30260\" data-parent=\"#sp-ea-3026\" role=\"region\" aria-labelledby=\"ea-header-30260\">  <!-- Content div. -->\n\t\t\t<div class=\"ea-body\">\n\t\t\t<p><strong><em>(O MEU VENTO \u00c9 O NORTE)<\/em><\/strong><br \/>\nMariana Silveira, UBI, Covilh\u00e3, Portugal, Fiction, 2021, 8\u201937\u2019\u2019<\/p>\n<p>&nbsp;<\/p>\n<div class=\"eventoforum\"><a href=\"https:\/\/arquivo.cineeco.pt\/wp-content\/uploads\/2024\/03\/o-meu-vento.jpg\" target=\"_blank\" rel=\"noopener\"><img decoding=\"async\" src=\"https:\/\/www.cineeco.pt\/2021\/imagens\/filmes\/06-panorama-regional\/o-meu-vento-prev.jpg\" \/><\/a><\/div>\n<div class=\"eventoforum2\">\n<p class=\"rtejustify\">\n<\/div>\n<div class=\"eventos\">\n<p>&nbsp;<\/p>\n<p class=\"rtejustify\">A person meeting his own nature. A body ready to be inhabited. A voice that pulsates. A cyclical person, enrooted in today\u2019s existence. Ready to welcome what comes from within. To make cracks through which one can tear.<\/p>\n<p class=\"rtejustify\">\n<p>Trailer: https:\/\/vimeo.com\/561097554<\/p>\n<\/div>\n\t\t\t<\/div> <!-- Close content div. -->\n\t\t<\/div> <!-- Close collapse div. -->\n\t<\/div> <!-- Close card div. -->\n\t\t<!-- Start accordion card div. -->\n\t<div class=\"ea-card  sp-ea-single\">\n\t\t<!-- Start accordion header. -->\n\t\t<h3 class=\"ea-header\">\n\t\t\t<!-- Add anchor tag for header. -->\n\t\t\t<a class=\"collapsed\" id=\"ea-header-30261\" data-sptoggle=\"spcollapse\" data-sptarget=\"#collapse30261\" aria-controls=\"collapse30261\" href=\"#\"  aria-expanded=\"false\" tabindex=\"0\">\n\t\t\t<i class=\"ea-expand-icon ea-icon-expand-plus\"><\/i> FILME SONORO II\t\t\t<\/a> <!-- Close anchor tag for header. -->\n\t\t<\/h3>\t<!-- Close header tag. -->\n\t\t<!-- Start collapsible content div. -->\n\t\t<div class=\"sp-collapse spcollapse spcollapse\" id=\"collapse30261\" data-parent=\"#sp-ea-3026\" role=\"region\" aria-labelledby=\"ea-header-30261\">  <!-- Content div. -->\n\t\t\t<div class=\"ea-body\">\n\t\t\t<p><strong><em>(FILME SONORO II)<\/em><\/strong><br \/>\nLu\u00eds Antero, Oliveira do Hospital, Experimental, Portugal, 2021, 5\u2019<\/p>\n<p>&nbsp;<\/p>\n<div class=\"eventoforum\"><a href=\"https:\/\/arquivo.cineeco.pt\/wp-content\/uploads\/2024\/03\/filme-sonoroII.jpg\" target=\"_blank\" rel=\"noopener\"><img decoding=\"async\" src=\"https:\/\/www.cineeco.pt\/2021\/imagens\/filmes\/06-panorama-regional\/filme-sonoroII-prev.jpg\" \/><\/a><\/div>\n<div class=\"eventoforum2\">\n<p class=\"rtejustify\">\n<\/div>\n<div class=\"eventos\">\n<p>&nbsp;<\/p>\n<p class=\"rtejustify\">\u201cFilme Sonoro II\u201d (Sound Film II) puts sound at centre stage, where the landscapes and noises acquire a primordial dimension. A film to listen to, deeply and creatively.<\/p>\n<p class=\"rtejustify\">\n<p>Trailer: https:\/\/www.youtube.com\/watch?v=XZp1xPtCzMs<\/p>\n<\/div>\n\t\t\t<\/div> <!-- Close content div. -->\n\t\t<\/div> <!-- Close collapse div. -->\n\t<\/div> <!-- Close card div. -->\n\t\t<!-- Start accordion card div. -->\n\t<div class=\"ea-card  sp-ea-single\">\n\t\t<!-- Start accordion header. -->\n\t\t<h3 class=\"ea-header\">\n\t\t\t<!-- Add anchor tag for header. -->\n\t\t\t<a class=\"collapsed\" id=\"ea-header-30262\" data-sptoggle=\"spcollapse\" data-sptarget=\"#collapse30262\" aria-controls=\"collapse30262\" href=\"#\"  aria-expanded=\"false\" tabindex=\"0\">\n\t\t\t<i class=\"ea-expand-icon ea-icon-expand-plus\"><\/i> PRAIAS FLUVIAIS\t\t\t<\/a> <!-- Close anchor tag for header. -->\n\t\t<\/h3>\t<!-- Close header tag. -->\n\t\t<!-- Start collapsible content div. -->\n\t\t<div class=\"sp-collapse spcollapse spcollapse\" id=\"collapse30262\" data-parent=\"#sp-ea-3026\" role=\"region\" aria-labelledby=\"ea-header-30262\">  <!-- Content div. -->\n\t\t\t<div class=\"ea-body\">\n\t\t\t<p><strong><em>(PRAIAS FLUVIAIS)<\/em><\/strong><br \/>\nNuno Sim\u00f5es, Seia, Portugal, Documentary, 2021, 6\u2019<\/p>\n<p>&nbsp;<\/p>\n<div class=\"eventoforum\"><a href=\"https:\/\/arquivo.cineeco.pt\/wp-content\/uploads\/2024\/03\/praias-fluviais.jpg\" target=\"_blank\" rel=\"noopener\"><img decoding=\"async\" src=\"https:\/\/www.cineeco.pt\/2021\/imagens\/filmes\/06-panorama-regional\/praias-fluviais-prev.jpg\" \/><\/a><\/div>\n<div class=\"eventoforum2\">\n<p class=\"rtejustify\">\n<\/div>\n<div class=\"eventos\">\n<p>&nbsp;<\/p>\n<p class=\"rtejustify\">This film presents the river beaches of the Municipality of Seia, in their landscape magnitude, tackling the topic of sustainability and emphasising the importance of these beaches to recharge energies expended on the stress of daily city life.<\/p>\n<p class=\"rtejustify\">\n<\/div>\n\t\t\t<\/div> <!-- Close content div. -->\n\t\t<\/div> <!-- Close collapse div. -->\n\t<\/div> <!-- Close card div. -->\n\t\t<!-- Start accordion card div. -->\n\t<div class=\"ea-card  sp-ea-single\">\n\t\t<!-- Start accordion header. -->\n\t\t<h3 class=\"ea-header\">\n\t\t\t<!-- Add anchor tag for header. -->\n\t\t\t<a class=\"collapsed\" id=\"ea-header-30263\" data-sptoggle=\"spcollapse\" data-sptarget=\"#collapse30263\" aria-controls=\"collapse30263\" href=\"#\"  aria-expanded=\"false\" tabindex=\"0\">\n\t\t\t<i class=\"ea-expand-icon ea-icon-expand-plus\"><\/i> UM QUADRO DE HIST\u00d3RIA\t\t\t<\/a> <!-- Close anchor tag for header. -->\n\t\t<\/h3>\t<!-- Close header tag. -->\n\t\t<!-- Start collapsible content div. -->\n\t\t<div class=\"sp-collapse spcollapse spcollapse\" id=\"collapse30263\" data-parent=\"#sp-ea-3026\" role=\"region\" aria-labelledby=\"ea-header-30263\">  <!-- Content div. -->\n\t\t\t<div class=\"ea-body\">\n\t\t\t<p><strong><em>(UM QUADRO DE HIST\u00d3RIA)<\/em><\/strong><br \/>\nGabriel Ambr\u00f3sio and Jos\u00e9 Miguel, Seia, Portugal, Documentary, 2021, 16\u201925\u2019\u2019<\/p>\n<p>&nbsp;<\/p>\n<div class=\"eventoforum\"><a href=\"https:\/\/arquivo.cineeco.pt\/wp-content\/uploads\/2024\/03\/quadro-historia.jpg\" target=\"_blank\" rel=\"noopener\"><img decoding=\"async\" src=\"https:\/\/www.cineeco.pt\/2021\/imagens\/filmes\/06-panorama-regional\/quadro-historia-prev.jpg\" \/><\/a><\/div>\n<div class=\"eventoforum2\">\n<p class=\"rtejustify\">\n<\/div>\n<div class=\"eventos\">\n<p>&nbsp;<\/p>\n<p class=\"rtejustify\">\u201cUm Quadro de Hist\u00f3ria\u201d (A History Painting) is an introduction to the world of beekeeping in the words of Manuel Ferreira, a local beekeeper. Through the passion transmitted in the explanations and the images that could be captured in a very specific environment, this short film essentially depicts the life of the bee and the different processes involved in the creation of honey.<\/p>\n<p class=\"rtejustify\">\n<p>Trailer: https:\/\/www.youtube.com\/watch?v=xe6GTZCOnhU<\/p>\n<\/div>\n\t\t\t<\/div> <!-- Close content div. -->\n\t\t<\/div> <!-- Close collapse div. -->\n\t<\/div> <!-- Close card div. -->\n\t\t<!-- Start accordion card div. -->\n\t<div class=\"ea-card  sp-ea-single\">\n\t\t<!-- Start accordion header. -->\n\t\t<h3 class=\"ea-header\">\n\t\t\t<!-- Add anchor tag for header. -->\n\t\t\t<a class=\"collapsed\" id=\"ea-header-30264\" data-sptoggle=\"spcollapse\" data-sptarget=\"#collapse30264\" aria-controls=\"collapse30264\" href=\"#\"  aria-expanded=\"false\" tabindex=\"0\">\n\t\t\t<i class=\"ea-expand-icon ea-icon-expand-plus\"><\/i> VERBOS DOS ARGUINAS\t\t\t<\/a> <!-- Close anchor tag for header. -->\n\t\t<\/h3>\t<!-- Close header tag. -->\n\t\t<!-- Start collapsible content div. -->\n\t\t<div class=\"sp-collapse spcollapse spcollapse\" id=\"collapse30264\" data-parent=\"#sp-ea-3026\" role=\"region\" aria-labelledby=\"ea-header-30264\">  <!-- Content div. -->\n\t\t\t<div class=\"ea-body\">\n\t\t\t<p><strong><em>(VERBOS DOS ARGUINAS)<\/em><\/strong><br \/>\nPaulo Leit\u00e3o, Oliveira do Hospital, Portugal, Documentary,2020, 16\u2019<\/p>\n<p>&nbsp;<\/p>\n<div class=\"eventoforum\"><a href=\"https:\/\/arquivo.cineeco.pt\/wp-content\/uploads\/2024\/03\/verbos-dos-arguinas.jpg\" target=\"_blank\" rel=\"noopener\"><img decoding=\"async\" src=\"https:\/\/www.cineeco.pt\/2021\/imagens\/filmes\/06-panorama-regional\/verbos-dos-arguinas-prev.jpg\" \/><\/a><\/div>\n<div class=\"eventoforum2\">\n<p class=\"rtejustify\">\n<\/div>\n<div class=\"eventos\">\n<p>&nbsp;<\/p>\n<p class=\"rtejustify\">\u201cO verbo dos arguinas\u201d (The lingo of the arguinas). The picturesque, typical and humble \u201cslang\u201d or \u201cjargon\u201d created and used by the arguinas, stoneworkers of Nogueira do Cravo and Santa Ovaia, was essentially for the purpose, over the years, of communicating with one another without others, especially their boss or a stranger, understanding them. It is an act that shows the spirit of solidarity and professional embodiment that was dominant amongst them, which was why for many years the disclosure and public translation of this language was prevented, to keep it secret.<\/p>\n<p class=\"rtejustify\">\n<p>Trailer: https:\/\/www.youtube.com\/watch?v=L7Z89TLxt4k&amp;t=11s<\/p>\n<\/div>\n\t\t\t<\/div> <!-- Close content div. -->\n\t\t<\/div> <!-- Close collapse div. -->\n\t<\/div> <!-- Close card div. -->\n\t\t<!-- Start accordion card div. -->\n\t<div class=\"ea-card  sp-ea-single\">\n\t\t<!-- Start accordion header. -->\n\t\t<h3 class=\"ea-header\">\n\t\t\t<!-- Add anchor tag for header. -->\n\t\t\t<a class=\"collapsed\" id=\"ea-header-30265\" data-sptoggle=\"spcollapse\" data-sptarget=\"#collapse30265\" aria-controls=\"collapse30265\" href=\"#\"  aria-expanded=\"false\" tabindex=\"0\">\n\t\t\t<i class=\"ea-expand-icon ea-icon-expand-plus\"><\/i> O FIM\t\t\t<\/a> <!-- Close anchor tag for header. -->\n\t\t<\/h3>\t<!-- Close header tag. -->\n\t\t<!-- Start collapsible content div. -->\n\t\t<div class=\"sp-collapse spcollapse spcollapse\" id=\"collapse30265\" data-parent=\"#sp-ea-3026\" role=\"region\" aria-labelledby=\"ea-header-30265\">  <!-- Content div. -->\n\t\t\t<div class=\"ea-body\">\n\t\t\t<p><strong><em>(O FIM)<\/em><\/strong><br \/>\nJean Vargas, UBI, Covilh\u00e3, Portugal, Documentary, 2021, 3\u201954\u2019\u2019<\/p>\n<p>&nbsp;<\/p>\n<div class=\"eventoforum\"><a href=\"https:\/\/arquivo.cineeco.pt\/wp-content\/uploads\/2024\/03\/o-fim.jpg\" target=\"_blank\" rel=\"noopener\"><img decoding=\"async\" src=\"https:\/\/www.cineeco.pt\/2021\/imagens\/filmes\/06-panorama-regional\/o-fim-prev.jpg\" \/><\/a><\/div>\n<div class=\"eventoforum2\">\n<p class=\"rtejustify\">\n<\/div>\n<div class=\"eventos\">\n<p>&nbsp;<\/p>\n<p class=\"rtejustify\">In a not-too-distant future society will go through changes caused by the lack of belief in science, allowing nature to resume its original place.<\/p>\n<p class=\"rtejustify\">\n<p>Trailer: https:\/\/www.youtube.com\/watch?v=0ZJ0SVhAN6o<\/p>\n<\/div>\n\t\t\t<\/div> <!-- Close content div. -->\n\t\t<\/div> <!-- Close collapse div. -->\n\t<\/div> <!-- Close card div. -->\n\t<\/div>\n<\/div>\n\n\n\n\n<div style=\"height:90px\" aria-hidden=\"true\" class=\"wp-block-spacer\"><\/div>\n\n\n\n<figure class=\"wp-block-video\"><video controls src=\"https:\/\/www.cineeco.pt\/2021\/outros\/Final_1080.mp4\"><\/video><\/figure>\n\n\n\n<div style=\"height:90px\" aria-hidden=\"true\" class=\"wp-block-spacer\"><\/div>","protected":false},"excerpt":{"rendered":"<p>SELEC\u00c7\u00c3O OFICIAL 27\u00ba CINE ECO Seia, 09 _ 16 outubro 2021 &gt;&gt; COMPETI\u00c7\u00c3O INTERNACIONAL DE LONGAS-METRAGENS &gt;&gt; COMPETI\u00c7\u00c3O INTERNACIONAL DE CURTAS-METRAGENS &gt;&gt; COMPETI\u00c7\u00c3O DE S\u00c9RIES E REPORTAGENS TELEVISIVAS &gt;&gt; COMPETI\u00c7\u00c3O DE LONGAS-METRAGENS EM L\u00cdNGUA PORTUGUESA &gt;&gt; COMPETI\u00c7\u00c3O&nbsp;DE CURTAS-METRAGENS EM L\u00cdNGUA PORTUGUESA &gt;&gt; COMPETI\u00c7\u00c3O&nbsp;PANORAMA REGIONAL<\/p>","protected":false},"author":1,"featured_media":0,"parent":0,"menu_order":0,"comment_status":"closed","ping_status":"closed","template":"","meta":{"ocean_post_layout":"right-sidebar","ocean_both_sidebars_style":"","ocean_both_sidebars_content_width":0,"ocean_both_sidebars_sidebars_width":0,"ocean_sidebar":"","ocean_second_sidebar":"","ocean_disable_margins":"on","ocean_add_body_class":"","ocean_shortcode_before_top_bar":"","ocean_shortcode_after_top_bar":"","ocean_shortcode_before_header":"","ocean_shortcode_after_header":"","ocean_has_shortcode":"","ocean_shortcode_after_title":"","ocean_shortcode_before_footer_widgets":"","ocean_shortcode_after_footer_widgets":"","ocean_shortcode_before_footer_bottom":"","ocean_shortcode_after_footer_bottom":"","ocean_display_top_bar":"off","ocean_display_header":"on","ocean_header_style":"","ocean_center_header_left_menu":"","ocean_custom_header_template":"","ocean_custom_logo":0,"ocean_custom_retina_logo":0,"ocean_custom_logo_max_width":0,"ocean_custom_logo_tablet_max_width":0,"ocean_custom_logo_mobile_max_width":0,"ocean_custom_logo_max_height":0,"ocean_custom_logo_tablet_max_height":0,"ocean_custom_logo_mobile_max_height":0,"ocean_header_custom_menu":"6","ocean_menu_typo_font_family":"","ocean_menu_typo_font_subset":"","ocean_menu_typo_font_size":0,"ocean_menu_typo_font_size_tablet":0,"ocean_menu_typo_font_size_mobile":0,"ocean_menu_typo_font_size_unit":"px","ocean_menu_typo_font_weight":"","ocean_menu_typo_font_weight_tablet":"","ocean_menu_typo_font_weight_mobile":"","ocean_menu_typo_transform":"","ocean_menu_typo_transform_tablet":"","ocean_menu_typo_transform_mobile":"","ocean_menu_typo_line_height":0,"ocean_menu_typo_line_height_tablet":0,"ocean_menu_typo_line_height_mobile":0,"ocean_menu_typo_line_height_unit":"","ocean_menu_typo_spacing":0,"ocean_menu_typo_spacing_tablet":0,"ocean_menu_typo_spacing_mobile":0,"ocean_menu_typo_spacing_unit":"","ocean_menu_link_color":"","ocean_menu_link_color_hover":"","ocean_menu_link_color_active":"","ocean_menu_link_background":"","ocean_menu_link_hover_background":"","ocean_menu_link_active_background":"","ocean_menu_social_links_bg":"","ocean_menu_social_hover_links_bg":"","ocean_menu_social_links_color":"","ocean_menu_social_hover_links_color":"","ocean_disable_title":"on","ocean_disable_heading":"default","ocean_post_title":"","ocean_post_subheading":"","ocean_post_title_style":"","ocean_post_title_background_color":"","ocean_post_title_background":0,"ocean_post_title_bg_image_position":"","ocean_post_title_bg_image_attachment":"","ocean_post_title_bg_image_repeat":"","ocean_post_title_bg_image_size":"","ocean_post_title_height":0,"ocean_post_title_bg_overlay":0.5,"ocean_post_title_bg_overlay_color":"","ocean_disable_breadcrumbs":"default","ocean_breadcrumbs_color":"","ocean_breadcrumbs_separator_color":"","ocean_breadcrumbs_links_color":"","ocean_breadcrumbs_links_hover_color":"","ocean_display_footer_widgets":"default","ocean_display_footer_bottom":"default","ocean_custom_footer_template":"","footnotes":""},"class_list":["post-2918","page","type-page","status-publish","hentry","entry"],"_links":{"self":[{"href":"https:\/\/arquivo.cineeco.pt\/en\/wp-json\/wp\/v2\/pages\/2918","targetHints":{"allow":["GET"]}}],"collection":[{"href":"https:\/\/arquivo.cineeco.pt\/en\/wp-json\/wp\/v2\/pages"}],"about":[{"href":"https:\/\/arquivo.cineeco.pt\/en\/wp-json\/wp\/v2\/types\/page"}],"author":[{"embeddable":true,"href":"https:\/\/arquivo.cineeco.pt\/en\/wp-json\/wp\/v2\/users\/1"}],"replies":[{"embeddable":true,"href":"https:\/\/arquivo.cineeco.pt\/en\/wp-json\/wp\/v2\/comments?post=2918"}],"version-history":[{"count":18,"href":"https:\/\/arquivo.cineeco.pt\/en\/wp-json\/wp\/v2\/pages\/2918\/revisions"}],"predecessor-version":[{"id":3232,"href":"https:\/\/arquivo.cineeco.pt\/en\/wp-json\/wp\/v2\/pages\/2918\/revisions\/3232"}],"wp:attachment":[{"href":"https:\/\/arquivo.cineeco.pt\/en\/wp-json\/wp\/v2\/media?parent=2918"}],"curies":[{"name":"wp","href":"https:\/\/api.w.org\/{rel}","templated":true}]}}