{"id":3050,"date":"2024-03-25T14:21:17","date_gmt":"2024-03-25T14:21:17","guid":{"rendered":"https:\/\/arquivo.cineeco.pt\/?page_id=3050"},"modified":"2024-05-10T11:20:59","modified_gmt":"2024-05-10T11:20:59","slug":"2021-atividades","status":"publish","type":"page","link":"https:\/\/arquivo.cineeco.pt\/en\/2021-atividades\/","title":{"rendered":"2021-atividades"},"content":{"rendered":"<div style=\"height:35px\" aria-hidden=\"true\" class=\"wp-block-spacer\"><\/div>\n\n\n\n<p><a name=\"top\"><\/a><\/p>\n\n\n\n<div class=\"wp-block-buttons has-custom-font-size is-horizontal is-content-justification-center is-layout-flex wp-container-core-buttons-is-layout-a85bcc9b wp-block-buttons-is-layout-flex\" style=\"font-size:10px\">\n<div class=\"wp-block-button has-custom-font-size is-style-outline is-style-outline--1\" style=\"font-size:11px\"><a class=\"wp-block-button__link has-text-align-center wp-element-button\" href=\"https:\/\/arquivo.cineeco.pt\/en\/2021-selecao-oficial\/#top\" style=\"border-radius:10px\">OFFICIAL SELECTION<\/a><\/div>\n\n\n\n<div class=\"wp-block-button has-custom-font-size is-style-outline is-style-outline--2\" style=\"font-size:11px\"><a class=\"wp-block-button__link has-text-align-center wp-element-button\" href=\"https:\/\/arquivo.cineeco.pt\/en\/2021-sessoes\/#top\" style=\"border-radius:10px\">SPECIAL SESSIONS<\/a><\/div>\n\n\n\n<div class=\"wp-block-button has-custom-font-size is-style-fill\" style=\"font-size:11px\"><a class=\"wp-block-button__link has-text-align-center wp-element-button\" href=\"https:\/\/arquivo.cineeco.pt\/en\/2021-atividades\/#top\" style=\"border-radius:10px\">PARALLEL ACTIVITIES<\/a><\/div>\n\n\n\n<div class=\"wp-block-button has-custom-font-size is-style-outline is-style-outline--3\" style=\"font-size:11px\"><a class=\"wp-block-button__link has-text-align-center wp-element-button\" href=\"https:\/\/arquivo.cineeco.pt\/wp-content\/uploads\/2024\/03\/programa.pdf\" style=\"border-radius:10px\">PROGRAM<\/a><\/div>\n\n\n\n<div class=\"wp-block-button has-custom-font-size is-style-outline is-style-outline--4\" style=\"font-size:11px\"><a class=\"wp-block-button__link has-text-align-center wp-element-button\" href=\"https:\/\/arquivo.cineeco.pt\/wp-content\/uploads\/2024\/03\/catalogo.pdf\" style=\"border-radius:10px\">CATALOGUE<\/a><\/div>\n\n\n\n<div class=\"wp-block-button has-custom-font-size is-style-outline is-style-outline--5\" style=\"font-size:11px\"><a class=\"wp-block-button__link has-text-align-center wp-element-button\" href=\"https:\/\/arquivo.cineeco.pt\/en\/2021-juri\/#top\" style=\"border-radius:10px\">JURY<\/a><\/div>\n<\/div>\n\n\n\n<div style=\"height:35px\" aria-hidden=\"true\" class=\"wp-block-spacer\"><\/div>\n\n\n\n<h2 class=\"wp-block-heading has-text-color has-link-color wp-elements-256f4602987136b4140b8856f5e4bd8f\" style=\"color:#ab9431\"><strong><br>PARALLEL ACTIVITIES<\/strong> 2021<\/h2>\n\n\n\n<div style=\"height:50px\" aria-hidden=\"true\" class=\"wp-block-spacer\"><\/div>\n\n\n<style>#sp-ea-3053 .spcollapsing { height: 0; overflow: hidden; transition-property: height;transition-duration: 300ms;}#sp-ea-3053.sp-easy-accordion>.sp-ea-single {margin-bottom: 10px; border: 1px solid #e2e2e2; }#sp-ea-3053.sp-easy-accordion>.sp-ea-single>.ea-header a {color: #444;}#sp-ea-3053.sp-easy-accordion>.sp-ea-single>.sp-collapse>.ea-body {background: #fff; color: #444;}#sp-ea-3053.sp-easy-accordion>.sp-ea-single {background: #f2f2f2;}#sp-ea-3053.sp-easy-accordion>.sp-ea-single>.ea-header a .ea-expand-icon { float: left; color: #444;font-size: 16px;}<\/style><div id=\"sp_easy_accordion-1708093300\">\n<div id=\"sp-ea-3053\" class=\"sp-ea-one sp-easy-accordion\" data-ex-icon=\"minus\" data-col-icon=\"plus\" data-ea-active=\"ea-click\" data-ea-mode=\"vertical\" data-preloader=\"\" data-scroll-active-item=\"1\" data-offset-to-scroll=\"0\">\n\t<!-- Start accordion card div. -->\n\t<div class=\"ea-card  sp-ea-single\">\n\t\t<!-- Start accordion header. -->\n\t\t<h3 class=\"ea-header\">\n\t\t\t<!-- Add anchor tag for header. -->\n\t\t\t<a class=\"collapsed\" id=\"ea-header-30530\" data-sptoggle=\"spcollapse\" data-sptarget=\"#collapse30530\" aria-controls=\"collapse30530\" href=\"#\"  aria-expanded=\"false\" tabindex=\"0\">\n\t\t\t<i class=\"ea-expand-icon ea-icon-expand-plus\"><\/i> | CONCERT |\t\t\t<\/a> <!-- Close anchor tag for header. -->\n\t\t<\/h3>\t<!-- Close header tag. -->\n\t\t<!-- Start collapsible content div. -->\n\t\t<div class=\"sp-collapse spcollapse spcollapse\" id=\"collapse30530\" data-parent=\"#sp-ea-3053\" role=\"region\" aria-labelledby=\"ea-header-30530\">  <!-- Content div. -->\n\t\t\t<div class=\"ea-body\">\n\t\t\t<p><strong>_Opening Concert CineEco2021_<\/strong><\/p>\n<p>&nbsp;<\/p>\n<p><img decoding=\"async\" src=\"http:\/\/www.cineeco.pt\/2021\/imagens\/paralelas\/anaquim.jpg\" \/><\/p>\n<p><strong>ANAQUIM<\/strong><\/p>\n<p><strong>9th october<\/strong>\u00a0_ saturday _ 9:30pm<br \/>\nCasa Municipal da Cultura de Seia _ Cineteatro<\/p>\n<p>&nbsp;<\/p>\n<p class=\"rtejustify\">With topics and lyrics tailored with sharp irony, ANAQUIM continue to track the times with optimism. By listening to the body of work by names such as Fausto, S\u00e9rgio Godinho and Zeca Afonso, and mixing in international influences such as French songs, blue grass music and gypsy Jazz, the result is irreverent. Their live shows guarantee quality, diversity, cheerfulness, interaction and partying. They latest album \u201cO Quarto de Anaquim\u201d, released in 2018, gave rise to the singles \u201cCorta a Barba\u201d and a duet with Katia Guerreiro \u201cO Fado fugiu de casa\u201d in 2019. In 2020, they released the vinyl record \u201cAnaquim\u201d including the tracks \u201cAs tuas palavras\u201d and \u201cEle h\u00e1 gente para tudo\u201d, which is also the music used in the \u201cA Serra\u201d soap opera, broadcast on Portuguese TV channel SIC, filmed in Serra da Estrela. The band from Coimbra continue their journey on the Portuguese music scene, always at a lively and jaunty pace!<\/p>\n<p>Jos\u00e9 Rebola - Composer and lyricist; vocals and guitars<br \/>\nPedro Ferreira \u2013 Keyboard<br \/>\nLu\u00eds Duarte \u2013 Guitar<br \/>\nFilipe Ferreira \u2013 Bass<br \/>\nJo\u00e3o Santiago \u2013 Drums<br \/>\n(all partners in songs, laughter and bedroom!)<\/p>\n<p class=\"rtejustify\">Admission is free, but seats are marked. It is necessary to pick up a ticket in advance. Tickets can be picked up until show time at the ticket office of the Municipal House of Culture of Seia from 10am to 6pm, Monday to Friday.<\/p>\n\t\t\t<\/div> <!-- Close content div. -->\n\t\t<\/div> <!-- Close collapse div. -->\n\t<\/div> <!-- Close card div. -->\n\t\t<!-- Start accordion card div. -->\n\t<div class=\"ea-card  sp-ea-single\">\n\t\t<!-- Start accordion header. -->\n\t\t<h3 class=\"ea-header\">\n\t\t\t<!-- Add anchor tag for header. -->\n\t\t\t<a class=\"collapsed\" id=\"ea-header-30531\" data-sptoggle=\"spcollapse\" data-sptarget=\"#collapse30531\" aria-controls=\"collapse30531\" href=\"#\"  aria-expanded=\"false\" tabindex=\"0\">\n\t\t\t<i class=\"ea-expand-icon ea-icon-expand-plus\"><\/i> | EXHIBITIONS |\t\t\t<\/a> <!-- Close anchor tag for header. -->\n\t\t<\/h3>\t<!-- Close header tag. -->\n\t\t<!-- Start collapsible content div. -->\n\t\t<div class=\"sp-collapse spcollapse spcollapse\" id=\"collapse30531\" data-parent=\"#sp-ea-3053\" role=\"region\" aria-labelledby=\"ea-header-30531\">  <!-- Content div. -->\n\t\t\t<div class=\"ea-body\">\n\t\t\t<p><strong>ARTES PL\u00c1STICAS - PROJETO RECICLARTE<\/strong><\/p>\n<p>&nbsp;<\/p>\n<p><img decoding=\"async\" src=\"http:\/\/www.cineeco.pt\/2021\/imagens\/paralelas\/reciclarte.jpg\" \/><\/p>\n<p><strong>9th oct to 30th nov<\/strong><br \/>\nCasa Municipal da Cultura de Seia _ Foyer<\/p>\n<p>&nbsp;<\/p>\n<p class=\"rtejustify\">RecilARTE brings together the Plastic Arts, Theatre, Music, and Rubbish to create different artistic objects, helping fight against failure at school and educating about recycling, reusing and taking advantage of waste. In this first phase of the project, a total of 120 students were involved, who were challenged to reproduce the iconic works of some of the greatest 20th-century painters such as Gustav Klimt, Pablo Picasso, Roy Lichtenstein, Ren\u00e9 Magritte, Edvard Munch, Henri Matisse, Ant\u00f3nio Palolo, Joan Mir\u00f3, Salvador Dal\u00ed and the Portuguese artists Amadeo Souza-Cardoso, Abel Manta and Jo\u00e3o Abel Manta (the last two, natives from Gouveia).<br \/>\nIn this exhibition, the public can see 14 live paintings, recreated using the broadest range of rubbish collected by the students in the work sessions. On 5th August, at 4.00 pm, a presentation will be made of the project\/inauguration of the exhibition.<br \/>\nRecilARTE is a project of the \u201cPartnerships Programme for Impacts\u201d implemented by the Social Innovation Portugal Mission. It is an initiative for innovation and social entrepreneurship aimed at solving two social problems: the lack of motivation or enthusiasm for school by adolescents and the lack of active citizenship towards a social conscience, in particular in relation to environmental issues.<\/p>\n<p>&nbsp;<\/p>\n<p><strong>O LAGO SAGRADO, by M\u00e1rio Lisboa<br \/>\nTechnique: Photography<\/strong><\/p>\n<p>&nbsp;<\/p>\n<p><img decoding=\"async\" src=\"http:\/\/www.cineeco.pt\/2021\/imagens\/paralelas\/lago-sagrado.jpg\" \/><\/p>\n<p><strong>9th oct to 30th nov<\/strong><br \/>\nCasa Municipal da Cultura de Seia _ Galleries<\/p>\n<p>&nbsp;<\/p>\n<p class=\"rtejustify\">Known as the Holy Lake and venerated by the people of Siberia who depend on it, Lake Baikal is an important natural resource. Shrouded in mystery, beliefs and the risks that it is facing today, it provides one of the most beautiful panoramas that Nature can offers us.<br \/>\nIn constant change, each image is unrepeatable and ephemeral.<br \/>\nShaped by the action of the climate, each season of the year is different, but it is in winter one of the threats to the delicate balance of its ecosystem rears its head: global warming.<br \/>\nThis duality between an extremely fragile location subject to several threats, which puts at risk one of the largest freshwater reserves in the world, led the author to travel the length of Lake Baikal, around 300 km, by hovercraft over the ice at temperatures ranging from -15\u00baC to -30\u00baC, capturing the natural formations of ice, the transparency, the light, the depth, the textures, to build a record of these remote locations that fill his imaginary as a traveller.<br \/>\nThis photographic project intends to bring to the fore the natural beauty of Lake Baikal, and simultaneously the fragility of this ecosystem, to raise awareness about the threats the location is facing.<\/p>\n\t\t\t<\/div> <!-- Close content div. -->\n\t\t<\/div> <!-- Close collapse div. -->\n\t<\/div> <!-- Close card div. -->\n\t\t<!-- Start accordion card div. -->\n\t<div class=\"ea-card  sp-ea-single\">\n\t\t<!-- Start accordion header. -->\n\t\t<h3 class=\"ea-header\">\n\t\t\t<!-- Add anchor tag for header. -->\n\t\t\t<a class=\"collapsed\" id=\"ea-header-30532\" data-sptoggle=\"spcollapse\" data-sptarget=\"#collapse30532\" aria-controls=\"collapse30532\" href=\"#\"  aria-expanded=\"false\" tabindex=\"0\">\n\t\t\t<i class=\"ea-expand-icon ea-icon-expand-plus\"><\/i> | LECTURE |\t\t\t<\/a> <!-- Close anchor tag for header. -->\n\t\t<\/h3>\t<!-- Close header tag. -->\n\t\t<!-- Start collapsible content div. -->\n\t\t<div class=\"sp-collapse spcollapse spcollapse\" id=\"collapse30532\" data-parent=\"#sp-ea-3053\" role=\"region\" aria-labelledby=\"ea-header-30532\">  <!-- Content div. -->\n\t\t\t<div class=\"ea-body\">\n\t\t\t<p><strong>GREEN SHOOTING<br \/>\nSpeaker: D\u00f6rte Schneider, Green Consultant<\/strong><\/p>\n<p>&nbsp;<\/p>\n<p><img decoding=\"async\" src=\"http:\/\/www.cineeco.pt\/2021\/imagens\/paralelas\/green-shooting.jpg\" \/><\/p>\n<p><strong>13th october<\/strong>\u00a0_ wednesday _ 5pm<br \/>\nCasa Municipal da Cultura de Seia _ Auditorium<\/p>\n<p>&nbsp;<\/p>\n<p class=\"rtejustify\">The goal of this talk is to raise awareness and inform the audio-visual sector about how to adopt sustainable environmental practices, encouraging its role as an agent of change towards greener production models. The speaker will be the Green Consultant, D\u00f6rte Schneider, a certified specialist in educating and increasing the consciousness greener production.\nThe initiative paves the way for an initial approach to the topic of \u201cgreen shooting\u201d, raising awareness, the transmission of the basics of climatic literacy and responsibilities in the audio-visual world.<br \/>\nA iniciativa permitir\u00e1 uma primeira abordagem ao tema \u201cgreen shooting\u201d, sensibiliza\u00e7\u00e3o, transmiss\u00e3o de bases da literacia clim\u00e1tica e responsabilidade(s) do meio audiovisual.<\/p>\n\t\t\t<\/div> <!-- Close content div. -->\n\t\t<\/div> <!-- Close collapse div. -->\n\t<\/div> <!-- Close card div. -->\n\t\t<!-- Start accordion card div. -->\n\t<div class=\"ea-card  sp-ea-single\">\n\t\t<!-- Start accordion header. -->\n\t\t<h3 class=\"ea-header\">\n\t\t\t<!-- Add anchor tag for header. -->\n\t\t\t<a class=\"collapsed\" id=\"ea-header-30533\" data-sptoggle=\"spcollapse\" data-sptarget=\"#collapse30533\" aria-controls=\"collapse30533\" href=\"#\"  aria-expanded=\"false\" tabindex=\"0\">\n\t\t\t<i class=\"ea-expand-icon ea-icon-expand-plus\"><\/i> | ECO TALK |\t\t\t<\/a> <!-- Close anchor tag for header. -->\n\t\t<\/h3>\t<!-- Close header tag. -->\n\t\t<!-- Start collapsible content div. -->\n\t\t<div class=\"sp-collapse spcollapse spcollapse\" id=\"collapse30533\" data-parent=\"#sp-ea-3053\" role=\"region\" aria-labelledby=\"ea-header-30533\">  <!-- Content div. -->\n\t\t\t<div class=\"ea-body\">\n\t\t\t<div class=\"eventos\">\n<p><strong>ECO TALK - Cinema ambiental - impactos e perspetivas<\/strong><\/p>\n<p><strong>10th october<\/strong>\u00a0_ sunday _ 5pm<br \/>\nCasa Municipal da Cultura de Seia _ Auditorium<\/p>\n<p class=\"rtejustify\">At a time when the planet is increasingly under threat, the cinema can be seen as a tool to promote the environmental values, as it aids learning that opens the door to reflection, allowing people to ask questions, express their concerns and change their behaviour.<\/p>\n<p><strong>Moderator<\/strong>:<\/p>\n<\/div>\n<div class=\"eventocurto\"><img decoding=\"async\" src=\"http:\/\/www.cineeco.pt\/2021\/imagens\/paralelas\/ecotalks\/mario-branquinho.jpg\" \/><\/div>\n<div class=\"eventolongo\">\n<p>M\u00e1rio Branquinho, membro da dire\u00e7\u00e3o do CineEco<\/p>\n<p>&nbsp;<\/p>\n<\/div>\n<div class=\"eventos\">\n<p>&nbsp;<\/p>\n<p class=\"rtejustify\"><strong>Speakers<\/strong>:<\/p>\n<\/div>\n<div class=\"eventocurto\"><img decoding=\"async\" src=\"http:\/\/www.cineeco.pt\/2021\/imagens\/paralelas\/ecotalks\/chico-guariba.jpg\" \/><\/div>\n<div class=\"eventolongo\">\n<p>Chico Guariba, Diretor da Mostra Ecofalante de Cinema Ambiental, S\u00e3o Paulo, Brasil<\/p>\n<p>&nbsp;<\/p>\n<\/div>\n<div class=\"eventocurto\"><img decoding=\"async\" src=\"http:\/\/www.cineeco.pt\/2021\/imagens\/paralelas\/ecotalks\/jorge-pelicano.jpg\" \/><\/div>\n<div class=\"eventolongo\">\n<p>Jorge Pelicano, cineasta e rep\u00f3rter de imagem de televis\u00e3o portugu\u00eas, realizador dos document\u00e1rios Ainda h\u00e1 Pastores? e Pare Escute e Olhe, premiados no CineEco<\/p>\n<p>&nbsp;<\/p>\n<\/div>\n<div class=\"eventocurto\"><img decoding=\"async\" src=\"http:\/\/www.cineeco.pt\/2021\/imagens\/paralelas\/ecotalks\/victor-lopes.jpg\" \/><\/div>\n<div class=\"eventolongo\">\n<p>Victor Lopes, cineasta mo\u00e7ambicano de nacionalidade portuguesa, que reside no Brasil h\u00e1 25 anos<\/p>\n<p>&nbsp;<\/p>\n<\/div>\n<div class=\"eventos\">\n<p>| Simultaneous transmission on the Festival\u2019s Facebook page. |<\/p>\n<hr \/>\n<\/div>\n<p>&nbsp;<\/p>\n<div class=\"eventos\">\n<p><strong>ECO TALK - Arte e Ecologia<\/strong><\/p>\n<p><strong>11th october<\/strong>\u00a0_ monday _ 5pm<br \/>\nCasa Municipal da Cultura de Seia _ Auditorium<\/p>\n<p class=\"rtejustify\">Art, whether it be music, cinema, the plastic arts or any other form, plays an essential role as a vehicle of communication. Through art and the ideas and emotions it transmits, the artist triggers the conscience of society, alerting it to the urgent need to change our behaviour.<\/p>\n<p><strong>Moderator<\/strong>:<\/p>\n<\/div>\n<div class=\"eventocurto\"><img decoding=\"async\" src=\"http:\/\/www.cineeco.pt\/2021\/imagens\/paralelas\/ecotalks\/madalena-ferreira.jpg\" \/><\/div>\n<div class=\"eventolongo\">\n<p>Madalena Ferreira, jornalista da SIC<\/p>\n<p>&nbsp;<\/p>\n<\/div>\n<div class=\"eventos\">\n<p><strong>Speakers<\/strong>:<\/p>\n<\/div>\n<div class=\"eventocurto\"><img decoding=\"async\" src=\"http:\/\/www.cineeco.pt\/2021\/imagens\/paralelas\/ecotalks\/christiane-torloni.jpg\" \/><\/div>\n<div class=\"eventolongo\">\n<p>Cristhiane Torloni, Atriz e realizadora brasileira<\/p>\n<p>&nbsp;<\/p>\n<\/div>\n<div class=\"eventocurto\"><img decoding=\"async\" src=\"http:\/\/www.cineeco.pt\/2021\/imagens\/paralelas\/ecotalks\/luis-ferreira.jpg\" \/><\/div>\n<div class=\"eventolongo\">\n<p>Lu\u00eds Ferreira, Diretor art\u00edstico do 23 Milhas, projeto cultural do munic\u00edpio de \u00cdlhavo<\/p>\n<p>&nbsp;<\/p>\n<\/div>\n<div class=\"eventocurto\"><img decoding=\"async\" src=\"http:\/\/www.cineeco.pt\/2021\/imagens\/paralelas\/ecotalks\/joana-sa.jpg\" \/><\/div>\n<div class=\"eventolongo\">\n<p>Joana S\u00e1, Pianista, compositora e investigadora<\/p>\n<\/div>\n<div class=\"eventos\">\n<p class=\"rtejustify\">\n<\/div>\n<div class=\"eventocurto\"><img decoding=\"async\" src=\"http:\/\/www.cineeco.pt\/2021\/imagens\/paralelas\/ecotalks\/luis-martins.jpg\" \/><\/div>\n<div class=\"eventolongo\">\n<p>e Lu\u00eds J Martins Guitarrista, compositor e arranjador<\/p>\n<p>&nbsp;<\/p>\n<\/div>\n<div class=\"eventos\">\n<p class=\"rtejustify\">(ambos cocoordenadores art\u00edsticos do projeto \u2018\u00e0 escuta: cat\u00e1logo po\u00e9tico\u2019 desenvolvido na aldeia de Fr\u00e1digas, Seia)<\/p>\n<\/div>\n<div class=\"eventos\">\n<p>| Simultaneous transmission on the Festival\u2019s Facebook page. |<\/p>\n<hr \/>\n<\/div>\n<p>&nbsp;<\/p>\n<div class=\"eventos\">\n<p><strong>ECO TALK - Turismo sustent\u00e1vel e prote\u00e7\u00e3o da vida terrestre<\/strong><\/p>\n<p><strong>12th october<\/strong>\u00a0_ tuesday _ 5pm<br \/>\nCasa Municipal da Cultura de Seia _ Auditorium<\/p>\n<p class=\"rtejustify\">Sustainability in Tourism is an unavoidable path, which takes into account the needs of visitors, the sector and communities and their environmental, economic and social impacts in the present and in the future.<\/p>\n<p>&nbsp;<\/p>\n<p><strong>Moderator<\/strong>:<\/p>\n<\/div>\n<div class=\"eventocurto\"><img decoding=\"async\" src=\"http:\/\/www.cineeco.pt\/2021\/imagens\/paralelas\/ecotalks\/celia.jpg\" \/><\/div>\n<div class=\"eventolongo\">\n<p>C\u00e9lia Gon\u00e7alves,\u00a0Secret\u00e1ria Executiva na Associa\u00e7\u00e3o de Desenvolvimento Integrado da Rede de Aldeias de Montanha- ADIRAM, com a coordena\u00e7\u00e3o do Projeto Aldeias de Montanha- Ecossistema Criativo e Comunit\u00e1rio<\/p>\n<p>&nbsp;<\/p>\n<p>&nbsp;<\/p>\n<\/div>\n<div class=\"eventos\">\n<p><strong>Speakers<\/strong>:<\/p>\n<\/div>\n<div class=\"eventocurto\"><img decoding=\"async\" src=\"http:\/\/www.cineeco.pt\/2021\/imagens\/paralelas\/ecotalks\/filomena-pinheiro.jpg\" \/><\/div>\n<div class=\"eventolongo\">\n<p>Filomena Pinheiro, Turismo do Centro Portugal<\/p>\n<p>&nbsp;<\/p>\n<\/div>\n<div class=\"eventocurto\"><img decoding=\"async\" src=\"http:\/\/www.cineeco.pt\/2021\/imagens\/paralelas\/ecotalks\/diogo-refoios-cunha.jpg\" \/><\/div>\n<div class=\"eventolongo\">\n<p>Diogo Reff\u00f3ios Cunha, n\u00f3mada digital<\/p>\n<p>&nbsp;<\/p>\n<\/div>\n<div class=\"eventocurto\"><img decoding=\"async\" src=\"http:\/\/www.cineeco.pt\/2021\/imagens\/paralelas\/ecotalks\/cristina-branquinho.jpg\" \/><\/div>\n<div class=\"eventolongo\">\n<p>Cristina Branquinho, Ce3C-Centre for Ecology, Evolution and Environmental Changes, Faculdade de Ci\u00eancias da Universidade de Lisboa<\/p>\n<p>&nbsp;<\/p>\n<\/div>\n<div class=\"eventos\">\n<p>| Simultaneous transmission on the Festival\u2019s Facebook page. |<\/p>\n<hr \/>\n<p>&nbsp;<\/p>\n<p><strong>ECO TALK - Ci\u00eancia, Cultura e Sociedade<\/strong><\/p>\n<p><strong>14th october<\/strong>\u00a0_ thursday _ 5pm<br \/>\nCasa Municipal da Cultura de Seia _ Auditorium<\/p>\n<p class=\"rtejustify\">Science for society - Science for a sustainable future, or ways to help society respond to some of the biggest social challenges of our time. What are the contributions of Science and Culture to contemporary societies, which value natural heritage and the services provided by its ecosystems?<\/p>\n<p>&nbsp;<\/p>\n<p><strong>Moderator<\/strong> :<\/p>\n<\/div>\n<div class=\"eventocurto\"><img decoding=\"async\" src=\"http:\/\/www.cineeco.pt\/2021\/imagens\/paralelas\/ecotalks\/pedro-oliveira.jpg\" \/><\/div>\n<div class=\"eventolongo\">\n<p>Pedro Oliveira, (Seia) Professor da C\u00e1tedra Gulbenkian para a Economia de Impacto e Professor Catedr\u00e1tico Convidado, Nova School of Business and Economics; Professor MSO na Copenhagen Business School com responsabilidades especiais<\/p>\n<p>&nbsp;<\/p>\n<\/div>\n<p>&nbsp;<\/p>\n<div class=\"eventos\">\n<p><strong>Speakers<\/strong>:<\/p>\n<\/div>\n<div class=\"eventocurto\"><img decoding=\"async\" src=\"http:\/\/www.cineeco.pt\/2021\/imagens\/paralelas\/ecotalks\/noronha.jpg\" \/><\/div>\n<div class=\"eventolongo\">\n<p>Ana Noronha, Diretora Executiva da Ci\u00eancia Viva, Portugal<\/p>\n<p>&nbsp;<\/p>\n<\/div>\n<div class=\"eventocurto\"><img decoding=\"async\" src=\"http:\/\/www.cineeco.pt\/2021\/imagens\/paralelas\/ecotalks\/maria-amelia-loucao.jpg\" \/><\/div>\n<div class=\"eventolongo\">\n<p>Maria Am\u00e9lia Martins-Lou\u00e7\u00e3o, investigadora do Centro de Ecologia, Evolu\u00e7\u00e3o e Altera\u00e7\u00f5es Ambientais e Presidente da Sociedade Portuguesa de Ecologia<\/p>\n<p>&nbsp;<\/p>\n<\/div>\n<div class=\"eventocurto\"><img decoding=\"async\" src=\"http:\/\/www.cineeco.pt\/2021\/imagens\/paralelas\/ecotalks\/susana-meneses.jpg\" \/><\/div>\n<div class=\"eventolongo\">\n<p>Suzana Menezes, Diretora Regional da Cultura do Centro<\/p>\n<p>&nbsp;<\/p>\n<\/div>\n<div class=\"eventos\">\n<p>| Simultaneous transmission on the Festival\u2019s Facebook page. |<\/p>\n<hr \/>\n<p>&nbsp;<\/p>\n<p><strong>ECO TALK - Biodiversidade: mito ou realidade?<\/strong><\/p>\n<p><strong>15th october<\/strong>\u00a0_ friday _ 5pm<br \/>\nCasa Municipal da Cultura de Seia _ Auditorium<\/p>\n<p class=\"rtejustify\">Biodiversity is essential for the balance of the ecosystems in which we live and, in recent years, it has suffered a very significant reduction. Despite its environmental, economic, social and even cultural importance, some people argue that its reduction is not that serious. Many species have already disappeared, including many animals and plants, and things remain the same. Furthermore, bioengineering and genetic engineering can preserve and improve species useful to Human Beings. Is this the price of evolution or the beginning of our own extinction?<\/p>\n<p>&nbsp;<\/p>\n<p><strong>Moderator<\/strong>:<\/p>\n<\/div>\n<div class=\"eventocurto\"><img decoding=\"async\" src=\"http:\/\/www.cineeco.pt\/2021\/imagens\/paralelas\/ecotalks\/barros.jpg\" \/><\/div>\n<div class=\"eventolongo\">\n<p>Nuno Barros,\u00a0Bi\u00f3logo, respons\u00e1vel da Unidade de Comunica\u00e7\u00e3o, Marketing e Sustentabilidade da Lipor.<\/p>\n<p>&nbsp;<\/p>\n<\/div>\n<div class=\"eventos\">\n<p class=\"rtejustify\">\n<\/div>\n<div class=\"eventos\">\n<p><strong>Speakers<\/strong>:<\/p>\n<\/div>\n<div class=\"eventocurto\"><img decoding=\"async\" src=\"http:\/\/www.cineeco.pt\/2021\/imagens\/paralelas\/ecotalks\/sonia-ferreira.jpg\" \/><\/div>\n<div class=\"eventolongo\">\n<p>S\u00f3nia Ferreira, Entom\u00f3loga e investigadora do CIBIO-InBIO, Centro de Investiga\u00e7\u00e3o em Biodiversidade e Recursos Gen\u00e9ticos da Universidade do Porto<\/p>\n<p>&nbsp;<\/p>\n<\/div>\n<div class=\"eventocurto\"><img decoding=\"async\" src=\"http:\/\/www.cineeco.pt\/2021\/imagens\/paralelas\/ecotalks\/diana-nicolau.jpg\" \/><\/div>\n<div class=\"eventolongo\">\n<p>Diana Nicolau, licenciada em Biologia e Geologia, LIPOR<\/p>\n<p>&nbsp;<\/p>\n<\/div>\n<div class=\"eventos\">\n<p>| Simultaneous transmission on the Festival\u2019s Facebook page. |<\/p>\n<\/div>\n\t\t\t<\/div> <!-- Close content div. -->\n\t\t<\/div> <!-- Close collapse div. -->\n\t<\/div> <!-- Close card div. -->\n\t<\/div>\n<\/div>\n\n\n\n\n<div style=\"height:90px\" aria-hidden=\"true\" class=\"wp-block-spacer\"><\/div>","protected":false},"excerpt":{"rendered":"<p>ATIVIDADES PARALELAS 2021<\/p>","protected":false},"author":1,"featured_media":0,"parent":0,"menu_order":0,"comment_status":"closed","ping_status":"closed","template":"","meta":{"ocean_post_layout":"right-sidebar","ocean_both_sidebars_style":"","ocean_both_sidebars_content_width":0,"ocean_both_sidebars_sidebars_width":0,"ocean_sidebar":"","ocean_second_sidebar":"","ocean_disable_margins":"on","ocean_add_body_class":"","ocean_shortcode_before_top_bar":"","ocean_shortcode_after_top_bar":"","ocean_shortcode_before_header":"","ocean_shortcode_after_header":"","ocean_has_shortcode":"","ocean_shortcode_after_title":"","ocean_shortcode_before_footer_widgets":"","ocean_shortcode_after_footer_widgets":"","ocean_shortcode_before_footer_bottom":"","ocean_shortcode_after_footer_bottom":"","ocean_display_top_bar":"off","ocean_display_header":"on","ocean_header_style":"","ocean_center_header_left_menu":"","ocean_custom_header_template":"","ocean_custom_logo":0,"ocean_custom_retina_logo":0,"ocean_custom_logo_max_width":0,"ocean_custom_logo_tablet_max_width":0,"ocean_custom_logo_mobile_max_width":0,"ocean_custom_logo_max_height":0,"ocean_custom_logo_tablet_max_height":0,"ocean_custom_logo_mobile_max_height":0,"ocean_header_custom_menu":"6","ocean_menu_typo_font_family":"","ocean_menu_typo_font_subset":"","ocean_menu_typo_font_size":0,"ocean_menu_typo_font_size_tablet":0,"ocean_menu_typo_font_size_mobile":0,"ocean_menu_typo_font_size_unit":"px","ocean_menu_typo_font_weight":"","ocean_menu_typo_font_weight_tablet":"","ocean_menu_typo_font_weight_mobile":"","ocean_menu_typo_transform":"","ocean_menu_typo_transform_tablet":"","ocean_menu_typo_transform_mobile":"","ocean_menu_typo_line_height":0,"ocean_menu_typo_line_height_tablet":0,"ocean_menu_typo_line_height_mobile":0,"ocean_menu_typo_line_height_unit":"","ocean_menu_typo_spacing":0,"ocean_menu_typo_spacing_tablet":0,"ocean_menu_typo_spacing_mobile":0,"ocean_menu_typo_spacing_unit":"","ocean_menu_link_color":"","ocean_menu_link_color_hover":"","ocean_menu_link_color_active":"","ocean_menu_link_background":"","ocean_menu_link_hover_background":"","ocean_menu_link_active_background":"","ocean_menu_social_links_bg":"","ocean_menu_social_hover_links_bg":"","ocean_menu_social_links_color":"","ocean_menu_social_hover_links_color":"","ocean_disable_title":"on","ocean_disable_heading":"default","ocean_post_title":"","ocean_post_subheading":"","ocean_post_title_style":"","ocean_post_title_background_color":"","ocean_post_title_background":0,"ocean_post_title_bg_image_position":"","ocean_post_title_bg_image_attachment":"","ocean_post_title_bg_image_repeat":"","ocean_post_title_bg_image_size":"","ocean_post_title_height":0,"ocean_post_title_bg_overlay":0.5,"ocean_post_title_bg_overlay_color":"","ocean_disable_breadcrumbs":"default","ocean_breadcrumbs_color":"","ocean_breadcrumbs_separator_color":"","ocean_breadcrumbs_links_color":"","ocean_breadcrumbs_links_hover_color":"","ocean_display_footer_widgets":"default","ocean_display_footer_bottom":"default","ocean_custom_footer_template":"","footnotes":""},"class_list":["post-3050","page","type-page","status-publish","hentry","entry"],"_links":{"self":[{"href":"https:\/\/arquivo.cineeco.pt\/en\/wp-json\/wp\/v2\/pages\/3050","targetHints":{"allow":["GET"]}}],"collection":[{"href":"https:\/\/arquivo.cineeco.pt\/en\/wp-json\/wp\/v2\/pages"}],"about":[{"href":"https:\/\/arquivo.cineeco.pt\/en\/wp-json\/wp\/v2\/types\/page"}],"author":[{"embeddable":true,"href":"https:\/\/arquivo.cineeco.pt\/en\/wp-json\/wp\/v2\/users\/1"}],"replies":[{"embeddable":true,"href":"https:\/\/arquivo.cineeco.pt\/en\/wp-json\/wp\/v2\/comments?post=3050"}],"version-history":[{"count":9,"href":"https:\/\/arquivo.cineeco.pt\/en\/wp-json\/wp\/v2\/pages\/3050\/revisions"}],"predecessor-version":[{"id":3745,"href":"https:\/\/arquivo.cineeco.pt\/en\/wp-json\/wp\/v2\/pages\/3050\/revisions\/3745"}],"wp:attachment":[{"href":"https:\/\/arquivo.cineeco.pt\/en\/wp-json\/wp\/v2\/media?parent=3050"}],"curies":[{"name":"wp","href":"https:\/\/api.w.org\/{rel}","templated":true}]}}