{"id":3063,"date":"2024-03-25T15:40:14","date_gmt":"2024-03-25T15:40:14","guid":{"rendered":"https:\/\/arquivo.cineeco.pt\/?page_id=3063"},"modified":"2024-05-10T11:21:19","modified_gmt":"2024-05-10T11:21:19","slug":"2021-juri","status":"publish","type":"page","link":"https:\/\/arquivo.cineeco.pt\/en\/2021-juri\/","title":{"rendered":"2021-juri"},"content":{"rendered":"<div style=\"height:35px\" aria-hidden=\"true\" class=\"wp-block-spacer\"><\/div>\n\n\n\n<p><a name=\"top\"><\/a><\/p>\n\n\n\n<div class=\"wp-block-buttons has-custom-font-size is-horizontal is-content-justification-center is-layout-flex wp-container-core-buttons-is-layout-a85bcc9b wp-block-buttons-is-layout-flex\" style=\"font-size:10px\">\n<div class=\"wp-block-button has-custom-font-size is-style-outline is-style-outline--1\" style=\"font-size:11px\"><a class=\"wp-block-button__link has-text-align-center wp-element-button\" href=\"https:\/\/arquivo.cineeco.pt\/en\/2021-selecao-oficial\/#top\" style=\"border-radius:10px\">OFFICIAL SELECTION<\/a><\/div>\n\n\n\n<div class=\"wp-block-button has-custom-font-size is-style-outline is-style-outline--2\" style=\"font-size:11px\"><a class=\"wp-block-button__link has-text-align-center wp-element-button\" href=\"https:\/\/arquivo.cineeco.pt\/en\/2021-sessoes\/#top\" style=\"border-radius:10px\">SPECIAL SESSIONS<\/a><\/div>\n\n\n\n<div class=\"wp-block-button has-custom-font-size is-style-outline is-style-outline--3\" style=\"font-size:11px\"><a class=\"wp-block-button__link has-text-align-center wp-element-button\" href=\"https:\/\/arquivo.cineeco.pt\/en\/2021-atividades\/#top\" style=\"border-radius:10px\">PARALLEL ACTIVITIES<\/a><\/div>\n\n\n\n<div class=\"wp-block-button has-custom-font-size is-style-outline is-style-outline--4\" style=\"font-size:11px\"><a class=\"wp-block-button__link has-text-align-center wp-element-button\" href=\"https:\/\/arquivo.cineeco.pt\/wp-content\/uploads\/2024\/03\/programa.pdf\" style=\"border-radius:10px\">PROGRAM<\/a><\/div>\n\n\n\n<div class=\"wp-block-button has-custom-font-size is-style-outline is-style-outline--5\" style=\"font-size:11px\"><a class=\"wp-block-button__link has-text-align-center wp-element-button\" href=\"https:\/\/arquivo.cineeco.pt\/wp-content\/uploads\/2024\/03\/catalogo.pdf\" style=\"border-radius:10px\">CATALOGUE<\/a><\/div>\n\n\n\n<div class=\"wp-block-button has-custom-font-size is-style-fill\" style=\"font-size:11px\"><a class=\"wp-block-button__link has-text-align-center wp-element-button\" href=\"https:\/\/arquivo.cineeco.pt\/en\/2021-juri\/#top\" style=\"border-radius:10px\">JURY<\/a><\/div>\n<\/div>\n\n\n\n<div style=\"height:35px\" aria-hidden=\"true\" class=\"wp-block-spacer\"><\/div>\n\n\n\n<h2 class=\"wp-block-heading has-text-color has-link-color wp-elements-7396b533c749f09bffca1056b370a164\" style=\"color:#ab9431\"><strong><br>JURY<\/strong> 2021<\/h2>\n\n\n\n<div style=\"height:50px\" aria-hidden=\"true\" class=\"wp-block-spacer\"><\/div>\n\n\n<style>#sp-ea-3060 .spcollapsing { height: 0; overflow: hidden; transition-property: height;transition-duration: 300ms;}#sp-ea-3060.sp-easy-accordion>.sp-ea-single {margin-bottom: 30px; border: 1px solid #e2e2e2; }#sp-ea-3060.sp-easy-accordion>.sp-ea-single>.ea-header a {color: #444;}#sp-ea-3060.sp-easy-accordion>.sp-ea-single>.sp-collapse>.ea-body {background: #fff; color: #444;}#sp-ea-3060.sp-easy-accordion>.sp-ea-single {background: #f2f2f2;}#sp-ea-3060.sp-easy-accordion>.sp-ea-single>.ea-header a .ea-expand-icon { float: left; color: #444;font-size: 16px;}<\/style><div id=\"sp_easy_accordion-1708093300\">\n<div id=\"sp-ea-3060\" class=\"sp-ea-one sp-easy-accordion\" data-ex-icon=\"minus\" data-col-icon=\"plus\" data-ea-active=\"ea-click\" data-ea-mode=\"vertical\" data-preloader=\"\" data-scroll-active-item=\"1\" data-offset-to-scroll=\"0\">\n\t<!-- Start accordion card div. -->\n\t<div class=\"ea-card ea-expand sp-ea-single\">\n\t\t<!-- Start accordion header. -->\n\t\t<h3 class=\"ea-header\">\n\t\t\t<!-- Add anchor tag for header. -->\n\t\t\t<a class=\"collapsed\" id=\"ea-header-30600\" data-sptoggle=\"spcollapse\" data-sptarget=\"#collapse30600\" aria-controls=\"collapse30600\" href=\"#\"  aria-expanded=\"true\" tabindex=\"0\">\n\t\t\t<i class=\"ea-expand-icon ea-icon-expand-minus\"><\/i> PANEL OF JUDGES FOR INTERNATIONAL FEATURE FILM COMPETITION\t\t\t<\/a> <!-- Close anchor tag for header. -->\n\t\t<\/h3>\t<!-- Close header tag. -->\n\t\t<!-- Start collapsible content div. -->\n\t\t<div class=\"sp-collapse spcollapse collapsed show\" id=\"collapse30600\" data-parent=\"#sp-ea-3060\" role=\"region\" aria-labelledby=\"ea-header-30600\">  <!-- Content div. -->\n\t\t\t<div class=\"ea-body\">\n\t\t\t<div class=\"evento\">\n<div class=\"eventocurto\"><img decoding=\"async\" src=\"http:\/\/www.cineeco.pt\/2021\/imagens\/juri\/anabela-oliveira.png\" \/><\/div>\n<div class=\"eventolongo\">\n<p class=\"rtejustify\"><strong>Anabela Oliveira<\/strong>, Docente de Cinema, UTAD, Vila Real, PT<\/p>\n<p>An assistant professor at the University of Tr\u00e1s-os-Montes e Alto Douro and researcher at Labcom. She has a PhD in Comparative Literature, her scientific research focuses on inter-art studies, especially the relationships between literature and cinema, literature and architecture and also the cinematography of Manoel de Oliveira, Fellini and Jacques Tati. She has participated on judging panels and workshops at festivals and displays of cinema schools and on the national ICA judging panels (2014-2021). She is the author of the books \u201cEntre Vozes e Imagens \u2013 a presen\u00e7a das imagens cinematogr\u00e1ficas nas m\u00faltiplas vozes do romance portugu\u00eas (anos 70-90)\u201d (Between Voices and Images \u2013 the presence of cinematographic images in the multiple voices of Portuguese romance (1970s-90s)), published by Pena Perfeita in 2007 and \u201cFederico Fellini \u2013 a inevitabilidade da arte\u201d (Federico Fellini \u2013 the inevitability of art), published by DebatEvolution in 2020.<\/p>\n<\/div>\n<div class=\"eventos\">\n<p>&nbsp;<\/p>\n<\/div>\n<\/div>\n<p>&nbsp;<\/p>\n<div class=\"evento\">\n<div class=\"eventocurto\"><img decoding=\"async\" src=\"http:\/\/www.cineeco.pt\/2021\/imagens\/juri\/tiago-santos.png\" \/><\/div>\n<div class=\"eventolongo\">\n<p class=\"rtejustify\"><strong>Tiago Santos<\/strong>, Festival Caminhos do Cinema Portugu\u00eas, Coimbra, PT<\/p>\n<p>Tiago Santos (Cantanhede, 1984) is a graduate and Post-Graduate in Visual Information Technologies and a Master in Design and Multimedia. He attended a PhD course in Contemporary Art and is currently doctoral student in the Literature Materiality Programme at the University of Coimbra.<\/p>\n<\/div>\n<div class=\"eventos\">\n<p class=\"rtejustify\">He has taken part in conferences and published articles in scientific journals. He has collaborated with \u201cCaminhos do Cinema Portugu\u00eas\u201d since 2007, in the areas of communication, multimedia production and production. Vice President of the Caminhos do Cinema Portugu\u00eas - Cinematographic Arts Association of Coimbra, and since 2021 the Vice Director of the Cinema Magazine published by the Portuguese Federation of Cinema Clubs.<br \/>\nHe served on the Board of the Portuguese Federation of Cinema Clubs in the 2018-19 two-year period.<\/p>\n<p>&nbsp;<\/p>\n<p>&nbsp;<\/p>\n<\/div>\n<div class=\"eventocurto\"><img decoding=\"async\" src=\"http:\/\/www.cineeco.pt\/2021\/imagens\/juri\/filipe-reis.png\" \/><\/div>\n<div class=\"eventolongo\">\n<p class=\"rtejustify\"><strong>Filipe Reis<\/strong>, Antrop\u00f3logo, ISCTE, Lisboa, PT<\/p>\n<p>Anthropologist, professor at ISCTE and researcher integrated into the Anthropology Research Network Center. He works and researches in the area of anthropology of media and technology, with a focus on sound technologies and problematizing the concept of soundscape. He has developed and coordinated projects that involve the creation and experimentation of new anthropology communication formats through the use of sound and visual arts.<\/p>\n<\/div>\n<\/div>\n\t\t\t<\/div> <!-- Close content div. -->\n\t\t<\/div> <!-- Close collapse div. -->\n\t<\/div> <!-- Close card div. -->\n\t\t<!-- Start accordion card div. -->\n\t<div class=\"ea-card  sp-ea-single\">\n\t\t<!-- Start accordion header. -->\n\t\t<h3 class=\"ea-header\">\n\t\t\t<!-- Add anchor tag for header. -->\n\t\t\t<a class=\"collapsed\" id=\"ea-header-30601\" data-sptoggle=\"spcollapse\" data-sptarget=\"#collapse30601\" aria-controls=\"collapse30601\" href=\"#\"  aria-expanded=\"false\" tabindex=\"0\">\n\t\t\t<i class=\"ea-expand-icon ea-icon-expand-plus\"><\/i> PANEL OF JUDGES FOR INTERNATIONAL SHORT FILM AND TELEVISION SERIES AND REPORTS\t\t\t<\/a> <!-- Close anchor tag for header. -->\n\t\t<\/h3>\t<!-- Close header tag. -->\n\t\t<!-- Start collapsible content div. -->\n\t\t<div class=\"sp-collapse spcollapse\" id=\"collapse30601\" data-parent=\"#sp-ea-3060\" role=\"region\" aria-labelledby=\"ea-header-30601\">  <!-- Content div. -->\n\t\t\t<div class=\"ea-body\">\n\t\t\t<div class=\"evento\">\n<div class=\"eventocurto\"><img decoding=\"async\" src=\"http:\/\/www.cineeco.pt\/2021\/imagens\/juri\/nuno-barros.png\" \/><\/div>\n<div class=\"eventolongo\">\n<p class=\"rtejustify\"><strong>Nuno Barros<\/strong>, Lipor<\/p>\n<p>Graduated in Biology, by the Faculty of Sciencies of the University of Porto, in 1996, he has always been connected, for the most part of his professional life, to Environment and Sustainability.<\/p>\n<\/div>\n<div class=\"eventos\">\n<p class=\"rtejustify\">After having started to work on management of fish populations, he joined Lipor where he began his career in the area of Education and Environmental Awareness.\nLater he created and coordinated Lipor\u2019s Sustainability Office, implementing Local Agenda 21 projects, and projects in the area of Sustainability and Social Responsability, namely the implementation of the SA8000 standard.<br \/>\nHe was a professor in the School of Sciences and Health Technologies, of the Polytechnic of Porto, where he teaches Waste Management.<br \/>\nHe spent four years in the United States where he worked in the Houston Museum of Natural Science and the Museum of Fine Arts - Houston, in the areas of training, educational support and visitor assistance. He returned to Lipor in 2014, currently integrating the Communication, Marketing and Sustainability Unit, where he is responsible for the management of internal and external communication media.<\/p>\n<p>&nbsp;<\/p>\n<p>&nbsp;<\/p>\n<\/div>\n<div class=\"eventocurto\"><img decoding=\"async\" src=\"http:\/\/www.cineeco.pt\/2021\/imagens\/juri\/rita-saldanha.png\" \/><\/div>\n<div class=\"eventolongo\">\n<p class=\"rtejustify\"><strong>Rita Saldanha<\/strong>, Jornalista e realizadora de document\u00e1rios, Lisboa, PT<\/p>\n<p>Rita Saldanha has been a journalist for 30 years. She began at the \u2018A Capital\u2019 newspaper, then moved to Correio da Manh\u00e3 Radio, and she joined RTP in 1992. Working on daily news programmes, she specialised in Portuguese politics, but in 1996 she suggested the environmental programme on RTP, \u201c7 Graus Oeste\u201d (7 Degrees West), followed by \u201cRep\u00f3rteres da Terra\u201d (Reporters of the Land), and \u201cBombordo\u201d. \u201cEscrava de Pedra\u201d (Stone Slave) about the quarries in Arr\u00e1bida Nature Park was her first major television report. \u201cUivos do Mar\u201d (Howls from the Sea) reporting on the conservation of the sea lions in Madeira is one of her documentaries, and \u201cEm Nome da Terra\u201d (In the Name of the Earth) is a biography about Gon\u00e7alo Ribeiro Telles, the father of ecology in Portugal. She directed her first documentary series \u201cPortugal Culto e Oculto\u201d (Cultured and Occult Portugal) about spiritual orders, followed by a the series on the history of Medicine, \u201cA Arte da Cura\u201d (The Art of Curing).<\/p>\n<\/div>\n<div class=\"eventos\">\n<p>&nbsp;<\/p>\n<p>&nbsp;<\/p>\n<\/div>\n<div class=\"eventocurto\"><img decoding=\"async\" src=\"http:\/\/www.cineeco.pt\/2021\/imagens\/juri\/jorge-vaz-gomes.png\" \/><\/div>\n<div class=\"eventolongo\">\n<p class=\"rtejustify\"><strong>Jorge Vaz Gomes<\/strong>, Ator, Videoartista e Fot\u00f3grafo, Lisboa, PT<\/p>\n<p>He lived in Guarda until he was 18 years old, when he started an Environmental Engineering Degree at the Nova University Lisbon. In 2006 he studied filmmaking at ETIC Escola de Tecnologias, Inova\u00e7\u00e3o e Cria\u00e7\u00e3o (Technologies, Innovation and Creation School), in Lisbon, and later Photography at Ar.Co. He has directed television programmes and advertisements and was part of the team that founded Canal Q, where he worked as a director, scriptwriter and actor. As an actor, he has worked with Fernando Vendrell, Ant\u00f3nio-Pedro Vasconcelos, Vicente Alves do \u00d3 and Rita Nunes. He directed the short films \u201cSobre a mesa\u201d (On the Table), 2010; \u201cO Quarteir\u00e3o\u201d (The Block), 2015; \u201cJean-Claude\u201d, 2016, (special mention by the IndieLisboa judging panel); and \u201cmapa-esquisito\u201d (weird map) 2018, (Short film contest of IndieLisboa 2018, best Portuguese film award at the Cinenova festival). He is currently finishing his first feature film, \u201cSoldado Nobre\u201d (Noble Soldier), which involves research on his grandfather who fought in the First World War, and is doing a PhD in Multimedia Art at the Faculdade de Belas-Artes de Lisboa (Lisbon University of Fine Arts) and at the Sorbonne-Nouvelle University.<\/p>\n<\/div>\n<\/div>\n\t\t\t<\/div> <!-- Close content div. -->\n\t\t<\/div> <!-- Close collapse div. -->\n\t<\/div> <!-- Close card div. -->\n\t\t<!-- Start accordion card div. -->\n\t<div class=\"ea-card  sp-ea-single\">\n\t\t<!-- Start accordion header. -->\n\t\t<h3 class=\"ea-header\">\n\t\t\t<!-- Add anchor tag for header. -->\n\t\t\t<a class=\"collapsed\" id=\"ea-header-30602\" data-sptoggle=\"spcollapse\" data-sptarget=\"#collapse30602\" aria-controls=\"collapse30602\" href=\"#\"  aria-expanded=\"false\" tabindex=\"0\">\n\t\t\t<i class=\"ea-expand-icon ea-icon-expand-plus\"><\/i> PANEL OF JUDGES FOR PORTUGUESE LANGUAGE FEATURE FILM, SHORT FILM AND REGIONAL PANORAMA COMPETITIONS\t\t\t<\/a> <!-- Close anchor tag for header. -->\n\t\t<\/h3>\t<!-- Close header tag. -->\n\t\t<!-- Start collapsible content div. -->\n\t\t<div class=\"sp-collapse spcollapse\" id=\"collapse30602\" data-parent=\"#sp-ea-3060\" role=\"region\" aria-labelledby=\"ea-header-30602\">  <!-- Content div. -->\n\t\t\t<div class=\"ea-body\">\n\t\t\t<div class=\"evento\">\n<div class=\"eventocurto\"><img decoding=\"async\" src=\"http:\/\/www.cineeco.pt\/2021\/imagens\/juri\/cristiana-giustino.png\" \/><\/div>\n<div class=\"eventolongo\">\n<p class=\"rtejustify\"><strong>Cristiana Giustino<\/strong>, Gestora e produtora cultural, Brasil<\/p>\n<p>Cristiana Giustino is a manager and cultural producer with experience in events and content development and production in Brazil, Italy and Portugal. She belongs to the programming teams of FESTin \u2013 Portuguese Language Travelling Cinema Festival (Portugal, since 2019) and Agenda Brazil \u2013 International Brazilian Cinema Festival (Italy, since 2017). In 2020 she took part in the judging panel of the 6th CineEMA \u2013 National Environmental Cinema Festival of Esp\u00edrito Santo (Brazil). She has done several production jobs at festivals, such as the Brazilian Film Festival of Miami, Brazilian Film Festival of NY, Festival do Rio \u2013 Rio de Janeiro International Film Festival, MOTELX \u2013 Lisbon International Horror Film Festival and FIKE \u2013 \u00c9vora International Short Film Festival.<\/p>\n<\/div>\n<div class=\"eventos\">\n<p>&nbsp;<\/p>\n<p>&nbsp;<\/p>\n<\/div>\n<div class=\"eventocurto\"><img decoding=\"async\" src=\"http:\/\/www.cineeco.pt\/2021\/imagens\/juri\/joaquim-ramos-pinto.png\" \/><\/div>\n<div class=\"eventolongo\">\n<p class=\"rtejustify\"><strong>Joaquim Ramos Pinto<\/strong>, Presidente da ASPEA _ Associa\u00e7\u00e3o Portuguesa de Educa\u00e7\u00e3o Ambiental<\/p>\n<p>With a bachelor in Primary Education Teaching at the University of Aveiro, an Advanced Studies Diploma at the University of Santiago de Compostela and is currently in the final stage of the PhD Programme in Environmental Education. Teacher on mbility under the protocol between the Ministry of Education and the Ministry of the Environment, coordinating Environmental Education projects on a national and European level and in Portuguese-speaking countries. He has been part of the organising and scientific committee of several projects, conferences and congresses on Environmental Education, both nationally and internationally, where he has given several speeches. His projects and research have been published in several books and magazines. He has taken part in numerous committees and working groups, and supervised internships in the areas of Environmental Education, Social Participation, Ecotourism and Cultural Diversity. He is currently the president of the Portuguese Environmental Education Association.<\/p>\n<\/div>\n<div class=\"eventos\">\n<p>&nbsp;<\/p>\n<p>&nbsp;<\/p>\n<\/div>\n<div class=\"eventocurto\"><img decoding=\"async\" src=\"http:\/\/www.cineeco.pt\/2021\/imagens\/juri\/elisa-bogalheiro.png\" \/><\/div>\n<div class=\"eventolongo\">\n<p class=\"rtejustify\"><strong>Elisa Bogalheiro<\/strong>, produtora audiovisual, Covilh\u00e3, PT<\/p>\n<p>Elisa Bogalheiro was born in 1978 in the city of Covilh\u00e3. She has a bachelor in Modern Languages and Literature in the English and German variant at the University of Coimbra. In 2003, she moved to Berlin to study a Master\u2019s Degree in Visual Anthropology and Cinema at Freie Universit\u00e4t. In the German capital she carried out several activities linked to television journalism and audio-visual production, namely in the areas of production, editing and writing news for several Spanish television media outlets as a correspondent for the Europainformaci\u00f3n news agency. After a short stay in Panam\u00e1, where she worked in content creation for television, she returned to Portugal at the end of 2012, where she currently lives. She has worked between Barcelona and Portugal as an audio-visual producer, cultural organiser and journalist, and has recently turned her hand to cinema production, directing a creative documentary that is in the post-production phase.<\/p>\n<\/div>\n<\/div>\n\t\t\t<\/div> <!-- Close content div. -->\n\t\t<\/div> <!-- Close collapse div. -->\n\t<\/div> <!-- Close card div. -->\n\t\t<!-- Start accordion card div. -->\n\t<div class=\"ea-card  sp-ea-single\">\n\t\t<!-- Start accordion header. -->\n\t\t<h3 class=\"ea-header\">\n\t\t\t<!-- Add anchor tag for header. -->\n\t\t\t<a class=\"collapsed\" id=\"ea-header-30603\" data-sptoggle=\"spcollapse\" data-sptarget=\"#collapse30603\" aria-controls=\"collapse30603\" href=\"#\"  aria-expanded=\"false\" tabindex=\"0\">\n\t\t\t<i class=\"ea-expand-icon ea-icon-expand-plus\"><\/i> YOUTH JURY\t\t\t<\/a> <!-- Close anchor tag for header. -->\n\t\t<\/h3>\t<!-- Close header tag. -->\n\t\t<!-- Start collapsible content div. -->\n\t\t<div class=\"sp-collapse spcollapse\" id=\"collapse30603\" data-parent=\"#sp-ea-3060\" role=\"region\" aria-labelledby=\"ea-header-30603\">  <!-- Content div. -->\n\t\t\t<div class=\"ea-body\">\n\t\t\t<div class=\"evento\">\n<p><strong>PANEL OF JUDGES FOR INTERNATIONAL FEATURE FILM COMPETITION<\/strong><\/p>\n<p>&nbsp;<\/p>\n<div class=\"eventocurto\"><img decoding=\"async\" src=\"http:\/\/www.cineeco.pt\/2021\/imagens\/juri\/jessica.png\" \/><\/div>\n<div class=\"eventolongo\">\n<p class=\"rtejustify\"><strong>J\u00e9ssica Maximino<\/strong><\/p>\n<p>J\u00e9ssica Maximino is from Seia, grew up in Serra da Estrela and this is her refuge whenever she needs energy: nature. With a degree in Public-Private Administration from the Faculty of Law of the University of Coimbra, she studied Law at the same institution. Master in Management from ISCAC and current postgraduate student in public contracting at CEDIPRE. She grew up linked to the theater in Seia and the fact that she works in the area of public contracting in the city of Coimbra allows her to have access to much of what is happening in the cultural sphere, namely, in the programming of the Convento S\u00e3o Francisco, in the various museums and cultural spaces of the city, its traditions and Coimbra's candidacy for European Capital of Culture 2027.<\/p>\n<p>&nbsp;<\/p>\n<\/div>\n<div class=\"eventos\">\n<p class=\"rtejustify\">\n<\/div>\n<div class=\"eventocurto\"><img decoding=\"async\" src=\"http:\/\/www.cineeco.pt\/2021\/imagens\/juri\/hugo-freire.png\" \/><\/div>\n<div class=\"eventolongo\">\n<p class=\"rtejustify\"><strong>Hugo Freire<\/strong><\/p>\n<p>Graduated in the area of Music Production, Hugo Freire is fascinated by audiovisual areas and people. Motivated by his zest for life, he is always looking for new inspiration and knowledge. He takes great pleasure in creating, managing and participating in projects driven by creativity, dedication and dreams. The time he doesn't spend with nature and others, he spends at home exploring the most varied interests (design, editing, games, series, films and good cuisine). He has professional experience in the area of production, events, music and tourism, acquired throughout the country, through participation in musicals, concerts, studio recordings, multi-activities, etc. Currently, he is in the 3rd year of the Degree in Leisure Management and Tourist Entertainment at the Estoril Superior School of Hotel and Tourism (ESHTE) to complement his skills.<\/p>\n<p>&nbsp;<\/p>\n<\/div>\n<div class=\"eventos\">\n<p class=\"rtejustify\">\n<\/div>\n<p>&nbsp;<\/p>\n<p><strong>PANEL OF JUDGES FOR INTERNATIONAL SHORT FILM AND TELEVISION SERIES AND REPORTS<\/strong><\/p>\n<p>&nbsp;<\/p>\n<div class=\"eventocurto\"><img decoding=\"async\" src=\"http:\/\/www.cineeco.pt\/2021\/imagens\/juri\/ines.png\" \/><\/div>\n<div class=\"eventolongo\">\n<p class=\"rtejustify\"><strong>In\u00eas Bernardo<\/strong><\/p>\n<p>In\u00eas Veiga Bernardo, 24 years old, born in Gouveia, is a Communication and Public Relations student at the Instituto Polit\u00e9cnico da Guarda. She has done several photography and video works and is a member of Escola Velha Teatro de Gouveia as an actress, producer and member of the group's supervisory council. Lately, she has been working in the area of sound design.<\/p>\n<p>&nbsp;<\/p>\n<\/div>\n<div class=\"eventos\">\n<p class=\"rtejustify\">\n<\/div>\n<div class=\"eventocurto\"><img decoding=\"async\" src=\"http:\/\/www.cineeco.pt\/2021\/imagens\/juri\/diogo-pereira.png\" \/><\/div>\n<div class=\"eventolongo\">\n<p class=\"rtejustify\"><strong>Diogo Pereira<\/strong><\/p>\n<p>Diogo Aires Pereira, born on March 6, 1994, from Senense and son of Senense parents, studied in his city until the 12th year. He graduated in Business Management from the Polytechnic Institute of Viseu, completed a professional internship in England and is now part of a dynamic team at BLC3, in Lagares da Beira. The pleasure of CINEMA revealed itself very early in his life and he considers that there is no ART like the 7th.<\/p>\n<p>&nbsp;<\/p>\n<\/div>\n<div class=\"eventos\">\n<p class=\"rtejustify\">\n<\/div>\n<p>&nbsp;<\/p>\n<p><strong>PANEL OF JUDGES FOR PORTUGUESE LANGUAGE FEATURE FILM, SHORT FILM AND REGIONAL PANORAMA COMPETITIONS<\/strong><\/p>\n<p>&nbsp;<\/p>\n<div class=\"eventocurto\"><img decoding=\"async\" src=\"http:\/\/www.cineeco.pt\/2021\/imagens\/juri\/carolina.png\" \/><\/div>\n<div class=\"eventolongo\">\n<p class=\"rtejustify\"><strong>Carolina Ferreira<\/strong><\/p>\n<p>Carolina Ferreira is in the 12th year, studying Science and Technology, at Escola Secund\u00e1ria de Seia. She studied at the Seia Conservatory, where she completed the 5th degree in plucked viola. More recently, she participated in the making of a short film, entitled \u201cInvasive Species\u201d, as part of the LivingRiver Project, culminating in its release at CineEco.<\/p>\n<p>&nbsp;<\/p>\n<\/div>\n<div class=\"eventos\">\n<p class=\"rtejustify\">\n<\/div>\n<div class=\"eventocurto\"><img decoding=\"async\" src=\"http:\/\/www.cineeco.pt\/2021\/imagens\/juri\/marco.png\" \/><\/div>\n<div class=\"eventolongo\">\n<p class=\"rtejustify\"><strong>Marco Cosme<\/strong><\/p>\n<p>Marco Cosme, 25 years old, lives in S\u00e3o Rom\u00e3o, municipality of Seia. Historian with a degree and master's degree in History from the Faculty of Arts of the University of Coimbra, he is currently completing his Master's degree in History Teaching at the same institution. Passionate about the history of society and culture, as well as local heritage, from an early age he developed a particular interest in music, literature and, above all, the seventh art. He has the dissemination and defense of Culture as one of the main core of his civic and social intervention.<\/p>\n<\/div>\n<\/div>\n\t\t\t<\/div> <!-- Close content div. -->\n\t\t<\/div> <!-- Close collapse div. -->\n\t<\/div> <!-- Close card div. -->\n\t<\/div>\n<\/div>","protected":false},"excerpt":{"rendered":"<p>J\u00daRI 2021<\/p>","protected":false},"author":1,"featured_media":0,"parent":0,"menu_order":0,"comment_status":"closed","ping_status":"closed","template":"","meta":{"ocean_post_layout":"right-sidebar","ocean_both_sidebars_style":"","ocean_both_sidebars_content_width":0,"ocean_both_sidebars_sidebars_width":0,"ocean_sidebar":"","ocean_second_sidebar":"","ocean_disable_margins":"on","ocean_add_body_class":"","ocean_shortcode_before_top_bar":"","ocean_shortcode_after_top_bar":"","ocean_shortcode_before_header":"","ocean_shortcode_after_header":"","ocean_has_shortcode":"","ocean_shortcode_after_title":"","ocean_shortcode_before_footer_widgets":"","ocean_shortcode_after_footer_widgets":"","ocean_shortcode_before_footer_bottom":"","ocean_shortcode_after_footer_bottom":"","ocean_display_top_bar":"off","ocean_display_header":"on","ocean_header_style":"","ocean_center_header_left_menu":"","ocean_custom_header_template":"","ocean_custom_logo":0,"ocean_custom_retina_logo":0,"ocean_custom_logo_max_width":0,"ocean_custom_logo_tablet_max_width":0,"ocean_custom_logo_mobile_max_width":0,"ocean_custom_logo_max_height":0,"ocean_custom_logo_tablet_max_height":0,"ocean_custom_logo_mobile_max_height":0,"ocean_header_custom_menu":"6","ocean_menu_typo_font_family":"","ocean_menu_typo_font_subset":"","ocean_menu_typo_font_size":0,"ocean_menu_typo_font_size_tablet":0,"ocean_menu_typo_font_size_mobile":0,"ocean_menu_typo_font_size_unit":"px","ocean_menu_typo_font_weight":"","ocean_menu_typo_font_weight_tablet":"","ocean_menu_typo_font_weight_mobile":"","ocean_menu_typo_transform":"","ocean_menu_typo_transform_tablet":"","ocean_menu_typo_transform_mobile":"","ocean_menu_typo_line_height":0,"ocean_menu_typo_line_height_tablet":0,"ocean_menu_typo_line_height_mobile":0,"ocean_menu_typo_line_height_unit":"","ocean_menu_typo_spacing":0,"ocean_menu_typo_spacing_tablet":0,"ocean_menu_typo_spacing_mobile":0,"ocean_menu_typo_spacing_unit":"","ocean_menu_link_color":"","ocean_menu_link_color_hover":"","ocean_menu_link_color_active":"","ocean_menu_link_background":"","ocean_menu_link_hover_background":"","ocean_menu_link_active_background":"","ocean_menu_social_links_bg":"","ocean_menu_social_hover_links_bg":"","ocean_menu_social_links_color":"","ocean_menu_social_hover_links_color":"","ocean_disable_title":"on","ocean_disable_heading":"default","ocean_post_title":"","ocean_post_subheading":"","ocean_post_title_style":"","ocean_post_title_background_color":"","ocean_post_title_background":0,"ocean_post_title_bg_image_position":"","ocean_post_title_bg_image_attachment":"","ocean_post_title_bg_image_repeat":"","ocean_post_title_bg_image_size":"","ocean_post_title_height":0,"ocean_post_title_bg_overlay":0.5,"ocean_post_title_bg_overlay_color":"","ocean_disable_breadcrumbs":"default","ocean_breadcrumbs_color":"","ocean_breadcrumbs_separator_color":"","ocean_breadcrumbs_links_color":"","ocean_breadcrumbs_links_hover_color":"","ocean_display_footer_widgets":"default","ocean_display_footer_bottom":"default","ocean_custom_footer_template":"","footnotes":""},"class_list":["post-3063","page","type-page","status-publish","hentry","entry"],"_links":{"self":[{"href":"https:\/\/arquivo.cineeco.pt\/en\/wp-json\/wp\/v2\/pages\/3063","targetHints":{"allow":["GET"]}}],"collection":[{"href":"https:\/\/arquivo.cineeco.pt\/en\/wp-json\/wp\/v2\/pages"}],"about":[{"href":"https:\/\/arquivo.cineeco.pt\/en\/wp-json\/wp\/v2\/types\/page"}],"author":[{"embeddable":true,"href":"https:\/\/arquivo.cineeco.pt\/en\/wp-json\/wp\/v2\/users\/1"}],"replies":[{"embeddable":true,"href":"https:\/\/arquivo.cineeco.pt\/en\/wp-json\/wp\/v2\/comments?post=3063"}],"version-history":[{"count":4,"href":"https:\/\/arquivo.cineeco.pt\/en\/wp-json\/wp\/v2\/pages\/3063\/revisions"}],"predecessor-version":[{"id":3746,"href":"https:\/\/arquivo.cineeco.pt\/en\/wp-json\/wp\/v2\/pages\/3063\/revisions\/3746"}],"wp:attachment":[{"href":"https:\/\/arquivo.cineeco.pt\/en\/wp-json\/wp\/v2\/media?parent=3063"}],"curies":[{"name":"wp","href":"https:\/\/api.w.org\/{rel}","templated":true}]}}