{"id":3240,"date":"2024-04-29T14:47:16","date_gmt":"2024-04-29T14:47:16","guid":{"rendered":"https:\/\/arquivo.cineeco.pt\/?page_id=3240"},"modified":"2024-05-10T11:19:20","modified_gmt":"2024-05-10T11:19:20","slug":"2020-atividades","status":"publish","type":"page","link":"https:\/\/arquivo.cineeco.pt\/en\/2020-atividades\/","title":{"rendered":"2020-atividades"},"content":{"rendered":"<div style=\"height:35px\" aria-hidden=\"true\" class=\"wp-block-spacer\"><\/div>\n\n\n\n<p><a name=\"top\"><\/a><\/p>\n\n\n\n<div class=\"wp-block-buttons has-custom-font-size is-horizontal is-content-justification-center is-layout-flex wp-container-core-buttons-is-layout-a85bcc9b wp-block-buttons-is-layout-flex\" style=\"font-size:10px\">\n<div class=\"wp-block-button has-custom-font-size is-style-outline is-style-outline--1\" style=\"font-size:11px\"><a class=\"wp-block-button__link has-text-align-center wp-element-button\" href=\"https:\/\/arquivo.cineeco.pt\/en\/2020-selecao-oficial\/#top\" style=\"border-radius:10px\">OFFICIAL SELECTION<\/a><\/div>\n\n\n\n<div class=\"wp-block-button has-custom-font-size is-style-outline is-style-outline--2\" style=\"font-size:11px\"><a class=\"wp-block-button__link has-text-align-center wp-element-button\" href=\"https:\/\/arquivo.cineeco.pt\/en\/2020-sessoes\/#top\" style=\"border-radius:10px\">SPECIAL SESSIONS<\/a><\/div>\n\n\n\n<div class=\"wp-block-button has-custom-font-size is-style-fill\" style=\"font-size:11px\"><a class=\"wp-block-button__link has-text-align-center wp-element-button\" href=\"https:\/\/arquivo.cineeco.pt\/en\/2020-atividades\/#top\" style=\"border-radius:10px\">PARALLEL ACTIVITIES<\/a><\/div>\n\n\n\n<div class=\"wp-block-button has-custom-font-size is-style-outline is-style-outline--3\" style=\"font-size:11px\"><a class=\"wp-block-button__link has-text-align-center wp-element-button\" href=\"https:\/\/arquivo.cineeco.pt\/wp-content\/uploads\/2024\/04\/catalogo-v8-web.pdf\" style=\"border-radius:10px\">CATALOGUE<\/a><\/div>\n\n\n\n<div class=\"wp-block-button has-custom-font-size is-style-outline is-style-outline--4\" style=\"font-size:11px\"><a class=\"wp-block-button__link has-text-align-center wp-element-button\" href=\"https:\/\/arquivo.cineeco.pt\/en\/2020-juri\/#top\" style=\"border-radius:10px\">JURY<\/a><\/div>\n\n\n\n<div class=\"wp-block-button has-custom-font-size is-style-outline is-style-outline--5\" style=\"font-size:11px\"><a class=\"wp-block-button__link has-text-align-center wp-element-button\" href=\"https:\/\/arquivo.cineeco.pt\/en\/2020-galeria\/#top\" style=\"border-radius:10px\">GALLERY<\/a><\/div>\n<\/div>\n\n\n\n<div style=\"height:35px\" aria-hidden=\"true\" class=\"wp-block-spacer\"><\/div>\n\n\n\n<h2 class=\"wp-block-heading has-text-color has-link-color wp-elements-86c86992526a9b7420c906224de62463\" style=\"color:#ab9431\"><strong>PARALLEL ACTIVITIES<\/strong> 2020<\/h2>\n\n\n\n<div style=\"height:35px\" aria-hidden=\"true\" class=\"wp-block-spacer\"><\/div>\n\n\n<style>#sp-ea-3237 .spcollapsing { height: 0; overflow: hidden; transition-property: height;transition-duration: 300ms;}#sp-ea-3237.sp-easy-accordion>.sp-ea-single {margin-bottom: 10px; border: 1px solid #e2e2e2; }#sp-ea-3237.sp-easy-accordion>.sp-ea-single>.ea-header a {color: #444;}#sp-ea-3237.sp-easy-accordion>.sp-ea-single>.sp-collapse>.ea-body {background: #fff; color: #444;}#sp-ea-3237.sp-easy-accordion>.sp-ea-single {background: #f2f2f2;}#sp-ea-3237.sp-easy-accordion>.sp-ea-single>.ea-header a .ea-expand-icon { float: left; color: #444;font-size: 16px;}<\/style><div id=\"sp_easy_accordion-1708093300\">\n<div id=\"sp-ea-3237\" class=\"sp-ea-one sp-easy-accordion\" data-ex-icon=\"minus\" data-col-icon=\"plus\" data-ea-active=\"ea-click\" data-ea-mode=\"vertical\" data-preloader=\"\" data-scroll-active-item=\"1\" data-offset-to-scroll=\"0\">\n\t<!-- Start accordion card div. -->\n\t<div class=\"ea-card  sp-ea-single\">\n\t\t<!-- Start accordion header. -->\n\t\t<h3 class=\"ea-header\">\n\t\t\t<!-- Add anchor tag for header. -->\n\t\t\t<a class=\"collapsed\" id=\"ea-header-32370\" data-sptoggle=\"spcollapse\" data-sptarget=\"#collapse32370\" aria-controls=\"collapse32370\" href=\"#\"  aria-expanded=\"false\" tabindex=\"0\">\n\t\t\t<i class=\"ea-expand-icon ea-icon-expand-plus\"><\/i> | EXHIBITIONS |\t\t\t<\/a> <!-- Close anchor tag for header. -->\n\t\t<\/h3>\t<!-- Close header tag. -->\n\t\t<!-- Start collapsible content div. -->\n\t\t<div class=\"sp-collapse spcollapse spcollapse\" id=\"collapse32370\" data-parent=\"#sp-ea-3237\" role=\"region\" aria-labelledby=\"ea-header-32370\">  <!-- Content div. -->\n\t\t\t<div class=\"ea-body\">\n\t\t\t<p><strong>RUMOURS OF THE WORLD: PEOPLE, PLACES, OTHER PERSPECTIVES<\/strong><\/p>\n<p><strong><em>10th october to 30th november<\/em><\/strong><br \/>\n<em>Casa Municipal da Cultura de Seia _ Galleries<\/em><br \/>\n<strong><em>Opening:<\/em><\/strong><em>\u00a010th october _ saturday _ 5pm<\/em><\/p>\n<p class=\"rtejustify translation-block\">The high number of works, wide range of information and the aesthetic quality of the pro-jects submitted to this year\u2019s Contest (2019) calls for the need to highlight a set of imagens representative of the ample universe of imagery into which <em>\u201cTransversalities - Photography without Borders\u201d<\/em> has transformed.<br>\nBy focusing on people and places, the display shines light on the two structural cores in an exhibi-tory discourse that comprises a journey to hidden terrains and natural landscapes and humans spread over the different continents.<\/p>\n<p class=\"rtejustify\">\n<p>&nbsp;<\/p>\n<p><strong>FROM SCREEN TO SCREEN, CINEMATIC JOURNEYS<\/strong><\/p>\n<p><strong><em>10th october to 30th november<\/em><\/strong><br \/>\n<em>Casa Municipal da Cultura de Seia _ Galleries<\/em><br \/>\n<strong><em>Opening:<\/em><\/strong><em>\u00a010th october _ saturday _ 5pm<\/em><\/p>\n<p class=\"rtejustify\"><strong>\u00a0<\/strong>The idea for this exhibition is rooted on Elsa Cerqueira\u2019s work over more than a decade at Amarante Cinema Society, the Cinema Society, the National Cinema Plan of Amarante Secondary School, and in the last three years, in Philosophy with Cinema for Children. She challenged 44 artists to take part in an animation film suggested by her, and they created a work of art. The items on display reflect a huge diversity of techniques and include Portuguese and foreign animation.<\/p>\n\t\t\t<\/div> <!-- Close content div. -->\n\t\t<\/div> <!-- Close collapse div. -->\n\t<\/div> <!-- Close card div. -->\n\t\t<!-- Start accordion card div. -->\n\t<div class=\"ea-card  sp-ea-single\">\n\t\t<!-- Start accordion header. -->\n\t\t<h3 class=\"ea-header\">\n\t\t\t<!-- Add anchor tag for header. -->\n\t\t\t<a class=\"collapsed\" id=\"ea-header-32371\" data-sptoggle=\"spcollapse\" data-sptarget=\"#collapse32371\" aria-controls=\"collapse32371\" href=\"#\"  aria-expanded=\"false\" tabindex=\"0\">\n\t\t\t<i class=\"ea-expand-icon ea-icon-expand-plus\"><\/i> | MUSICAL PERFORMANCE |\t\t\t<\/a> <!-- Close anchor tag for header. -->\n\t\t<\/h3>\t<!-- Close header tag. -->\n\t\t<!-- Start collapsible content div. -->\n\t\t<div class=\"sp-collapse spcollapse spcollapse\" id=\"collapse32371\" data-parent=\"#sp-ea-3237\" role=\"region\" aria-labelledby=\"ea-header-32371\">  <!-- Content div. -->\n\t\t\t<div class=\"ea-body\">\n\t\t\t<p><strong>HUGO SIM\u00d5ES: FINDING A PLACE TO LAND<\/strong><br \/>\n<strong>10th october\u00a0<\/strong>_ saturday _ 6pm<br \/>\nCasa Municipal da Cultura de Seia _ Auditorium<\/p>\n<p class=\"rtejustify translation-block\"><em>Finding a Place to Land<\/em> is a title that intends to reflect the guiding idea of building a single artistic object, a launchpad, where music and images intertwine with multi-disciplinary poetry to raise awareness about the fragilities of the modern world.<br>\nIn this performance, as contemporary guitar and electronic music plays in the background, images and videos are projected, combined with prearranged effects to fit into the musical discourse, designed to make people think and alert the audience to two key questions in our contemporary world: the climate crisis and the refugee problem.<\/p>\n<p class=\"rtejustify\">\n<p><strong>Repertoire<\/strong><br \/>\nSteve Reich<br \/>\nBruno Maderna<br \/>\nNatasha Barrett<br \/>\nAndrew Staniland<\/p>\n<p><em>A partnership between Seia Municipal Council and the DME Festival<\/em><\/p>\n\t\t\t<\/div> <!-- Close content div. -->\n\t\t<\/div> <!-- Close collapse div. -->\n\t<\/div> <!-- Close card div. -->\n\t\t<!-- Start accordion card div. -->\n\t<div class=\"ea-card  sp-ea-single\">\n\t\t<!-- Start accordion header. -->\n\t\t<h3 class=\"ea-header\">\n\t\t\t<!-- Add anchor tag for header. -->\n\t\t\t<a class=\"collapsed\" id=\"ea-header-32372\" data-sptoggle=\"spcollapse\" data-sptarget=\"#collapse32372\" aria-controls=\"collapse32372\" href=\"#\"  aria-expanded=\"false\" tabindex=\"0\">\n\t\t\t<i class=\"ea-expand-icon ea-icon-expand-plus\"><\/i> | CONCERT |\t\t\t<\/a> <!-- Close anchor tag for header. -->\n\t\t<\/h3>\t<!-- Close header tag. -->\n\t\t<!-- Start collapsible content div. -->\n\t\t<div class=\"sp-collapse spcollapse spcollapse\" id=\"collapse32372\" data-parent=\"#sp-ea-3237\" role=\"region\" aria-labelledby=\"ea-header-32372\">  <!-- Content div. -->\n\t\t\t<div class=\"ea-body\">\n\t\t\t<p>_Opening Concert CineEco2020_<\/p>\n<p><strong>DEPOIS DA TEMPESTADE _ PEDRO E OS LOBOS<\/strong><br \/>\n<strong>10th october\u00a0<\/strong>_ saturday _ 9:30pm<br \/>\nCasa Municipal da Cultura de Seia _ Cineteatro<\/p>\n<p class=\"rtejustify translation-block\">Published on 7 February, it is a disk that portrays the times we are living through and points the roads forward. <strong>After the Storm,<\/strong> the time is for togetherness, reconstruction, solidarity, time for us to be more humane and believe that the whole is greater than the sum of the parts. This is the message; this is the direction the disk points in.<br>\nDrawing musical inspiration from the great American classics, ranging from Bruce Springsteen, Bob Dylan, R.E.M. or Neil Young, this is a disk full of sonorous landscapes that take us on a journey to ample places, speaking of inspiring stories of normal everyday people, who are almost always forgotten.<br>\nThe heroes in this disk are the people who get up at the crack of dawn to face a life of arduous work in exchange for a miserable salary and who even so dream of a better life for themselves and for everybody. The victories and the defeats, the simple moments that turn into special ones, the friends, lovers and missed meetings, but above all the right to keep dreaming that this can be a better place.<br>\n<strong>\u201cAfter the Storm\u201d<\/strong> is a 100% organic disk of musical sharing, created in the garage and played live in the studio.<\/p>\n<p class=\"rtejustify\">\n<p>Nelson Correia - Vocals and Guitar<br \/>\nPedro Galhoz - Guitar<br \/>\nJo\u00e3o Monteiro - Bass<br \/>\nRui Freire - Drums<\/p>\n<p class=\"rtejustify\">Admission is free, but seats are marked. It is necessary to pick up a ticket in advance. Tickets can be picked up until show time at the ticket office of the Municipal House of Culture of Seia from 10am to 6pm, Monday to Friday.<\/p>\n\t\t\t<\/div> <!-- Close content div. -->\n\t\t<\/div> <!-- Close collapse div. -->\n\t<\/div> <!-- Close card div. -->\n\t\t<!-- Start accordion card div. -->\n\t<div class=\"ea-card  sp-ea-single\">\n\t\t<!-- Start accordion header. -->\n\t\t<h3 class=\"ea-header\">\n\t\t\t<!-- Add anchor tag for header. -->\n\t\t\t<a class=\"collapsed\" id=\"ea-header-32373\" data-sptoggle=\"spcollapse\" data-sptarget=\"#collapse32373\" aria-controls=\"collapse32373\" href=\"#\"  aria-expanded=\"false\" tabindex=\"0\">\n\t\t\t<i class=\"ea-expand-icon ea-icon-expand-plus\"><\/i> | PRESENTATION |\t\t\t<\/a> <!-- Close anchor tag for header. -->\n\t\t<\/h3>\t<!-- Close header tag. -->\n\t\t<!-- Start collapsible content div. -->\n\t\t<div class=\"sp-collapse spcollapse spcollapse\" id=\"collapse32373\" data-parent=\"#sp-ea-3237\" role=\"region\" aria-labelledby=\"ea-header-32373\">  <!-- Content div. -->\n\t\t\t<div class=\"ea-body\">\n\t\t\t<div class=\"eventos\">\n<p><strong>BOOK PRESENTATION \"PLASTICUS MARITIMUS, AN INVASIVE SPECIES\"<\/strong><\/p>\n<p><strong>14th october\u00a0<\/strong>_ wednesday _ 5pm<br \/>\nCasa Municipal da Cultura de Seia _ Auditorium<\/p>\n<p>By Ana P\u00eago (Author), Isabel Minh\u00f3s Martins (Author) and Bernardo P. Carvalho (Illustration).<\/p>\n<p class=\"rtejustify\">This book contains information about the relationship between plastic and the oceans. It also includes a guide to prepare trips to the beach, with the aim of collecting and analysing samples of this species. The Goal? To bring about change. The presentation includes micro cartoons based on the book\u2019s illustrations.<br \/>\nThe presentation includes \"micro cartoons\" made with fragments and plastic objects found on the beach.<\/p>\n<p>&nbsp;<\/p>\n<p><strong>17th october\u00a0<\/strong>_ saturday _ 5pm<br \/>\nCasa Municipal da Cultura de Seia _ Cineteatro<\/p>\n<p>Award Cerimony<\/p>\n<\/div>\n\t\t\t<\/div> <!-- Close content div. -->\n\t\t<\/div> <!-- Close collapse div. -->\n\t<\/div> <!-- Close card div. -->\n\t\t<!-- Start accordion card div. -->\n\t<div class=\"ea-card  sp-ea-single\">\n\t\t<!-- Start accordion header. -->\n\t\t<h3 class=\"ea-header\">\n\t\t\t<!-- Add anchor tag for header. -->\n\t\t\t<a class=\"collapsed\" id=\"ea-header-32374\" data-sptoggle=\"spcollapse\" data-sptarget=\"#collapse32374\" aria-controls=\"collapse32374\" href=\"#\"  aria-expanded=\"false\" tabindex=\"0\">\n\t\t\t<i class=\"ea-expand-icon ea-icon-expand-plus\"><\/i> | ECO TALK |\t\t\t<\/a> <!-- Close anchor tag for header. -->\n\t\t<\/h3>\t<!-- Close header tag. -->\n\t\t<!-- Start collapsible content div. -->\n\t\t<div class=\"sp-collapse spcollapse spcollapse\" id=\"collapse32374\" data-parent=\"#sp-ea-3237\" role=\"region\" aria-labelledby=\"ea-header-32374\">  <!-- Content div. -->\n\t\t\t<div class=\"ea-body\">\n\t\t\t<div class=\"eventos\">\n<p><strong>CINEMA FESTIVALS! WHAT NOW?<\/strong><\/p>\n<p><strong>11th october\u00a0<\/strong>_ sunday _ 5pm<br \/>\nCasa Municipal da Cultura de Seia _ Auditorium<\/p>\n<p class=\"rtejustify\">In this unexpected backdrop of the pandemic and with all the restrictions it entails to protect Public health, how can festivals organise themselves to continue being held? Furthermore, cinema festivals have gained an extra function in recent years, as an important factor in the fight against streaming. Although festivals see themselves as meeting points and places for dialogue, is the availability of online viewing eroding the essence of these events?<\/p>\n<p class=\"rtejustify\">\n<p><strong>Moderator<\/strong>: M\u00e1rio Branquinho, membro da dire\u00e7\u00e3o do CineEco<br \/>\n<strong>Speakers<\/strong>: Ilda Santiago, Diretora do Festival de Cinema do Rio (Brasil) e Fernando Vasquez, - Festival Novos Realizadores | Novo Cinema, Espinho.<\/p>\n<p class=\"rtejustify\">| Simultaneous transmission on the Festival\u2019s Facebook page. |<\/p>\n<p>&nbsp;<\/p>\n<p><strong>FILM COMMISSIONS - CINEMA AND TERRITORIES<\/strong><\/p>\n<p><strong>12th october\u00a0<\/strong>_ monday _ 5pm<br \/>\nCasa Municipal da Cultura de Seia _ Auditorium<\/p>\n<p class=\"rtejustify\">Film Commissions are entities that use natural landscapes as film sets to promote territories and bring finance to the regions. For the industry, the attraction lies in reduced production costs by avoiding the need to build artificial scenarios and greater realism afforded to the films. This filming, in addition to the economic benefits generated, are ideal opportunities to promote the natural features of a region.<\/p>\n<p class=\"rtejustify\">\n<p><strong>Moderator<\/strong>: Bruno Manique, Film Commission do Centro, CineEco<br \/>\n<strong>Oradores:<\/strong>\u00a0Jo\u00e3o Paulo Macedo, Bando \u00e0 Parte e Minho Film Commission e Manuel Claro, Portugal Film Commission.<\/p>\n<p class=\"rtejustify\">| Simultaneous transmission on the Festival\u2019s Facebook page. |<\/p>\n<p>&nbsp;<\/p>\n<p class=\" translation-block\"><strong>NEW TECHNOLOGIES AND ENVIRONMENTAL EDUCATION<\/strong><\/p>\n<p><strong>13th october\u00a0<\/strong>_ tuesday _ 5pm<br \/>\nCasa Municipal da Cultura de Seia _ Auditorium<\/p>\n<p class=\"rtejustify\">New technologies play an increasingly important role in the education of the young. Social Net-works, Images and Videos, Instant Messages, are part of the lexicon of today\u2019s youngsters. The pandemic has thrust us all into the digital world, with education having to embrace this new form of communicating and being with one another. Environmental Education is adapting to this brave new world too. What lies ahead?<\/p>\n<p class=\"rtejustify\">\n<p><strong>Moderator<\/strong>: Nuno Barros, Lipor<br \/>\n<strong>Speakers<\/strong>: Emanuel Monteiro, servi\u00e7o educativo LIPOR e Filipa Fernandes, Pavilh\u00e3o da \u00c1gua, Aquaporto (Porto)<\/p>\n<p class=\"rtejustify\">| Simultaneous transmission on the Festival\u2019s Facebook page. |<\/p>\n<p>&nbsp;<\/p>\n<p><strong>CINEMA WITH SCHOOLS AND NEW AUDIENCES<\/strong><\/p>\n<p><strong>15th october\u00a0<\/strong>_ thursday _ 5pm<br \/>\nCasa Municipal da Cultura de Seia _ Auditorium<\/p>\n<p class=\"rtejustify\">The educational facet of cinema helps to nurture an appreciation of cinematographic and audio-visual works and consequently fosters new audiences. In this background, the National Cinema Plan is a tool to promote cinema literacy among school children. Do the festivals also contribute to bringing cinema closer to the school communities?<\/p>\n<p class=\"rtejustify\">\n<p><strong>Moderator<\/strong>: R\u00faben Sevivas, UBI, CineEco<br \/>\n<strong>Speakers<\/strong>: Paulo Cunha, UBI e Curtas de Vila do Conde e Camilo Cavalcante, realizador de Pernambuco.<\/p>\n<p class=\"rtejustify\">| Simultaneous transmission on the Festival\u2019s Facebook page. |<\/p>\n<p>&nbsp;<\/p>\n<p><strong>CINEMA AND TELEVISION<\/strong><\/p>\n<p><strong>16th october\u00a0<\/strong>_ friday _ 5pm<br \/>\nCasa Municipal da Cultura de Seia _ Auditorium<\/p>\n<p class=\"rtejustify\">What is the best form of entertainment? Television or cinema? Can one replace the other? Given the pertinence of talking about the interconnections and differences in these areas, it is relevant to discuss how they are interrelated, beyond the viewers, to find new audiences.<\/p>\n<p class=\"rtejustify\">\n<p><strong>Moderator<\/strong>: Tiago Alves, jornalista, Cinemax RTP e Antena 1, CineEco<br \/>\n<strong>Speakers<\/strong>: Susanna Lira, cineasta brasileira\u00a0e Pandora da Cunha Telles, produtora Ukbar Filmes.<\/p>\n<p class=\"rtejustify\">| Simultaneous transmission on the Festival\u2019s Facebook page. |<\/p>\n<\/div>\n\t\t\t<\/div> <!-- Close content div. -->\n\t\t<\/div> <!-- Close collapse div. -->\n\t<\/div> <!-- Close card div. -->\n\t<\/div>\n<\/div>\n\n\n\n\n<div style=\"height:90px\" aria-hidden=\"true\" class=\"wp-block-spacer\"><\/div>","protected":false},"excerpt":{"rendered":"<p>ATIVIDADES PARALELAS 2020<\/p>","protected":false},"author":1,"featured_media":0,"parent":0,"menu_order":0,"comment_status":"closed","ping_status":"closed","template":"","meta":{"ocean_post_layout":"right-sidebar","ocean_both_sidebars_style":"","ocean_both_sidebars_content_width":0,"ocean_both_sidebars_sidebars_width":0,"ocean_sidebar":"","ocean_second_sidebar":"","ocean_disable_margins":"on","ocean_add_body_class":"","ocean_shortcode_before_top_bar":"","ocean_shortcode_after_top_bar":"","ocean_shortcode_before_header":"","ocean_shortcode_after_header":"","ocean_has_shortcode":"","ocean_shortcode_after_title":"","ocean_shortcode_before_footer_widgets":"","ocean_shortcode_after_footer_widgets":"","ocean_shortcode_before_footer_bottom":"","ocean_shortcode_after_footer_bottom":"","ocean_display_top_bar":"off","ocean_display_header":"on","ocean_header_style":"","ocean_center_header_left_menu":"","ocean_custom_header_template":"","ocean_custom_logo":0,"ocean_custom_retina_logo":0,"ocean_custom_logo_max_width":0,"ocean_custom_logo_tablet_max_width":0,"ocean_custom_logo_mobile_max_width":0,"ocean_custom_logo_max_height":0,"ocean_custom_logo_tablet_max_height":0,"ocean_custom_logo_mobile_max_height":0,"ocean_header_custom_menu":"6","ocean_menu_typo_font_family":"","ocean_menu_typo_font_subset":"","ocean_menu_typo_font_size":0,"ocean_menu_typo_font_size_tablet":0,"ocean_menu_typo_font_size_mobile":0,"ocean_menu_typo_font_size_unit":"px","ocean_menu_typo_font_weight":"","ocean_menu_typo_font_weight_tablet":"","ocean_menu_typo_font_weight_mobile":"","ocean_menu_typo_transform":"","ocean_menu_typo_transform_tablet":"","ocean_menu_typo_transform_mobile":"","ocean_menu_typo_line_height":0,"ocean_menu_typo_line_height_tablet":0,"ocean_menu_typo_line_height_mobile":0,"ocean_menu_typo_line_height_unit":"","ocean_menu_typo_spacing":0,"ocean_menu_typo_spacing_tablet":0,"ocean_menu_typo_spacing_mobile":0,"ocean_menu_typo_spacing_unit":"","ocean_menu_link_color":"","ocean_menu_link_color_hover":"","ocean_menu_link_color_active":"","ocean_menu_link_background":"","ocean_menu_link_hover_background":"","ocean_menu_link_active_background":"","ocean_menu_social_links_bg":"","ocean_menu_social_hover_links_bg":"","ocean_menu_social_links_color":"","ocean_menu_social_hover_links_color":"","ocean_disable_title":"on","ocean_disable_heading":"default","ocean_post_title":"","ocean_post_subheading":"","ocean_post_title_style":"","ocean_post_title_background_color":"","ocean_post_title_background":0,"ocean_post_title_bg_image_position":"","ocean_post_title_bg_image_attachment":"","ocean_post_title_bg_image_repeat":"","ocean_post_title_bg_image_size":"","ocean_post_title_height":0,"ocean_post_title_bg_overlay":0.5,"ocean_post_title_bg_overlay_color":"","ocean_disable_breadcrumbs":"default","ocean_breadcrumbs_color":"","ocean_breadcrumbs_separator_color":"","ocean_breadcrumbs_links_color":"","ocean_breadcrumbs_links_hover_color":"","ocean_display_footer_widgets":"default","ocean_display_footer_bottom":"default","ocean_custom_footer_template":"","footnotes":""},"class_list":["post-3240","page","type-page","status-publish","hentry","entry"],"_links":{"self":[{"href":"https:\/\/arquivo.cineeco.pt\/en\/wp-json\/wp\/v2\/pages\/3240","targetHints":{"allow":["GET"]}}],"collection":[{"href":"https:\/\/arquivo.cineeco.pt\/en\/wp-json\/wp\/v2\/pages"}],"about":[{"href":"https:\/\/arquivo.cineeco.pt\/en\/wp-json\/wp\/v2\/types\/page"}],"author":[{"embeddable":true,"href":"https:\/\/arquivo.cineeco.pt\/en\/wp-json\/wp\/v2\/users\/1"}],"replies":[{"embeddable":true,"href":"https:\/\/arquivo.cineeco.pt\/en\/wp-json\/wp\/v2\/comments?post=3240"}],"version-history":[{"count":4,"href":"https:\/\/arquivo.cineeco.pt\/en\/wp-json\/wp\/v2\/pages\/3240\/revisions"}],"predecessor-version":[{"id":3742,"href":"https:\/\/arquivo.cineeco.pt\/en\/wp-json\/wp\/v2\/pages\/3240\/revisions\/3742"}],"wp:attachment":[{"href":"https:\/\/arquivo.cineeco.pt\/en\/wp-json\/wp\/v2\/media?parent=3240"}],"curies":[{"name":"wp","href":"https:\/\/api.w.org\/{rel}","templated":true}]}}